{"id":9248,"date":"2024-03-05T17:02:16","date_gmt":"2024-03-05T16:02:16","guid":{"rendered":"https:\/\/www.nova-trojka.cz\/?page_id=9248"},"modified":"2026-03-29T21:36:17","modified_gmt":"2026-03-29T19:36:17","slug":"foto-roku-2023","status":"publish","type":"page","link":"https:\/\/www.nova-trojka.cz\/index.php\/galerie\/foto-roku-2023\/","title":{"rendered":"Foto roku 2023"},"content":{"rendered":"\n<div class=\"clearfix rara-row\"><div class=\"rara_column rara-span2\"><p style=\"text-align: center;\"><a href=\"https:\/\/www.nova-trojka.cz\/index.php\/vanocni-slavnost-3\/\"><img loading=\"lazy\" decoding=\"async\" class=\"alignnone size-medium wp-image-8892\" src=\"https:\/\/www.nova-trojka.cz\/wp-content\/uploads\/2023\/12\/587A0E30-24D3-4683-8213-1AB0E80DD9A2-300x200.jpeg\" alt=\"\" width=\"300\" height=\"200\" srcset=\"https:\/\/www.nova-trojka.cz\/wp-content\/uploads\/2023\/12\/587A0E30-24D3-4683-8213-1AB0E80DD9A2-300x200.jpeg 300w, https:\/\/www.nova-trojka.cz\/wp-content\/uploads\/2023\/12\/587A0E30-24D3-4683-8213-1AB0E80DD9A2-1024x683.jpeg 1024w, https:\/\/www.nova-trojka.cz\/wp-content\/uploads\/2023\/12\/587A0E30-24D3-4683-8213-1AB0E80DD9A2-768x512.jpeg 768w, https:\/\/www.nova-trojka.cz\/wp-content\/uploads\/2023\/12\/587A0E30-24D3-4683-8213-1AB0E80DD9A2-1536x1024.jpeg 1536w, https:\/\/www.nova-trojka.cz\/wp-content\/uploads\/2023\/12\/587A0E30-24D3-4683-8213-1AB0E80DD9A2-2048x1365.jpeg 2048w\" sizes=\"auto, (max-width: 300px) 100vw, 300px\" \/><\/a><strong><a href=\"https:\/\/www.nova-trojka.cz\/index.php\/vanocni-slavnost-3\/\">V\u00e1no\u010dn\u00ed slavnost<\/a><\/p>\n<p><\/strong><strong>\u00a0<\/strong><a href=\"https:\/\/www.nova-trojka.cz\/index.php\/martinska-svetylka-2\/\"><img loading=\"lazy\" decoding=\"async\" class=\"size-medium wp-image-8717 aligncenter\" src=\"https:\/\/www.nova-trojka.cz\/wp-content\/uploads\/2023\/11\/34B5C1C1-BBCE-4035-9064-342218FD8E68-300x200.jpeg\" alt=\"\" width=\"300\" height=\"200\" srcset=\"https:\/\/www.nova-trojka.cz\/wp-content\/uploads\/2023\/11\/34B5C1C1-BBCE-4035-9064-342218FD8E68-300x200.jpeg 300w, https:\/\/www.nova-trojka.cz\/wp-content\/uploads\/2023\/11\/34B5C1C1-BBCE-4035-9064-342218FD8E68-1024x683.jpeg 1024w, https:\/\/www.nova-trojka.cz\/wp-content\/uploads\/2023\/11\/34B5C1C1-BBCE-4035-9064-342218FD8E68-768x512.jpeg 768w, https:\/\/www.nova-trojka.cz\/wp-content\/uploads\/2023\/11\/34B5C1C1-BBCE-4035-9064-342218FD8E68-1536x1024.jpeg 1536w, https:\/\/www.nova-trojka.cz\/wp-content\/uploads\/2023\/11\/34B5C1C1-BBCE-4035-9064-342218FD8E68-2048x1365.jpeg 2048w\" sizes=\"auto, (max-width: 300px) 100vw, 300px\" \/><\/a><strong><a href=\"https:\/\/www.nova-trojka.cz\/index.php\/martinska-svetylka-2\/\">Martinsk\u00e1 sv\u011bt\u00fdlka<\/a><\/strong><\/p>\n<p style=\"text-align: center;\"><a href=\"https:\/\/www.nova-trojka.cz\/index.php\/zazit-zerotinku-jinak\/\"><img loading=\"lazy\" decoding=\"async\" class=\"size-medium wp-image-8549 aligncenter\" src=\"https:\/\/www.nova-trojka.cz\/wp-content\/uploads\/2023\/11\/7E37C1D8-4061-410E-88E2-12A0CE67E890-300x200.jpeg\" alt=\"\" width=\"300\" height=\"200\" srcset=\"https:\/\/www.nova-trojka.cz\/wp-content\/uploads\/2023\/11\/7E37C1D8-4061-410E-88E2-12A0CE67E890-300x200.jpeg 300w, https:\/\/www.nova-trojka.cz\/wp-content\/uploads\/2023\/11\/7E37C1D8-4061-410E-88E2-12A0CE67E890-1024x683.jpeg 1024w, https:\/\/www.nova-trojka.cz\/wp-content\/uploads\/2023\/11\/7E37C1D8-4061-410E-88E2-12A0CE67E890-768x512.jpeg 768w, https:\/\/www.nova-trojka.cz\/wp-content\/uploads\/2023\/11\/7E37C1D8-4061-410E-88E2-12A0CE67E890-1536x1024.jpeg 1536w, https:\/\/www.nova-trojka.cz\/wp-content\/uploads\/2023\/11\/7E37C1D8-4061-410E-88E2-12A0CE67E890-2048x1365.jpeg 2048w\" sizes=\"auto, (max-width: 300px) 100vw, 300px\" \/><\/a><strong><a href=\"https:\/\/www.nova-trojka.cz\/index.php\/zazit-zerotinku-jinak\/\">Za\u017e\u00edt \u017derot\u00ednku jinak<\/a><\/strong><\/p>\n<p style=\"text-align: center;\"><a href=\"https:\/\/www.nova-trojka.cz\/index.php\/vylet-s-dobrovolnicemi-do-kolina\/\"><img loading=\"lazy\" decoding=\"async\" class=\"size-medium wp-image-8190 aligncenter\" src=\"https:\/\/www.nova-trojka.cz\/wp-content\/uploads\/2023\/05\/C89C605D-97D9-4B77-9C66-1827AE0F7C2A-300x200.jpeg\" alt=\"\" width=\"300\" height=\"200\" srcset=\"https:\/\/www.nova-trojka.cz\/wp-content\/uploads\/2023\/05\/C89C605D-97D9-4B77-9C66-1827AE0F7C2A-300x200.jpeg 300w, https:\/\/www.nova-trojka.cz\/wp-content\/uploads\/2023\/05\/C89C605D-97D9-4B77-9C66-1827AE0F7C2A-1024x683.jpeg 1024w, https:\/\/www.nova-trojka.cz\/wp-content\/uploads\/2023\/05\/C89C605D-97D9-4B77-9C66-1827AE0F7C2A-768x512.jpeg 768w, https:\/\/www.nova-trojka.cz\/wp-content\/uploads\/2023\/05\/C89C605D-97D9-4B77-9C66-1827AE0F7C2A-1536x1024.jpeg 1536w, https:\/\/www.nova-trojka.cz\/wp-content\/uploads\/2023\/05\/C89C605D-97D9-4B77-9C66-1827AE0F7C2A-2048x1365.jpeg 2048w\" sizes=\"auto, (max-width: 300px) 100vw, 300px\" \/><\/a><a href=\"https:\/\/www.nova-trojka.cz\/index.php\/vylet-s-dobrovolnicemi-do-kolina\/\"><strong>V\u00fdlet s dobrovolnicemi do Kol\u00edna<\/strong><\/a><\/p>\n<p style=\"text-align: center;\"><a href=\"https:\/\/www.nova-trojka.cz\/index.php\/karneval-2\/\"><strong><span style=\"font-size: inherit;\"><img loading=\"lazy\" decoding=\"async\" class=\"alignnone size-medium wp-image-7855\" src=\"https:\/\/www.nova-trojka.cz\/wp-content\/uploads\/2023\/02\/IMG_2754-kopie-300x200.jpg\" alt=\"\" width=\"300\" height=\"200\" srcset=\"https:\/\/www.nova-trojka.cz\/wp-content\/uploads\/2023\/02\/IMG_2754-kopie-300x200.jpg 300w, https:\/\/www.nova-trojka.cz\/wp-content\/uploads\/2023\/02\/IMG_2754-kopie-1024x683.jpg 1024w, https:\/\/www.nova-trojka.cz\/wp-content\/uploads\/2023\/02\/IMG_2754-kopie-768x512.jpg 768w, https:\/\/www.nova-trojka.cz\/wp-content\/uploads\/2023\/02\/IMG_2754-kopie-1536x1024.jpg 1536w, https:\/\/www.nova-trojka.cz\/wp-content\/uploads\/2023\/02\/IMG_2754-kopie-2048x1365.jpg 2048w\" sizes=\"auto, (max-width: 300px) 100vw, 300px\" \/><\/span><\/strong><\/a><a href=\"https:\/\/www.nova-trojka.cz\/index.php\/karneval-2\/\"><strong><span style=\"font-size: inherit;\">Karneval<\/span><\/strong><\/a><\/p>\n<p style=\"text-align: center;\"><a href=\"https:\/\/www.nova-trojka.cz\/index.php\/trikralova-batolatka\/\"><img loading=\"lazy\" decoding=\"async\" class=\"alignnone size-medium wp-image-7716\" src=\"https:\/\/www.nova-trojka.cz\/wp-content\/uploads\/2023\/01\/20230104_102720-300x225.jpg\" alt=\"\" width=\"300\" height=\"225\" srcset=\"https:\/\/www.nova-trojka.cz\/wp-content\/uploads\/2023\/01\/20230104_102720-300x225.jpg 300w, https:\/\/www.nova-trojka.cz\/wp-content\/uploads\/2023\/01\/20230104_102720-1024x768.jpg 1024w, https:\/\/www.nova-trojka.cz\/wp-content\/uploads\/2023\/01\/20230104_102720-768x576.jpg 768w, https:\/\/www.nova-trojka.cz\/wp-content\/uploads\/2023\/01\/20230104_102720-1536x1152.jpg 1536w, https:\/\/www.nova-trojka.cz\/wp-content\/uploads\/2023\/01\/20230104_102720-2048x1536.jpg 2048w\" sizes=\"auto, (max-width: 300px) 100vw, 300px\" \/><\/a><a href=\"https:\/\/www.nova-trojka.cz\/index.php\/trikralova-batolatka\/\"><strong>T\u0159\u00edkr\u00e1lov\u00e1 Batol\u00e1tka<\/strong><\/a><\/p>\n<p style=\"text-align: center;\"><\/div><div class=\"rara_column rara-span2\"><p style=\"text-align: center;\"><img loading=\"lazy\" decoding=\"async\" class=\"alignnone size-medium wp-image-8772\" src=\"https:\/\/www.nova-trojka.cz\/wp-content\/uploads\/2023\/11\/F1571ED9-C728-4781-88BC-AAB2A41D98F1-300x200.jpeg\" alt=\"\" width=\"300\" height=\"200\" srcset=\"https:\/\/www.nova-trojka.cz\/wp-content\/uploads\/2023\/11\/F1571ED9-C728-4781-88BC-AAB2A41D98F1-300x200.jpeg 300w, https:\/\/www.nova-trojka.cz\/wp-content\/uploads\/2023\/11\/F1571ED9-C728-4781-88BC-AAB2A41D98F1-1024x683.jpeg 1024w, https:\/\/www.nova-trojka.cz\/wp-content\/uploads\/2023\/11\/F1571ED9-C728-4781-88BC-AAB2A41D98F1-768x512.jpeg 768w, https:\/\/www.nova-trojka.cz\/wp-content\/uploads\/2023\/11\/F1571ED9-C728-4781-88BC-AAB2A41D98F1-1536x1024.jpeg 1536w, https:\/\/www.nova-trojka.cz\/wp-content\/uploads\/2023\/11\/F1571ED9-C728-4781-88BC-AAB2A41D98F1-2048x1365.jpeg 2048w\" sizes=\"auto, (max-width: 300px) 100vw, 300px\" \/><strong><a href=\"https:\/\/www.nova-trojka.cz\/index.php\/adventni-vence-2\/\">Adventn\u00ed v\u011bnce<\/a><\/strong><\/p>\n<p style=\"text-align: center;\"><a href=\"https:\/\/www.nova-trojka.cz\/index.php\/podzimni-burza\/\"><img loading=\"lazy\" decoding=\"async\" class=\"size-medium wp-image-8638 aligncenter\" src=\"https:\/\/www.nova-trojka.cz\/wp-content\/uploads\/2023\/11\/71A669BC-976C-4ADB-BCF9-8C327F6C4E7D-300x200.jpeg\" alt=\"\" width=\"300\" height=\"200\" srcset=\"https:\/\/www.nova-trojka.cz\/wp-content\/uploads\/2023\/11\/71A669BC-976C-4ADB-BCF9-8C327F6C4E7D-300x200.jpeg 300w, https:\/\/www.nova-trojka.cz\/wp-content\/uploads\/2023\/11\/71A669BC-976C-4ADB-BCF9-8C327F6C4E7D-1024x683.jpeg 1024w, https:\/\/www.nova-trojka.cz\/wp-content\/uploads\/2023\/11\/71A669BC-976C-4ADB-BCF9-8C327F6C4E7D-768x512.jpeg 768w, https:\/\/www.nova-trojka.cz\/wp-content\/uploads\/2023\/11\/71A669BC-976C-4ADB-BCF9-8C327F6C4E7D-1536x1024.jpeg 1536w, https:\/\/www.nova-trojka.cz\/wp-content\/uploads\/2023\/11\/71A669BC-976C-4ADB-BCF9-8C327F6C4E7D-2048x1365.jpeg 2048w\" sizes=\"auto, (max-width: 300px) 100vw, 300px\" \/><\/a><strong><a href=\"https:\/\/www.nova-trojka.cz\/index.php\/podzimni-burza\/\">Podzimn\u00ed dobro\u010dinn\u00e1 burza<\/a><\/strong><\/p>\n<p style=\"text-align: center;\"><a href=\"https:\/\/www.nova-trojka.cz\/index.php\/carodejnice-v-ic-zahrada\/\"><img loading=\"lazy\" decoding=\"async\" class=\"alignnone size-medium wp-image-8099\" src=\"https:\/\/www.nova-trojka.cz\/wp-content\/uploads\/2023\/05\/5870D88C-52CF-4520-8C3B-031CBADDEAE1-300x200.jpeg\" alt=\"\" width=\"300\" height=\"200\" srcset=\"https:\/\/www.nova-trojka.cz\/wp-content\/uploads\/2023\/05\/5870D88C-52CF-4520-8C3B-031CBADDEAE1-300x200.jpeg 300w, https:\/\/www.nova-trojka.cz\/wp-content\/uploads\/2023\/05\/5870D88C-52CF-4520-8C3B-031CBADDEAE1-1024x683.jpeg 1024w, https:\/\/www.nova-trojka.cz\/wp-content\/uploads\/2023\/05\/5870D88C-52CF-4520-8C3B-031CBADDEAE1-768x512.jpeg 768w, https:\/\/www.nova-trojka.cz\/wp-content\/uploads\/2023\/05\/5870D88C-52CF-4520-8C3B-031CBADDEAE1-1536x1024.jpeg 1536w, https:\/\/www.nova-trojka.cz\/wp-content\/uploads\/2023\/05\/5870D88C-52CF-4520-8C3B-031CBADDEAE1-2048x1365.jpeg 2048w\" sizes=\"auto, (max-width: 300px) 100vw, 300px\" \/><\/a><strong><a href=\"https:\/\/www.nova-trojka.cz\/index.php\/carodejnice-v-ic-zahrada\/\">\u010carod\u011bjnice aneb Hod ko\u0161t\u011btem<\/a><\/strong><\/p>\n<p style=\"text-align: center;\"><a href=\"https:\/\/www.nova-trojka.cz\/index.php\/jarni-burza\/\"><img loading=\"lazy\" decoding=\"async\" class=\"alignnone size-medium wp-image-8030\" src=\"https:\/\/www.nova-trojka.cz\/wp-content\/uploads\/2023\/04\/5CB56D70-CFB3-4302-92BF-F1A186A05B31-300x200.jpeg\" alt=\"\" width=\"300\" height=\"200\" srcset=\"https:\/\/www.nova-trojka.cz\/wp-content\/uploads\/2023\/04\/5CB56D70-CFB3-4302-92BF-F1A186A05B31-300x200.jpeg 300w, https:\/\/www.nova-trojka.cz\/wp-content\/uploads\/2023\/04\/5CB56D70-CFB3-4302-92BF-F1A186A05B31-1024x683.jpeg 1024w, https:\/\/www.nova-trojka.cz\/wp-content\/uploads\/2023\/04\/5CB56D70-CFB3-4302-92BF-F1A186A05B31-768x512.jpeg 768w, https:\/\/www.nova-trojka.cz\/wp-content\/uploads\/2023\/04\/5CB56D70-CFB3-4302-92BF-F1A186A05B31-1536x1024.jpeg 1536w, https:\/\/www.nova-trojka.cz\/wp-content\/uploads\/2023\/04\/5CB56D70-CFB3-4302-92BF-F1A186A05B31-2048x1365.jpeg 2048w\" sizes=\"auto, (max-width: 300px) 100vw, 300px\" \/><\/a><strong><a href=\"https:\/\/www.nova-trojka.cz\/index.php\/jarni-burza-2023\/\">Jarn\u00ed dobro\u010dinn\u00e1 burza<\/a><\/strong><\/p>\n<p style=\"text-align: center;\"><a href=\"https:\/\/www.nova-trojka.cz\/index.php\/galerie\/novorocni-vecirek-pro-dobrovolniky\/\"><img loading=\"lazy\" decoding=\"async\" class=\"alignnone size-medium wp-image-7727 aligncenter\" src=\"https:\/\/www.nova-trojka.cz\/wp-content\/uploads\/2023\/01\/324379267_1542417936181892_712347585702168229_n-225x300.jpg\" alt=\"\" width=\"225\" height=\"300\" srcset=\"https:\/\/www.nova-trojka.cz\/wp-content\/uploads\/2023\/01\/324379267_1542417936181892_712347585702168229_n-225x300.jpg 225w, https:\/\/www.nova-trojka.cz\/wp-content\/uploads\/2023\/01\/324379267_1542417936181892_712347585702168229_n.jpg 750w\" sizes=\"auto, (max-width: 225px) 100vw, 225px\" \/><\/a><a href=\"https:\/\/www.nova-trojka.cz\/index.php\/galerie\/novorocni-vecirek-pro-dobrovolniky\/\"><strong>Novoro\u010dn\u00ed ve\u010d\u00edrek pro dobrovoln\u00edky<\/strong><\/a><\/p><\/div><div class=\"rara_column rara-span2\"><p style=\"text-align: center;\"><a href=\"https:\/\/www.nova-trojka.cz\/index.php\/mikulas-3\/\"><img loading=\"lazy\" decoding=\"async\" class=\"alignnone size-medium wp-image-8798\" src=\"https:\/\/www.nova-trojka.cz\/wp-content\/uploads\/2023\/12\/4F343C7F-45A5-4657-9864-6DE68AD286DE-300x200.jpeg\" alt=\"\" width=\"300\" height=\"200\" srcset=\"https:\/\/www.nova-trojka.cz\/wp-content\/uploads\/2023\/12\/4F343C7F-45A5-4657-9864-6DE68AD286DE-300x200.jpeg 300w, https:\/\/www.nova-trojka.cz\/wp-content\/uploads\/2023\/12\/4F343C7F-45A5-4657-9864-6DE68AD286DE-1024x683.jpeg 1024w, https:\/\/www.nova-trojka.cz\/wp-content\/uploads\/2023\/12\/4F343C7F-45A5-4657-9864-6DE68AD286DE-768x512.jpeg 768w, https:\/\/www.nova-trojka.cz\/wp-content\/uploads\/2023\/12\/4F343C7F-45A5-4657-9864-6DE68AD286DE-1536x1024.jpeg 1536w, https:\/\/www.nova-trojka.cz\/wp-content\/uploads\/2023\/12\/4F343C7F-45A5-4657-9864-6DE68AD286DE-2048x1365.jpeg 2048w\" sizes=\"auto, (max-width: 300px) 100vw, 300px\" \/><\/a><strong><a href=\"https:\/\/www.nova-trojka.cz\/index.php\/mikulas-3\/\">Mikul\u00e1\u0161<\/a><\/strong><\/p>\n<p style=\"text-align: center;\"><a href=\"https:\/\/www.nova-trojka.cz\/index.php\/bojovka-se-skritky-na-vitkove\/\"><img loading=\"lazy\" decoding=\"async\" class=\"size-medium wp-image-8585 aligncenter\" src=\"https:\/\/www.nova-trojka.cz\/wp-content\/uploads\/2023\/11\/CF54E81E-FC37-45DE-8526-E489C776AC2C-300x200.jpeg\" alt=\"\" width=\"300\" height=\"200\" srcset=\"https:\/\/www.nova-trojka.cz\/wp-content\/uploads\/2023\/11\/CF54E81E-FC37-45DE-8526-E489C776AC2C-300x200.jpeg 300w, https:\/\/www.nova-trojka.cz\/wp-content\/uploads\/2023\/11\/CF54E81E-FC37-45DE-8526-E489C776AC2C-1024x683.jpeg 1024w, https:\/\/www.nova-trojka.cz\/wp-content\/uploads\/2023\/11\/CF54E81E-FC37-45DE-8526-E489C776AC2C-768x512.jpeg 768w, https:\/\/www.nova-trojka.cz\/wp-content\/uploads\/2023\/11\/CF54E81E-FC37-45DE-8526-E489C776AC2C-1536x1024.jpeg 1536w, https:\/\/www.nova-trojka.cz\/wp-content\/uploads\/2023\/11\/CF54E81E-FC37-45DE-8526-E489C776AC2C-2048x1365.jpeg 2048w\" sizes=\"auto, (max-width: 300px) 100vw, 300px\" \/><\/a><strong><a href=\"https:\/\/www.nova-trojka.cz\/index.php\/bojovka-se-skritky-na-vitkove\/\">Bojovka<\/a><\/strong><\/p>\n<figure id=\"attachment_8318\" aria-describedby=\"caption-attachment-8318\" style=\"width: 300px\" class=\"wp-caption aligncenter\"><a href=\"https:\/\/www.nova-trojka.cz\/index.php\/nova-trojka-slavi-20-let\/\"><img loading=\"lazy\" decoding=\"async\" class=\"size-medium wp-image-8318\" src=\"https:\/\/www.nova-trojka.cz\/wp-content\/uploads\/2023\/06\/83358B9A-6F7E-4DE3-BF06-E70A41E99D94-300x200.jpeg\" alt=\"\" width=\"300\" height=\"200\" srcset=\"https:\/\/www.nova-trojka.cz\/wp-content\/uploads\/2023\/06\/83358B9A-6F7E-4DE3-BF06-E70A41E99D94-300x200.jpeg 300w, https:\/\/www.nova-trojka.cz\/wp-content\/uploads\/2023\/06\/83358B9A-6F7E-4DE3-BF06-E70A41E99D94-1024x683.jpeg 1024w, https:\/\/www.nova-trojka.cz\/wp-content\/uploads\/2023\/06\/83358B9A-6F7E-4DE3-BF06-E70A41E99D94-768x512.jpeg 768w, https:\/\/www.nova-trojka.cz\/wp-content\/uploads\/2023\/06\/83358B9A-6F7E-4DE3-BF06-E70A41E99D94-1536x1024.jpeg 1536w, https:\/\/www.nova-trojka.cz\/wp-content\/uploads\/2023\/06\/83358B9A-6F7E-4DE3-BF06-E70A41E99D94-2048x1365.jpeg 2048w\" sizes=\"auto, (max-width: 300px) 100vw, 300px\" \/><\/a><figcaption id=\"caption-attachment-8318\" class=\"wp-caption-text\"><strong><a href=\"https:\/\/www.nova-trojka.cz\/index.php\/nova-trojka-slavi-20-let\/\">20. narozeniny Nov\u00e9 Trojky<\/a><\/strong><\/figcaption><\/figure>\n<p style=\"text-align: center;\"><a href=\"https:\/\/www.nova-trojka.cz\/index.php\/velikonocni-dilny-aneb-vejce-na-uteku\/\"><img loading=\"lazy\" decoding=\"async\" class=\"size-medium wp-image-7966 aligncenter\" src=\"https:\/\/www.nova-trojka.cz\/wp-content\/uploads\/2023\/04\/421EC991-BCF2-4CFE-9FDE-D3EAF9E5BDEF-200x300.jpeg\" alt=\"\" width=\"200\" height=\"300\" srcset=\"https:\/\/www.nova-trojka.cz\/wp-content\/uploads\/2023\/04\/421EC991-BCF2-4CFE-9FDE-D3EAF9E5BDEF-200x300.jpeg 200w, https:\/\/www.nova-trojka.cz\/wp-content\/uploads\/2023\/04\/421EC991-BCF2-4CFE-9FDE-D3EAF9E5BDEF-683x1024.jpeg 683w, https:\/\/www.nova-trojka.cz\/wp-content\/uploads\/2023\/04\/421EC991-BCF2-4CFE-9FDE-D3EAF9E5BDEF-768x1152.jpeg 768w, https:\/\/www.nova-trojka.cz\/wp-content\/uploads\/2023\/04\/421EC991-BCF2-4CFE-9FDE-D3EAF9E5BDEF-1024x1536.jpeg 1024w, https:\/\/www.nova-trojka.cz\/wp-content\/uploads\/2023\/04\/421EC991-BCF2-4CFE-9FDE-D3EAF9E5BDEF-1365x2048.jpeg 1365w, https:\/\/www.nova-trojka.cz\/wp-content\/uploads\/2023\/04\/421EC991-BCF2-4CFE-9FDE-D3EAF9E5BDEF.jpeg 1536w\" sizes=\"auto, (max-width: 200px) 100vw, 200px\" \/><\/a><strong><a href=\"https:\/\/www.nova-trojka.cz\/index.php\/velikonocni-dilny-aneb-vejce-na-uteku\/\">Velikono\u010dn\u00ed d\u00edlny aneb Vejce na \u00fat\u011bku<\/a><\/strong><\/p>\n<p style=\"text-align: center;\"><a href=\"https:\/\/www.nova-trojka.cz\/index.php\/koncert-hudebnich-kurzu\/\"><img loading=\"lazy\" decoding=\"async\" class=\"alignnone size-medium wp-image-7755 aligncenter\" src=\"https:\/\/www.nova-trojka.cz\/wp-content\/uploads\/2023\/01\/IMG_9329-300x225.jpg\" alt=\"\" width=\"300\" height=\"225\" srcset=\"https:\/\/www.nova-trojka.cz\/wp-content\/uploads\/2023\/01\/IMG_9329-300x225.jpg 300w, https:\/\/www.nova-trojka.cz\/wp-content\/uploads\/2023\/01\/IMG_9329-1024x768.jpg 1024w, https:\/\/www.nova-trojka.cz\/wp-content\/uploads\/2023\/01\/IMG_9329-768x576.jpg 768w, https:\/\/www.nova-trojka.cz\/wp-content\/uploads\/2023\/01\/IMG_9329-1536x1152.jpg 1536w, https:\/\/www.nova-trojka.cz\/wp-content\/uploads\/2023\/01\/IMG_9329-2048x1536.jpg 2048w\" sizes=\"auto, (max-width: 300px) 100vw, 300px\" \/><strong>Koncert hudebn\u00edch kurz\u016f<\/strong><\/a><\/p><\/div><\/div>\n","protected":false},"excerpt":{"rendered":"","protected":false},"author":1,"featured_media":0,"parent":696,"menu_order":0,"comment_status":"closed","ping_status":"closed","template":"","meta":{"footnotes":""},"class_list":["post-9248","page","type-page","status-publish","hentry","latest_post"],"yoast_head":"<!-- This site is optimized with the Yoast SEO plugin v27.5 - https:\/\/yoast.com\/product\/yoast-seo-wordpress\/ -->\n<title>Foto roku 2023 - Rodinn\u00e9 centrum Nov\u00e1 Trojka<\/title>\n<meta name=\"robots\" content=\"index, follow, max-snippet:-1, max-image-preview:large, max-video-preview:-1\" \/>\n<link rel=\"canonical\" href=\"https:\/\/www.nova-trojka.cz\/index.php\/galerie\/foto-roku-2023\/\" \/>\n<meta property=\"og:locale\" content=\"cs_CZ\" \/>\n<meta property=\"og:type\" content=\"article\" \/>\n<meta property=\"og:title\" content=\"Foto roku 2023 - Rodinn\u00e9 centrum Nov\u00e1 Trojka\" \/>\n<meta property=\"og:url\" content=\"https:\/\/www.nova-trojka.cz\/index.php\/galerie\/foto-roku-2023\/\" \/>\n<meta property=\"og:site_name\" content=\"Rodinn\u00e9 centrum Nov\u00e1 Trojka\" \/>\n<meta property=\"article:publisher\" content=\"https:\/\/www.facebook.com\/novatrojka\/\" \/>\n<meta property=\"article:modified_time\" content=\"2026-03-29T19:36:17+00:00\" \/>\n<meta property=\"og:image\" content=\"http:\/\/www.nova-trojka.cz\/wp-content\/uploads\/2023\/12\/587A0E30-24D3-4683-8213-1AB0E80DD9A2-300x200.jpeg\" \/>\n<meta name=\"twitter:card\" content=\"summary_large_image\" \/>\n<meta name=\"twitter:label1\" content=\"Odhadovan\u00e1 doba \u010dten\u00ed\" \/>\n\t<meta name=\"twitter:data1\" content=\"4 minuty\" \/>\n<script type=\"application\/ld+json\" class=\"yoast-schema-graph\">{\"@context\":\"https:\\\/\\\/schema.org\",\"@graph\":[{\"@type\":\"WebPage\",\"@id\":\"https:\\\/\\\/www.nova-trojka.cz\\\/index.php\\\/galerie\\\/foto-roku-2023\\\/\",\"url\":\"https:\\\/\\\/www.nova-trojka.cz\\\/index.php\\\/galerie\\\/foto-roku-2023\\\/\",\"name\":\"Foto roku 2023 - Rodinn\u00e9 centrum Nov\u00e1 Trojka\",\"isPartOf\":{\"@id\":\"https:\\\/\\\/www.nova-trojka.cz\\\/#website\"},\"primaryImageOfPage\":{\"@id\":\"https:\\\/\\\/www.nova-trojka.cz\\\/index.php\\\/galerie\\\/foto-roku-2023\\\/#primaryimage\"},\"image\":{\"@id\":\"https:\\\/\\\/www.nova-trojka.cz\\\/index.php\\\/galerie\\\/foto-roku-2023\\\/#primaryimage\"},\"thumbnailUrl\":\"http:\\\/\\\/www.nova-trojka.cz\\\/wp-content\\\/uploads\\\/2023\\\/12\\\/587A0E30-24D3-4683-8213-1AB0E80DD9A2-300x200.jpeg\",\"datePublished\":\"2024-03-05T16:02:16+00:00\",\"dateModified\":\"2026-03-29T19:36:17+00:00\",\"breadcrumb\":{\"@id\":\"https:\\\/\\\/www.nova-trojka.cz\\\/index.php\\\/galerie\\\/foto-roku-2023\\\/#breadcrumb\"},\"inLanguage\":\"cs\",\"potentialAction\":[{\"@type\":\"ReadAction\",\"target\":[\"https:\\\/\\\/www.nova-trojka.cz\\\/index.php\\\/galerie\\\/foto-roku-2023\\\/\"]}]},{\"@type\":\"ImageObject\",\"inLanguage\":\"cs\",\"@id\":\"https:\\\/\\\/www.nova-trojka.cz\\\/index.php\\\/galerie\\\/foto-roku-2023\\\/#primaryimage\",\"url\":\"http:\\\/\\\/www.nova-trojka.cz\\\/wp-content\\\/uploads\\\/2023\\\/12\\\/587A0E30-24D3-4683-8213-1AB0E80DD9A2-300x200.jpeg\",\"contentUrl\":\"http:\\\/\\\/www.nova-trojka.cz\\\/wp-content\\\/uploads\\\/2023\\\/12\\\/587A0E30-24D3-4683-8213-1AB0E80DD9A2-300x200.jpeg\"},{\"@type\":\"BreadcrumbList\",\"@id\":\"https:\\\/\\\/www.nova-trojka.cz\\\/index.php\\\/galerie\\\/foto-roku-2023\\\/#breadcrumb\",\"itemListElement\":[{\"@type\":\"ListItem\",\"position\":1,\"name\":\"Dom\u016f\",\"item\":\"https:\\\/\\\/www.nova-trojka.cz\\\/\"},{\"@type\":\"ListItem\",\"position\":2,\"name\":\"Galerie\",\"item\":\"https:\\\/\\\/www.nova-trojka.cz\\\/index.php\\\/galerie\\\/\"},{\"@type\":\"ListItem\",\"position\":3,\"name\":\"Foto roku 2023\"}]},{\"@type\":\"WebSite\",\"@id\":\"https:\\\/\\\/www.nova-trojka.cz\\\/#website\",\"url\":\"https:\\\/\\\/www.nova-trojka.cz\\\/\",\"name\":\"Nov\u00e1 Trojka\",\"description\":\"Rodinn\u00e9 a kulturn\u00ed centrum Nov\u00e1 Trojka nab\u00edz\u00ed p\u0159\u00e1telsk\u00fd, bezpe\u010dn\u00fd a inspirativn\u00ed prostor pro celou rodinu.\",\"publisher\":{\"@id\":\"https:\\\/\\\/www.nova-trojka.cz\\\/#organization\"},\"potentialAction\":[{\"@type\":\"SearchAction\",\"target\":{\"@type\":\"EntryPoint\",\"urlTemplate\":\"https:\\\/\\\/www.nova-trojka.cz\\\/?s={search_term_string}\"},\"query-input\":{\"@type\":\"PropertyValueSpecification\",\"valueRequired\":true,\"valueName\":\"search_term_string\"}}],\"inLanguage\":\"cs\"},{\"@type\":\"Organization\",\"@id\":\"https:\\\/\\\/www.nova-trojka.cz\\\/#organization\",\"name\":\"NOV\u00c1 TROJKA, z.s.\",\"url\":\"https:\\\/\\\/www.nova-trojka.cz\\\/\",\"logo\":{\"@type\":\"ImageObject\",\"inLanguage\":\"cs\",\"@id\":\"https:\\\/\\\/www.nova-trojka.cz\\\/#\\\/schema\\\/logo\\\/image\\\/\",\"url\":\"https:\\\/\\\/www.nova-trojka.cz\\\/wp-content\\\/uploads\\\/2019\\\/05\\\/logotypN3.png\",\"contentUrl\":\"https:\\\/\\\/www.nova-trojka.cz\\\/wp-content\\\/uploads\\\/2019\\\/05\\\/logotypN3.png\",\"width\":640,\"height\":480,\"caption\":\"NOV\u00c1 TROJKA, z.s.\"},\"image\":{\"@id\":\"https:\\\/\\\/www.nova-trojka.cz\\\/#\\\/schema\\\/logo\\\/image\\\/\"},\"sameAs\":[\"https:\\\/\\\/www.facebook.com\\\/novatrojka\\\/\",\"https:\\\/\\\/www.instagram.com\\\/novatrojka\\\/\"]}]}<\/script>\n<!-- \/ Yoast SEO plugin. -->","yoast_head_json":{"title":"Foto roku 2023 - Rodinn\u00e9 centrum Nov\u00e1 Trojka","robots":{"index":"index","follow":"follow","max-snippet":"max-snippet:-1","max-image-preview":"max-image-preview:large","max-video-preview":"max-video-preview:-1"},"canonical":"https:\/\/www.nova-trojka.cz\/index.php\/galerie\/foto-roku-2023\/","og_locale":"cs_CZ","og_type":"article","og_title":"Foto roku 2023 - Rodinn\u00e9 centrum Nov\u00e1 Trojka","og_url":"https:\/\/www.nova-trojka.cz\/index.php\/galerie\/foto-roku-2023\/","og_site_name":"Rodinn\u00e9 centrum Nov\u00e1 Trojka","article_publisher":"https:\/\/www.facebook.com\/novatrojka\/","article_modified_time":"2026-03-29T19:36:17+00:00","og_image":[{"url":"http:\/\/www.nova-trojka.cz\/wp-content\/uploads\/2023\/12\/587A0E30-24D3-4683-8213-1AB0E80DD9A2-300x200.jpeg","type":"","width":"","height":""}],"twitter_card":"summary_large_image","twitter_misc":{"Odhadovan\u00e1 doba \u010dten\u00ed":"4 minuty"},"schema":{"@context":"https:\/\/schema.org","@graph":[{"@type":"WebPage","@id":"https:\/\/www.nova-trojka.cz\/index.php\/galerie\/foto-roku-2023\/","url":"https:\/\/www.nova-trojka.cz\/index.php\/galerie\/foto-roku-2023\/","name":"Foto roku 2023 - Rodinn\u00e9 centrum Nov\u00e1 Trojka","isPartOf":{"@id":"https:\/\/www.nova-trojka.cz\/#website"},"primaryImageOfPage":{"@id":"https:\/\/www.nova-trojka.cz\/index.php\/galerie\/foto-roku-2023\/#primaryimage"},"image":{"@id":"https:\/\/www.nova-trojka.cz\/index.php\/galerie\/foto-roku-2023\/#primaryimage"},"thumbnailUrl":"http:\/\/www.nova-trojka.cz\/wp-content\/uploads\/2023\/12\/587A0E30-24D3-4683-8213-1AB0E80DD9A2-300x200.jpeg","datePublished":"2024-03-05T16:02:16+00:00","dateModified":"2026-03-29T19:36:17+00:00","breadcrumb":{"@id":"https:\/\/www.nova-trojka.cz\/index.php\/galerie\/foto-roku-2023\/#breadcrumb"},"inLanguage":"cs","potentialAction":[{"@type":"ReadAction","target":["https:\/\/www.nova-trojka.cz\/index.php\/galerie\/foto-roku-2023\/"]}]},{"@type":"ImageObject","inLanguage":"cs","@id":"https:\/\/www.nova-trojka.cz\/index.php\/galerie\/foto-roku-2023\/#primaryimage","url":"http:\/\/www.nova-trojka.cz\/wp-content\/uploads\/2023\/12\/587A0E30-24D3-4683-8213-1AB0E80DD9A2-300x200.jpeg","contentUrl":"http:\/\/www.nova-trojka.cz\/wp-content\/uploads\/2023\/12\/587A0E30-24D3-4683-8213-1AB0E80DD9A2-300x200.jpeg"},{"@type":"BreadcrumbList","@id":"https:\/\/www.nova-trojka.cz\/index.php\/galerie\/foto-roku-2023\/#breadcrumb","itemListElement":[{"@type":"ListItem","position":1,"name":"Dom\u016f","item":"https:\/\/www.nova-trojka.cz\/"},{"@type":"ListItem","position":2,"name":"Galerie","item":"https:\/\/www.nova-trojka.cz\/index.php\/galerie\/"},{"@type":"ListItem","position":3,"name":"Foto roku 2023"}]},{"@type":"WebSite","@id":"https:\/\/www.nova-trojka.cz\/#website","url":"https:\/\/www.nova-trojka.cz\/","name":"Nov\u00e1 Trojka","description":"Rodinn\u00e9 a kulturn\u00ed centrum Nov\u00e1 Trojka nab\u00edz\u00ed p\u0159\u00e1telsk\u00fd, bezpe\u010dn\u00fd a inspirativn\u00ed prostor pro celou rodinu.","publisher":{"@id":"https:\/\/www.nova-trojka.cz\/#organization"},"potentialAction":[{"@type":"SearchAction","target":{"@type":"EntryPoint","urlTemplate":"https:\/\/www.nova-trojka.cz\/?s={search_term_string}"},"query-input":{"@type":"PropertyValueSpecification","valueRequired":true,"valueName":"search_term_string"}}],"inLanguage":"cs"},{"@type":"Organization","@id":"https:\/\/www.nova-trojka.cz\/#organization","name":"NOV\u00c1 TROJKA, z.s.","url":"https:\/\/www.nova-trojka.cz\/","logo":{"@type":"ImageObject","inLanguage":"cs","@id":"https:\/\/www.nova-trojka.cz\/#\/schema\/logo\/image\/","url":"https:\/\/www.nova-trojka.cz\/wp-content\/uploads\/2019\/05\/logotypN3.png","contentUrl":"https:\/\/www.nova-trojka.cz\/wp-content\/uploads\/2019\/05\/logotypN3.png","width":640,"height":480,"caption":"NOV\u00c1 TROJKA, z.s."},"image":{"@id":"https:\/\/www.nova-trojka.cz\/#\/schema\/logo\/image\/"},"sameAs":["https:\/\/www.facebook.com\/novatrojka\/","https:\/\/www.instagram.com\/novatrojka\/"]}]}},"_links":{"self":[{"href":"https:\/\/www.nova-trojka.cz\/index.php\/wp-json\/wp\/v2\/pages\/9248","targetHints":{"allow":["GET"]}}],"collection":[{"href":"https:\/\/www.nova-trojka.cz\/index.php\/wp-json\/wp\/v2\/pages"}],"about":[{"href":"https:\/\/www.nova-trojka.cz\/index.php\/wp-json\/wp\/v2\/types\/page"}],"author":[{"embeddable":true,"href":"https:\/\/www.nova-trojka.cz\/index.php\/wp-json\/wp\/v2\/users\/1"}],"replies":[{"embeddable":true,"href":"https:\/\/www.nova-trojka.cz\/index.php\/wp-json\/wp\/v2\/comments?post=9248"}],"version-history":[{"count":2,"href":"https:\/\/www.nova-trojka.cz\/index.php\/wp-json\/wp\/v2\/pages\/9248\/revisions"}],"predecessor-version":[{"id":12264,"href":"https:\/\/www.nova-trojka.cz\/index.php\/wp-json\/wp\/v2\/pages\/9248\/revisions\/12264"}],"up":[{"embeddable":true,"href":"https:\/\/www.nova-trojka.cz\/index.php\/wp-json\/wp\/v2\/pages\/696"}],"wp:attachment":[{"href":"https:\/\/www.nova-trojka.cz\/index.php\/wp-json\/wp\/v2\/media?parent=9248"}],"curies":[{"name":"wp","href":"https:\/\/api.w.org\/{rel}","templated":true}]}}