{"id":751,"date":"2019-05-21T11:02:51","date_gmt":"2019-05-21T11:02:51","guid":{"rendered":"http:\/\/www.nova-trojka.cz\/?page_id=751"},"modified":"2026-04-22T10:54:13","modified_gmt":"2026-04-22T08:54:13","slug":"lektori-a-poradci","status":"publish","type":"page","link":"https:\/\/www.nova-trojka.cz\/index.php\/o-nas\/lektori-a-poradci\/","title":{"rendered":"Lekto\u0159i a poradci"},"content":{"rendered":"\n<p id=\"janeckova\">&nbsp;<\/p>\n\n\n<div>\n<p><img loading=\"lazy\" decoding=\"async\" class=\"wp-image-1366 alignleft\" src=\"https:\/\/www.nova-trojka.cz\/wp-content\/uploads\/2019\/05\/Edita1-e1561631412350-216x300.jpg\" alt=\"\" width=\"120\" height=\"167\" srcset=\"https:\/\/www.nova-trojka.cz\/wp-content\/uploads\/2019\/05\/Edita1-e1561631412350-216x300.jpg 216w, https:\/\/www.nova-trojka.cz\/wp-content\/uploads\/2019\/05\/Edita1-e1561631412350-768x1069.jpg 768w, https:\/\/www.nova-trojka.cz\/wp-content\/uploads\/2019\/05\/Edita1-e1561631412350-736x1024.jpg 736w, https:\/\/www.nova-trojka.cz\/wp-content\/uploads\/2019\/05\/Edita1-e1561631412350.jpg 1041w\" sizes=\"auto, (max-width: 120px) 100vw, 120px\" \/><\/p>\n<\/div>\n<div>\n<p><strong><span style=\"font-size: 24px;\">Mgr. Edita Jane\u010dkov\u00e1<\/span><br \/><span style=\"font-size: 18px;\"><em>\u0159editelka, poradkyn\u011b<br \/><\/em><\/span><\/strong>Vystudovala Pr\u00e1vnickou fakultu UK v Praze, pracovala jako advok\u00e1tka v oblasti obchodn\u00edho i rodinn\u00e9ho pr\u00e1va. V roce 2011 absolvovala vzd\u011bl\u00e1vac\u00ed semin\u00e1\u0159 Soci\u00e1ln\u00ed pr\u00e1ce s rodinou a d\u011btmi. V roce 2012 pro\u0161la v\u00fdcvikem \u0158e\u0161en\u00ed konflikt\u016f technikou mediace a absolvovala n\u00e1sledn\u00fd workshop Tr\u00e9nink media\u010dn\u00edch modelov\u00fdch situac\u00ed. Vede programy zam\u011b\u0159en\u00e9 na rodinn\u00e9 pr\u00e1vo a mediaci. M\u00e1 dceru a syna a je \u0159editelkou Nov\u00e9 Trojky.<\/p>\n<\/div>\n\n\n<p id=\"adamkova\">&nbsp;<\/p>\n\n\n<p><img loading=\"lazy\" decoding=\"async\" class=\"wp-image-1756 alignleft\" src=\"https:\/\/www.nova-trojka.cz\/wp-content\/uploads\/2019\/08\/Karin-Ad\u00e1mkov\u00e1.jpg\" alt=\"\" width=\"120\" height=\"180\" \/><strong><span style=\"font-size: 24px;\">Karin Ad\u00e1mkov\u00e1, Bc.<\/span><br \/><span style=\"font-size: 18px;\"><em>lektorka<br \/><\/em><\/span><\/strong>Dlouholet\u00e1 lektorka se v\u011bnuje program\u016fm Powerj\u00f3ga, Pilates, Pilates pro pokro\u010dil\u00e9 a Cvi\u010den\u00ed s fyzioterapeutkou, je tak\u00e9 lektorkou sportovn\u00edch podve\u010der\u016f. Vystudovala FTVS UK, obor fyzioterapie, nyn\u00ed ve sv\u00e9m zam\u011bstn\u00e1n\u00ed pom\u00e1h\u00e1 senior\u016fm.\u00a0 M\u00e1 dva syny a dceru. M\u00e1 r\u00e1da tvarohov\u00e9 kol\u00e1\u010de a Mayovky.<\/p>\n\n\n<p id=\"baresova\">&nbsp;<\/p>\n\n\n<p><img loading=\"lazy\" decoding=\"async\" class=\"wp-image-1760 alignleft\" src=\"https:\/\/www.nova-trojka.cz\/wp-content\/uploads\/2019\/08\/Iva-Bare\u0161ov\u00e1.jpg\" alt=\"\" width=\"120\" height=\"180\" \/><\/p>\n<p><strong><span style=\"font-size: 24px;\">Ing. Iva Bare\u0161ov\u00e1<\/span><br \/><em><span style=\"font-size: 18px;\">lektorka a poradkyn\u011b<br \/><\/span><\/em><\/strong>Od roku 2004 \u00fa\u010detn\u00ed a ekonomka v ziskov\u00fdch i neziskov\u00fdch firm\u00e1ch. Odborn\u00e1 garantka \u00fa\u010detn\u00edch a ekonomick\u00fdch slu\u017eeb spole\u010dnosti se zvl\u00e1\u0161tn\u00edm z\u0159etelem na neziskov\u00fd sektor.\u00a0\u00a0Jako celo\u017eivotn\u00ed sportovkyn\u011b se v\u011bnuje lec\u010demu od m\u00ed\u010dov\u00fdch sport\u016f a\u017e po vysokohorskou turistiku, l\u00e9ta z\u00e1vodn\u011b plavala za SK Slavia Praha a vedla zde deset let skupinu d\u011bt\u00ed od p\u0159\u00edpravky a\u017e do jejich dosp\u011blosti. M\u00e1 dceru a dva syny. Vede kurz Light Run pro \u017eeny, je lektorkou sportovn\u00edch dopoledn\u00ed. Nab\u00edz\u00ed poradenstv\u00ed v oblasti pracovn\u00edch pr\u00e1v a povinnosti zam\u011bstnan\u00e9ho rodi\u010de, problematice n\u00e1vratu do pr\u00e1ce po RD, d\u00e1vek a p\u0159edpis\u016f s t\u00edm souvisej\u00edc\u00edch.<\/p>\n\n\n<p id=\"carenko\">&nbsp;<\/p>\n\n\n<p><strong><span style=\"font-size: 24px;\"><img loading=\"lazy\" decoding=\"async\" class=\"wp-image-7122 alignleft\" src=\"https:\/\/www.nova-trojka.cz\/wp-content\/uploads\/2022\/09\/Anastasia-Carenko-foto-243x300.jpg\" alt=\"\" width=\"120\" height=\"148\" srcset=\"https:\/\/www.nova-trojka.cz\/wp-content\/uploads\/2022\/09\/Anastasia-Carenko-foto-243x300.jpg 243w, https:\/\/www.nova-trojka.cz\/wp-content\/uploads\/2022\/09\/Anastasia-Carenko-foto-830x1024.jpg 830w, https:\/\/www.nova-trojka.cz\/wp-content\/uploads\/2022\/09\/Anastasia-Carenko-foto-768x948.jpg 768w, https:\/\/www.nova-trojka.cz\/wp-content\/uploads\/2022\/09\/Anastasia-Carenko-foto-293x363.jpg 293w, https:\/\/www.nova-trojka.cz\/wp-content\/uploads\/2022\/09\/Anastasia-Carenko-foto-767x950.jpg 767w, https:\/\/www.nova-trojka.cz\/wp-content\/uploads\/2022\/09\/Anastasia-Carenko-foto.jpg 1132w\" sizes=\"auto, (max-width: 120px) 100vw, 120px\" \/>Anastasia Carenko<\/span><br \/><em><span style=\"font-size: 18px;\">poradkyn\u011b<\/span><\/em><\/strong><br \/><span style=\"font-weight: 400;\">Psycholo\u017eka, arteterapeutka, facilit\u00e1torka.\u00a0R\u00e1da se neust\u00e1le vyv\u00edj\u00ed a z\u00edsk\u00e1v\u00e1 nov\u00e9 zku\u0161enosti z psychologie, aby byla pro sv\u00e9 klienty co neju\u017eite\u010dn\u011bj\u0161\u00ed.\u00a0Je absolventkou mnoha certifikovan\u00fdch \u0161kolen\u00ed.\u00a0Klienti \u0159\u00edkaj\u00ed: \u201eV\u00e1\u0161 hlas uklid\u0148uje.\u00a0C\u00edt\u00edte se zcela p\u0159ijat\u00ed a v bezpe\u010d\u00ed.\u00a0Po konzultaci za\u010dnete m\u011bnit sv\u016fj \u017eivot s v\u011bdom\u00edm, \u017ee m\u016f\u017eete hodn\u011b.&#8220; R\u00e1da kresl\u00ed a u\u010d\u00ed ostatn\u00ed lidi intuitivn\u00edmu kreslen\u00ed. Miluj\u00edc\u00ed man\u017eelka a maminka mal\u00e9ho synka. V\u00a0Nov\u00e9 Trojce vede psychologick\u00e9 poradenstv\u00ed a program Batol\u00e1tka pro ukrajinsk\u00e9 rodiny.<\/span><\/p>\n<p><b>\u0410\u043d\u0430\u0441\u0442\u0430\u0441\u0438\u044f \u0426\u0430\u0440\u0435\u043d\u043a\u043e<br \/><\/b><span style=\"font-weight: 400;\">\u041f\u0441\u0438\u0445\u043e\u043b\u043e\u0433, \u0430\u0440\u0442-\u0442\u0435\u0440\u0430\u043f\u0435\u0432\u0442, \u0431\u0430\u0440\u0430\u0431\u0430\u043d\u043d\u0438\u0439 \u0444\u0430\u0441\u0456\u043b\u0456\u0442\u0430\u0442\u043e\u0440, \u0442\u0440\u0435\u043d\u0435\u0440. \u041b\u044e\u0431\u043b\u044e \u043f\u043e\u0441\u0442\u0456\u0439\u043d\u043e \u0440\u043e\u0437\u0432\u0438\u0432\u0430\u0442\u0438\u0441\u044c \u0442\u0430 \u043e\u0442\u0440\u0438\u043c\u0443\u0432\u0430\u0442\u0438 \u043d\u043e\u0432\u0456 \u0437\u043d\u0430\u043d\u043d\u044f \u0437 \u043f\u0441\u0438\u0445\u043e\u043b\u043e\u0433\u0456\u0457, \u0449\u043e\u0431 \u0431\u0443\u0442\u0438 \u043c\u0430\u043a\u0441\u0438\u043c\u0430\u043b\u044c\u043d\u043e \u043a\u043e\u0440\u0438\u0441\u043d\u043e\u044e \u0434\u043b\u044f \u0441\u0432\u043e\u0457\u0445 \u043a\u043b\u0456\u0454\u043d\u0442\u0456\u0432. \u0412\u0438\u043f\u0443\u0441\u043a\u043d\u0438\u0446\u044f \u0431\u0430\u0433\u0430\u0442\u044c\u043e\u0445 \u0441\u0435\u0440\u0442\u0438\u0444\u0456\u043a\u043e\u0432\u0430\u043d\u0438\u0445 \u0442\u0440\u0435\u043d\u0456\u043d\u0433\u0456\u0432. \u041a\u043b\u0456\u0454\u043d\u0442\u0438 \u0433\u043e\u0432\u043e\u0440\u044f\u0442\u044c: &#8222;\u0412\u0430\u0448 \u0433\u043e\u043b\u043e\u0441 \u0437\u0430\u0441\u043f\u043e\u043a\u043e\u044e\u0454. \u0412\u0456\u0434\u0447\u0443\u0432\u0430\u0454\u0448 \u043f\u043e\u0432\u043d\u0435 \u043f\u0440\u0438\u0439\u043d\u044f\u0442\u0442\u044f \u0442\u0430 \u0431\u0435\u0437\u043f\u0435\u043a\u0443. \u041f\u0456\u0441\u043b\u044f \u043a\u043e\u043d\u0441\u0443\u043b\u044c\u0442\u0430\u0446\u0456\u0439 \u043f\u043e\u0447\u0438\u043d\u0430\u0454\u0448 \u0437\u043c\u0456\u043d\u044e\u0432\u0430\u0442\u0438 \u0441\u0432\u043e\u0454 \u0436\u0438\u0442\u0442\u044f \u0440\u043e\u0437\u0443\u043c\u0456\u044e\u0447\u0438, \u0449\u043e \u042f \u043c\u043e\u0436\u0443 \u0431\u0430\u0433\u0430\u0442\u043e.&#8220;\u00a0<\/span><span style=\"font-weight: 400;\">\u00a0 \u041b\u044e\u0431\u043b\u044e \u043c\u0430\u043b\u044e\u0432\u0430\u0442\u0438 \u0442\u0430 \u043d\u0430\u0432\u0447\u0430\u0442\u0438 \u0456\u043d\u0448\u0438\u0445 \u043b\u044e\u0434\u0435\u0439 \u0456\u043d\u0442\u0443\u0457\u0442\u0438\u0432\u043d\u043e\u043c\u0443 \u043c\u0430\u043b\u044e\u0432\u0430\u043d\u043d\u044e. \u041c\u043e\u044f \u0435\u043d\u0435\u0440\u0433\u0456\u0457 \u0437\u0430\u0440\u044f\u0434\u0436\u0430\u0454 \u0456\u043d\u0448\u0438\u0445, \u0431\u043e \u044f \u0437\u0430\u0432\u0436\u0434\u0438 \u0437\u043d\u0430\u0445\u043e\u0434\u0436\u0443\u0441\u044c \u0443 \u043f\u043e\u0441\u0442\u0456\u0439\u043d\u043e\u043c\u0443 \u0440\u0443\u0441\u0456. \u041b\u044e\u0431\u043b\u044f\u0447\u0430 \u0434\u0440\u0443\u0436\u0438\u043d\u0430 \u0442\u0430 \u043c\u0430\u043c\u0430 \u0441\u0438\u043d\u043e\u0447\u043a\u0430.<\/span><\/p>\n\n\n<p id=\"ceskova\">&nbsp;<\/p>\n\n\n<p><img loading=\"lazy\" decoding=\"async\" class=\"wp-image-1827 alignleft\" src=\"https:\/\/www.nova-trojka.cz\/wp-content\/uploads\/2019\/08\/Jana-\u010ce\u0161kov\u00e1-200x300.jpg\" alt=\"\" width=\"118\" height=\"177\" srcset=\"https:\/\/www.nova-trojka.cz\/wp-content\/uploads\/2019\/08\/Jana-\u010ce\u0161kov\u00e1-200x300.jpg 200w, https:\/\/www.nova-trojka.cz\/wp-content\/uploads\/2019\/08\/Jana-\u010ce\u0161kov\u00e1.jpg 532w\" sizes=\"auto, (max-width: 118px) 100vw, 118px\" \/><\/p>\n<p><strong><span style=\"font-size: 24px;\">Mgr. Jana \u010ce\u0161kov\u00e1<\/span><br \/><em><span style=\"font-size: 18px;\">lektorka, poradkyn\u011b<\/span><\/em><\/strong><br \/>Absolventka Pedagogick\u00e9 fakulty UK, obor etopedie, psychopedie, a VO\u0160 soci\u00e1ln\u011b pedagogick\u00e9. Absolventka mnoha certifikovan\u00fdch \u0161kolen\u00ed. Pracovala jako vedouc\u00ed n\u00edzkoprahov\u00e9ho klubu, u\u010dila na z\u00e1kladn\u00ed \u0161kole, p\u016fsobila jako v\u00fdchovn\u00e1 poradkyn\u011b. Zab\u00fdv\u00e1 se poruchami chov\u00e1n\u00ed, kter\u00e9 jsou \u00fazce propojeny s poruchami u\u010den\u00ed a prevenc\u00ed rizikov\u00e9ho chov\u00e1n\u00ed. Nab\u00edz\u00ed pomoc p\u0159i \u0159e\u0161en\u00ed nestandardn\u00edch projev\u016f chov\u00e1n\u00ed a p\u0159i krizov\u00fdch situac\u00edch v rodin\u011b, je i lektorkou odborn\u00fdch p\u0159edn\u00e1\u0161ek a besed. M\u00e1 dva syny, mezi jej\u00ed kon\u00ed\u010dky pat\u0159\u00ed sport a \u010detba.\u00a0<\/p>\n\n\n<p id=\"dankova\">&nbsp;<\/p>\n\n\n<p><strong><span style=\"font-size: 24px;\">Bc. Daniela Da\u0148kov\u00e1<\/span><br \/><span style=\"font-size: 18px;\"><em>lektorka<br \/><\/em><\/span><\/strong>Po absolvov\u00e1n\u00ed St\u0159edn\u00ed pedagogick\u00e9 \u0161koly, St\u0159edn\u00ed um\u011bleck\u00e9 \u0161koly V\u00e1clava Hollara\u00a0 a PF UK dlouho p\u016fsobila jako u\u010ditelka a \u0159editelka v M\u0160.\u00a0 V\u011bnovala se um\u011bn\u00ed a keramice, r\u00e1da sportuje a cestuje, m\u00e1 dv\u011b dosp\u011bl\u00e9 d\u011bti. V\u00a0Nov\u00e9 Trojce vede kurzy Keramika pro nejmen\u0161\u00ed a Keramika od 5 let.<\/p>\n\n\n<p id=\"gapochka\">&nbsp;<\/p>\n\n\n<p><strong><span style=\"font-size: 24px;\"><img loading=\"lazy\" decoding=\"async\" class=\"alignleft wp-image-11826\" src=\"https:\/\/www.nova-trojka.cz\/wp-content\/uploads\/2026\/02\/gapochka_kateryna-scaled-e1771406486490-231x300.jpg\" alt=\"\" width=\"92\" height=\"120\" srcset=\"https:\/\/www.nova-trojka.cz\/wp-content\/uploads\/2026\/02\/gapochka_kateryna-scaled-e1771406486490-231x300.jpg 231w, https:\/\/www.nova-trojka.cz\/wp-content\/uploads\/2026\/02\/gapochka_kateryna-scaled-e1771406486490.jpg 437w\" sizes=\"auto, (max-width: 92px) 100vw, 92px\" \/>Kateryna Gapochka<\/span><br \/><span style=\"font-size: 18px;\"><em>lektorka<br \/><\/em><\/span><\/strong>Kateryna vystudovala magistersk\u00fd stupe\u0148 hudebn\u00edho vzd\u011bl\u00e1n\u00ed jako zp\u011bva\u010dka, dirigentka a u\u010ditelka hudby. M\u00e1 velmi \u0161irok\u00fd z\u00e1b\u011br: v\u00fduce zp\u011bvu se v\u011bnuje v DDM Prahy 6, vede kurzy muzikoterapie, vystupuje v N\u00e1rodn\u00edm divadle ve sboru v p\u0159edstaven\u00ed Bakchantky, hr\u00e1la v p\u0159edstaven\u00ed Jak um\u011bt kr\u00e1st v M\u011bstsk\u00fdch divadlech pra\u017esk\u00fdch, pro kter\u00e9 slo\u017eila i hudbu. M\u00e1 prvn\u00ed v\u00fdkonnostn\u00ed t\u0159\u00eddu v \u0161ach\u00e1ch. V Nov\u00e9 Trojce vede kurzy hry na kytaru a na klav\u00edr.<\/p>\n\n\n<p id=\"hofmanova\">&nbsp;<\/p>\n\n\n<p><strong><strong><img loading=\"lazy\" decoding=\"async\" class=\"wp-image-1777 alignleft\" src=\"https:\/\/www.nova-trojka.cz\/wp-content\/uploads\/2019\/08\/Tereza-Hofmanova-200x300.jpg\" alt=\"\" width=\"120\" height=\"180\" srcset=\"https:\/\/www.nova-trojka.cz\/wp-content\/uploads\/2019\/08\/Tereza-Hofmanova-200x300.jpg 200w, https:\/\/www.nova-trojka.cz\/wp-content\/uploads\/2019\/08\/Tereza-Hofmanova.jpg 533w\" sizes=\"auto, (max-width: 120px) 100vw, 120px\" \/><\/strong><\/strong><\/p>\n<p><strong><span style=\"font-size: 24px;\">Mgr. Tereza Hofmanov\u00e1<\/span><br \/><span style=\"font-size: 18px;\"><em>lektorka, poradkyn\u011b<br \/><\/em><\/span><\/strong>Vystudovan\u00e1 pr\u00e1vni\u010dka poch\u00e1z\u00ed z Karlov\u00fdch Var\u016f, ale v Praze \u017eije ji\u017e dlouho a r\u00e1da. Absolvovala programy vzd\u011bl\u00e1v\u00e1n\u00ed v oblasti v\u00fd\u017eivov\u00e9ho poradenstv\u00ed. R\u00e1da cestuje do ciziny, ale i na chalupu do Krkono\u0161. Miluje sport, ale i v\u00e1len\u00ed se s kn\u00ed\u017ekou. R\u00e1da va\u0159\u00ed a pe\u010de. M\u00e1 dceru a syna. Je poradkyn\u00ed v oblasti zdrav\u00e9ho \u017eivotn\u00edho stylu a v\u00fd\u017eivy d\u011bt\u00ed i dosp\u011bl\u00fdch a lektorka kurzu Kruhov\u00fd tr\u00e9nink s p\u0159\u00edtomnost\u00ed d\u011bt\u00ed a Bodystyling.<\/p>\n\n\n<p id=\"ivanchenko\">&nbsp;<\/p>\n\n\n<p><strong><span style=\"font-size: 24px;\">Nataliija Ivanchenko<\/span><br \/><span style=\"font-size: 18px;\"><em>lektorka, poradkyn\u011b<br \/><\/em><\/span><\/strong>Absolventka pedagogick\u00e9 univerzity oborech v\u00fdtvarn\u00e9 um\u011bn\u00ed, kresba, pracovn\u00ed v\u00fdchova. U\u010dila na soukrom\u00e9 um\u011bleck\u00e9 \u0161kole a p\u016fsobila jako nez\u00e1visl\u00e1 um\u011blkyn\u011b. V\u00a0\u010cR je od roku 2022, pracovala jako dobrovoln\u00e1 u\u010ditelka v\u00fdtvarn\u00e9 v\u00fdchovy a keramiky. M\u00e1 dosp\u011blou dceru, v\u011bnuje se keramice v\u010d. to\u010den\u00ed na kruhu a r\u00e1da cestuje. V\u00a0Nov\u00e9 Trojce vede kurzy keramiky pro ukrajinsk\u00e9 d\u011bti.<\/p>\n\n\n<p id=\"janecek\">&nbsp;<\/p>\n\n\n<p><strong><img loading=\"lazy\" decoding=\"async\" class=\"wp-image-1240 alignleft\" src=\"https:\/\/www.nova-trojka.cz\/wp-content\/uploads\/2016\/12\/Vlast\u00edk-Jane\u010dek-1-225x300.jpg\" alt=\"\" width=\"120\" height=\"160\" srcset=\"https:\/\/www.nova-trojka.cz\/wp-content\/uploads\/2016\/12\/Vlast\u00edk-Jane\u010dek-1-225x300.jpg 225w, https:\/\/www.nova-trojka.cz\/wp-content\/uploads\/2016\/12\/Vlast\u00edk-Jane\u010dek-1-768x1024.jpg 768w\" sizes=\"auto, (max-width: 120px) 100vw, 120px\" \/><\/strong><\/p>\n<p><strong><span style=\"font-size: 24px;\">Mgr. Vlastimil Jane\u010dek<\/span><br \/><span style=\"font-size: 18px;\"><em>poradce<br \/><\/em><\/span><\/strong>Vystudoval Pr\u00e1vnickou fakultu UK v Praze. Pracoval jako justi\u010dn\u00ed \u010dekatel a firemn\u00ed pr\u00e1vn\u00edk. Vykon\u00e1val advok\u00e1tskou praxi a v sou\u010dasn\u00e9 dob\u011b pracuje jako pr\u00e1vn\u00edk Ministerstva vnitra \u010cR. V Nov\u00e9 Trojce p\u016fsob\u00ed jako poradce v oblasti rodinn\u00e9ho a ob\u010dansk\u00e9ho pr\u00e1va a vede programy zam\u011b\u0159en\u00e9 na ob\u010dansk\u00e9 pr\u00e1vo a finan\u010dn\u00ed gramotnost.<\/p>\n\n\n<p id=\"jezkova\">&nbsp;<\/p>\n\n\n<div><img loading=\"lazy\" decoding=\"async\" class=\"wp-image-1829 alignleft\" src=\"https:\/\/www.nova-trojka.cz\/wp-content\/uploads\/2019\/08\/Jana-Je\u017ekov\u00e1.jpg\" alt=\"\" width=\"121\" height=\"182\" \/><\/div>\n<div>\n<p><strong><span style=\"font-size: 24px;\">Mgr. Jana Je\u017ekov\u00e1<\/span><br \/><span style=\"font-size: 18px;\"><em>poradkyn\u011b<br \/><\/em><\/span><\/strong>Vystudovala Filozofickou fakultu UK, obor kulturologie, p\u016fsob\u00ed jako psychoterapeutka, lektorka kruhov\u00fdch tanc\u016f, spolupracovnice Radia 1. Pracuje v organizaci EDA. Absolvovala \u0159adu sebepozn\u00e1vac\u00edch kurz\u016f a semin\u00e1\u0159\u016f, je \u00fa\u010dastnic\u00ed v\u00fdcviku v analytick\u00e9 psychologii. P\u016fsob\u00ed jako poradkyn\u011b v oblasti osobnostn\u00edho rozvoje a lektorka odborn\u00fdch p\u0159edn\u00e1\u0161ek a semin\u00e1\u0159\u016f, zejm\u00e9na na t\u00e9ma komunikace v rodin\u011b. M\u00e1 syna a dceru.<\/p>\n<\/div>\n\n\n<p id=\"karnikova\">&nbsp;<\/p>\n\n\n<p><strong><span style=\"font-size: 24px;\"><img loading=\"lazy\" decoding=\"async\" class=\"alignleft wp-image-11809\" src=\"https:\/\/www.nova-trojka.cz\/wp-content\/uploads\/2026\/02\/Barbora-Karnikova-e1771404211980-198x300.jpeg\" alt=\"\" width=\"86\" height=\"130\" srcset=\"https:\/\/www.nova-trojka.cz\/wp-content\/uploads\/2026\/02\/Barbora-Karnikova-e1771404211980-198x300.jpeg 198w, https:\/\/www.nova-trojka.cz\/wp-content\/uploads\/2026\/02\/Barbora-Karnikova-e1771404211980.jpeg 415w\" sizes=\"auto, (max-width: 86px) 100vw, 86px\" \/>Barbora K\u00e1rn\u00edkov\u00e1<\/span><br \/><\/strong><em><span style=\"font-size: 18px;\"><strong>lektorka<br \/><\/strong><\/span><\/em>Studentka gymn\u00e1zia Na V\u00edt\u011bzn\u00e9 pl\u00e1ni je nad\u0161en\u00e1 tane\u010dnice. Od 5 let se v\u011bnovala baletu v baletn\u00ed \u0161kole Attitudeballet. Od 13 let p\u016fsob\u00ed v tane\u010dn\u00edm studiu Movement Studios pod veden\u00edm Kuby Dvo\u0159\u00e1ka a Barbory Sm\u00ed\u0161kov\u00e9, kde se pravideln\u011b vedle dom\u00e1c\u00edch i zahrani\u010dn\u00edch sout\u011b\u017e\u00ed \u00fa\u010dastn\u00ed charitativn\u00edch i komer\u010dn\u00edch tane\u010dn\u00edch akc\u00ed. Jeho tane\u010dn\u00edci z\u00edskali titul absolutniho v\u00edt\u011bze \u00a0v sout\u011b\u017ei Tane\u010dn\u00ed\u00a0\u00a0skupina roku v kategorii junior a \u00a0vyhr\u00e1li ve sv\u00fdch \u00a0kategori\u00edch mezin\u00e1rodn\u00ed \u00a0sout\u011b\u017ee Dance World Cup a Dance Star. Krom\u011b tance se Barbora 11 let v\u011bnovala hudb\u011b, hr\u00e1la na klav\u00edr v ZU\u0160 Vadima Petrova. Mezi jej\u00ed z\u00e1liby pat\u0159\u00ed p\u0159edev\u0161\u00edm sport, r\u00e1da ly\u017euje a plave. V Nov\u00e9 Trojce vede kurz Tane\u010dky.<\/p>\n\n\n<p id=\"kracmanova\">&nbsp;<\/p>\n\n\n<p><img loading=\"lazy\" decoding=\"async\" class=\"wp-image-7097 alignleft\" src=\"https:\/\/www.nova-trojka.cz\/wp-content\/uploads\/2022\/09\/kracmanova.jpeg\" alt=\"\" width=\"120\" height=\"162\" \/><strong><span style=\"font-size: 24px;\">Mgr. Helena Kra\u010dmanov\u00e1<\/span><br \/><\/strong><em><span style=\"font-size: 18px;\"><strong>lektorka<br \/><\/strong><\/span><\/em><span style=\"font-weight: 400;\">Roda\u010dka z Prahy, vystudovala st\u0159edn\u00ed pedagogickou \u0161kolu a magistersk\u00e9 studium andragogiky. Pohyb a hudbu m\u011bla r\u00e1da od mali\u010dka, v\u011bnovala se zp\u011bvu, hr\u00e1la na fl\u00e9tnu a klav\u00edr, pozd\u011bji ji oslovila j\u00f3ga. Po absolvov\u00e1n\u00ed lektorsk\u00e9ho kurzu se rozhodla pro metodiku d\u011btsk\u00e9 a teens j\u00f3gy pod veden\u00edm Hanky Luhanov\u00e9, spoluzakladatelky \u010cesk\u00e9 asociace d\u011btsk\u00e9 j\u00f3gy. D\u011btsk\u00e1 j\u00f3ga je pro ni p\u0159irozen\u00e1 cesta do d\u011btsk\u00e9 du\u0161e a \u00fa\u017easn\u00fd prost\u0159edek, jak d\u011bti hravou a nesout\u011b\u017en\u00ed formou nau\u010dit vn\u00edmat sv\u00e9 t\u011blo i okol\u00ed.\u00a0<\/span><span style=\"font-weight: 400;\">R\u00e1da ve sv\u00fdch lekc\u00edch vyu\u017e\u00edv\u00e1 aromaterapii a hudbu. M\u00e1 dva syny, sv\u016fj \u010das nejrad\u011bji tr\u00e1v\u00ed s rodinou, miluje levanduli a ara\u0161\u00eddov\u00e9 m\u00e1slo. V\u00a0Nov\u00e9 Trojce vede kurzy J\u00f3gy pro d\u011bti a Teen j\u00f3gy.<\/span><\/p>\n\n\n<p id=\"krajska\">&nbsp;<\/p>\n\n\n<\/p>\n<p><strong><span style=\"font-size: 24px;\"><img loading=\"lazy\" decoding=\"async\" class=\"wp-image-7162 alignleft\" src=\"https:\/\/www.nova-trojka.cz\/wp-content\/uploads\/2022\/09\/Martina-Krajska-2-208x300.jpg\" alt=\"\" width=\"120\" height=\"173\" srcset=\"https:\/\/www.nova-trojka.cz\/wp-content\/uploads\/2022\/09\/Martina-Krajska-2-208x300.jpg 208w, https:\/\/www.nova-trojka.cz\/wp-content\/uploads\/2022\/09\/Martina-Krajska-2.jpg 291w\" sizes=\"auto, (max-width: 120px) 100vw, 120px\" \/>Martina Krajsk\u00e1<\/span><br \/><\/strong><em><span style=\"font-size: 18px;\"><strong>lektorka<br \/><\/strong><\/span><\/em>Absolventka st\u0159edn\u00ed um\u011bleck\u00e9 \u0161koly, pedago\u017eka voln\u00e9ho \u010dasu, lektorka tane\u010dn\u00edch, v\u00fdtvarn\u00fdch a polytechnick\u00fdch kurz\u016f. Zaj\u00edm\u00e1 ji kultura a historie, r\u00e1da tan\u010d\u00ed a sportuje. V&nbsp;Nov\u00e9 Trojce vede kurz Mal\u00fd kutil.<\/p>\n\n\n<p id=\"krenkova\">&nbsp;<\/p>\n\n\n<p><img loading=\"lazy\" decoding=\"async\" class=\"wp-image-1788 alignleft\" src=\"https:\/\/www.nova-trojka.cz\/wp-content\/uploads\/2019\/08\/Lenka-Krenkov\u00e1.jpg\" alt=\"\" width=\"120\" height=\"180\" \/><\/p>\n<p><strong><span style=\"font-size: 24px;\">Lenka Krenkov\u00e1<\/span><br \/><\/strong><em><span style=\"font-size: 18px;\"><strong>lektorka<br \/><\/strong><\/span><\/em>Vystudovala St\u0159edn\u00ed pedagogickou \u0161kolu a mal\u00e9 d\u011bti ve \u0161kolce u\u010dila 21 let. Tane\u010dn\u00edmu oboru se v\u011bnuje ji\u017e od L\u0160U, absolvovala tane\u010dn\u00ed studio Dance Perfect \u2013 Sc\u00e9nick\u00fd tanec a dal\u0161\u00ed tane\u010dn\u00ed kurzy a \u0161koly. M\u00e1 dosp\u011bl\u00e9ho syna a mal\u00e9ho vnou\u010dka. Je stabiln\u00edm pil\u00ed\u0159em na\u0161eho lektorsk\u00e9ho t\u00fdmu a vede kurzy V\u00fdrazov\u00fd tanec I-IV a Relaxa\u010dn\u00ed tanec pro dosp\u011bl\u00e9.<\/p>\n\n\n<p id=\"krestanova\">&nbsp;<\/p>\n\n\n<p><img loading=\"lazy\" decoding=\"async\" class=\"wp-image-7089 alignleft\" src=\"https:\/\/www.nova-trojka.cz\/wp-content\/uploads\/2022\/09\/krestanova.jpeg\" alt=\"\" width=\"120\" height=\"155\" \/><strong><span style=\"font-size: 24px;\">Ing. Lucie Piekar K\u0159es\u0165anov\u00e1<\/span><br \/><span style=\"font-size: 18px;\"><em>lektorka<br \/><\/em><\/span><\/strong><span style=\"font-weight: 400;\">Absolvovala Vysokou \u0161kolu chemicko-technologickou, podiplomn\u00ed studium u\u010ditelstv\u00ed a kurzy keramiky pro u\u010ditele. P\u016fsob\u00ed tak\u00e9 jako redaktorka a autorka literatury pro d\u011bti.\u00a0<\/span><span style=\"font-weight: 400;\">Pracuje v obecn\u011b prosp\u011b\u0161n\u00e9 spole\u010dnosti podporuj\u00edc\u00ed rodiny s nesly\u0161\u00edc\u00edmi d\u011btmi. V Nov\u00e9 Trojce vede \u010dtvrte\u010dn\u00ed keramick\u00e9 kurzy Keramick\u00fd ateli\u00e9r pro rodi\u010de s d\u011btmi a Keramika pro dosp\u011bl\u00e9.<\/span><\/p>\n\n\n<p id=\"kurzweilova\">&nbsp;<\/p>\n\n\n<p><strong><span style=\"font-size: 24px;\"><img loading=\"lazy\" decoding=\"async\" class=\"wp-image-2681 alignleft\" src=\"https:\/\/www.nova-trojka.cz\/wp-content\/uploads\/2016\/12\/JK-I-198x300.jpg\" alt=\"\" width=\"80\" height=\"121\" srcset=\"https:\/\/www.nova-trojka.cz\/wp-content\/uploads\/2016\/12\/JK-I-198x300.jpg 198w, https:\/\/www.nova-trojka.cz\/wp-content\/uploads\/2016\/12\/JK-I-768x1165.jpg 768w, https:\/\/www.nova-trojka.cz\/wp-content\/uploads\/2016\/12\/JK-I-675x1024.jpg 675w\" sizes=\"auto, (max-width: 80px) 100vw, 80px\" \/>Mgr. Jolana Kurzweilov\u00e1<\/span><br \/><span style=\"font-size: 18px;\"><em>lektorka, poradkyn\u011b<br \/><\/em><\/span><\/strong>Vystudovala Filozofickou fakultu UK, obory andragogika a pedagogika. Absolvovala mj. kurzy Respektovat a b\u00fdt respektov\u00e1n, Efektivn\u00ed rodi\u010dovstv\u00ed a rekvalifika\u010dn\u00ed kurz Medi\u00e1tor\/medi\u00e1torka. Na St\u0159edn\u00ed \u0161kole um\u011blecko\u0159emesln\u00e9 z\u00edskala v\u00fdu\u010dn\u00ed list v oboru um\u011bleck\u00fd keramik. M\u00e1 r\u00e1da cyklistiku, knihy, v\u00fdtvarn\u00e9 a ru\u010dn\u00ed pr\u00e1ce, j\u00eddlo a va\u0159en\u00ed. M\u00e1 dosp\u011blou dceru a syna a je py\u0161n\u00e1 babi\u010dka mal\u00e9ho vnou\u010dka. P\u016fsob\u00ed v Nov\u00e9 Trojce od jej\u00edch za\u010d\u00e1tk\u016f, je koordin\u00e1torka kurz\u016f a vzd\u011bl\u00e1vac\u00edch program\u016f. Vede kurzy Keramika pro d\u011bti, Keramick\u00fd ateli\u00e9r a Kreativ \u2013 ateli\u00e9r u\u017eit\u00e9ho um\u011bn\u00ed pro d\u00edvky.<\/p>\n\n\n<p id=\"kvapilova\">&nbsp;<\/p>\n\n\n<p><strong><span style=\"font-size: 24px;\"><img loading=\"lazy\" decoding=\"async\" class=\"wp-image-7096 alignleft\" src=\"https:\/\/www.nova-trojka.cz\/wp-content\/uploads\/2022\/09\/kvapilova.jpeg\" alt=\"\" width=\"120\" height=\"167\" \/>Krist\u00fdna Kvapilov\u00e1<br \/><\/span><span style=\"font-size: 18px;\"><em>lektorka<br \/><\/em><\/span><\/strong><span style=\"font-weight: 400;\">Nad\u0161en\u00e1 p\u0159\u00edrodov\u011bdkyn\u011b a dokumentaristka v\u0161eho \u017eiv\u00e9ho i ne\u017eiv\u00e9ho, fotografka, kerami\u010dka. Absolventka st\u0159edn\u00ed \u0161koly veterin\u00e1rn\u00ed. Zv\u00ed\u0159ata a tv\u016fr\u010d\u00ed \u010dinnost jsou dv\u011b hlavn\u00ed t\u00e9mata, kter\u00e1 se nerozlu\u010dn\u011b propl\u00e9taj\u00ed nap\u0159\u00ed\u010d jej\u00edm \u017eivotem. U\u010d\u00ed keramiku mal\u00e9 d\u011bti i dosp\u011bl\u00e9, v\u010detn\u011b pr\u00e1ce na hrn\u010d\u00ed\u0159sk\u00e9m kruhu. V\u011bnuje se zak\u00e1zkov\u00e9 i vlastn\u00ed tvorb\u011b. R\u00e1da cestuje a fot\u00ed krajinu ciz\u00ed, ale i tu na\u0161i. Vystavovala obrazy a fotografie na r\u016fzn\u00e1 t\u00e9mata. Cvi\u010d\u00ed j\u00f3gu, je j\u00ed bl\u00edzk\u00e1 v\u00fdchodn\u00ed filosofie. R\u00e1da \u010dte a chod\u00ed na t\u00fary. V Nov\u00e9 Trojce vede \u00fatern\u00ed Keramick\u00fd ateli\u00e9r pro rodi\u010de s d\u011btmi, Keramiku pro M\u0160 a Keramiku od 7 let.\u00a0<\/span><\/p>\n\n\n<p id=\"lesakova\">&nbsp;<\/p>\n\n\n<p><strong><span style=\"font-size: 24px;\"><img loading=\"lazy\" decoding=\"async\" class=\"wp-image-9858  alignleft\" src=\"https:\/\/www.nova-trojka.cz\/wp-content\/uploads\/2024\/09\/ja-203x300.jpeg\" alt=\"\" width=\"120\" height=\"177\" srcset=\"https:\/\/www.nova-trojka.cz\/wp-content\/uploads\/2024\/09\/ja-203x300.jpeg 203w, https:\/\/www.nova-trojka.cz\/wp-content\/uploads\/2024\/09\/ja.jpeg 524w\" sizes=\"auto, (max-width: 120px) 100vw, 120px\" \/>Veronika Les\u00e1kov\u00e1<br \/><\/span><span style=\"font-size: 18px;\"><em>lektorka<br \/><\/em><\/span><\/strong>Veronika je maminka dvou d\u011bt\u00ed. P\u016fsobila 7 let jako pan\u00ed u\u010ditelka na z\u00e1kladn\u00ed \u0161kole a dal\u0161\u00ed 4 roky v mini\u0161kolce. Hl\u00eddala d\u011bti a dou\u010dovala na p\u0159ij\u00edmac\u00ed \u0159\u00edzen\u00ed. M\u00e1 r\u00e1da zv\u00ed\u0159\u00e1tka a r\u00e1da cestuje :). <span style=\"font-weight: 400;\">V Nov\u00e9 Trojce vede kurz pro nejmen\u0161\u00ed d\u011bti \u0160koli\u010dka.<\/span><\/p>\n\n\n<p id=\"maresova\">&nbsp;<\/p>\n\n\n<p><strong><span style=\"font-size: 24px;\"><img loading=\"lazy\" decoding=\"async\" class=\"wp-image-11126  alignleft\" src=\"https:\/\/www.nova-trojka.cz\/wp-content\/uploads\/2025\/09\/IMG_0334-225x300.jpeg\" alt=\"\" width=\"120\" height=\"160\" srcset=\"https:\/\/www.nova-trojka.cz\/wp-content\/uploads\/2025\/09\/IMG_0334-225x300.jpeg 225w, https:\/\/www.nova-trojka.cz\/wp-content\/uploads\/2025\/09\/IMG_0334-768x1024.jpeg 768w, https:\/\/www.nova-trojka.cz\/wp-content\/uploads\/2025\/09\/IMG_0334-1152x1536.jpeg 1152w, https:\/\/www.nova-trojka.cz\/wp-content\/uploads\/2025\/09\/IMG_0334-1536x2048.jpeg 1536w, https:\/\/www.nova-trojka.cz\/wp-content\/uploads\/2025\/09\/IMG_0334-scaled.jpeg 1920w\" sizes=\"auto, (max-width: 120px) 100vw, 120px\" \/>Kl\u00e1ra Mare\u0161ov\u00e1<br \/><\/span><span style=\"font-size: 18px;\"><em>lektorka<br \/><\/em><\/span><\/strong>Kl\u00e1ra r\u00e1da vytv\u00e1\u0159\u00ed d\u011btem podn\u011btn\u00e9 prost\u0159ed\u00ed, kde se mohou c\u00edtit bezpe\u010dn\u011b, rozv\u00edjet svou fantazii a u\u010dit se nov\u00fdm v\u011bcem hravou formou.\u00a0M\u00e1 zku\u0161enost i ze zahrani\u010d\u00ed \u2013 n\u011bjakou dobu p\u016fsobila jako au pair v Anglii. Ve voln\u00e9m \u010dase r\u00e1da \u010dte, sportuje (zejm\u00e9na b\u011bh), m\u00e1 r\u00e1da p\u0159\u00edrodu a zv\u00ed\u0159ata, kter\u00e1 jsou jej\u00ed velkou v\u00e1\u0161n\u00ed. <span style=\"font-weight: 400;\">V Nov\u00e9 Trojce vede kurz pro nejmen\u0161\u00ed d\u011bti \u0160koli\u010dka.<\/span><\/p>\n\n\n<p id=\"neumanova\">&nbsp;<\/p>\n\n\n<p><strong><span style=\"font-size: 24px;\"><img loading=\"lazy\" decoding=\"async\" class=\"wp-image-9756  alignleft\" src=\"https:\/\/www.nova-trojka.cz\/wp-content\/uploads\/2024\/06\/Misa_foto_Nova-trojka-225x300.jpg\" alt=\"\" width=\"124\" height=\"165\" srcset=\"https:\/\/www.nova-trojka.cz\/wp-content\/uploads\/2024\/06\/Misa_foto_Nova-trojka-225x300.jpg 225w, https:\/\/www.nova-trojka.cz\/wp-content\/uploads\/2024\/06\/Misa_foto_Nova-trojka-768x1024.jpg 768w, https:\/\/www.nova-trojka.cz\/wp-content\/uploads\/2024\/06\/Misa_foto_Nova-trojka-1152x1536.jpg 1152w, https:\/\/www.nova-trojka.cz\/wp-content\/uploads\/2024\/06\/Misa_foto_Nova-trojka-1536x2048.jpg 1536w, https:\/\/www.nova-trojka.cz\/wp-content\/uploads\/2024\/06\/Misa_foto_Nova-trojka-scaled.jpg 1920w\" sizes=\"auto, (max-width: 124px) 100vw, 124px\" \/>Michaela Neumanov\u00e1<br \/><\/span><span style=\"font-size: 18px;\"><em>lektorka<br \/><\/em><\/span><\/strong>Lektorka j\u00f3gy, j\u00f3gy pro t\u011bhotn\u00e9 a po porodu. Absolventka pedagogick\u00e9 fakulty. P\u0159ed t\u00edm ne\u017e jsem se stala m\u00e1mou jednoho mal\u00e9ho sm\u00ed\u0161ka, v\u011bnovala jsem se pedagogice voln\u00e9ho \u010dasu i pedagogice \u0161koln\u00ed. Soub\u011b\u017en\u011b s pedagogikou jsem tak\u00e9 za\u010dala u\u010dit j\u00f3gu. J\u00f3ga je sou\u010d\u00e1st\u00ed m\u00e9ho \u017eivota, i kdy\u017e nestoj\u00edm zrovna na podlo\u017ece. M\u00fdm kr\u00e9dem je \u017e\u00edt \u017eivot s lehkost\u00ed, radovat se z mali\u010dkost\u00ed a b\u00fdt \u0161\u0165astn\u00e1. R\u00e1da tr\u00e1v\u00edm \u010das venku a v p\u0159\u00edrod\u011b, nejl\u00e9pe v obklopen\u00ed m\u00e9 rodiny a podobn\u011b nalad\u011bn\u00fdch lid\u00ed. V sou\u010dasnosti se nejv\u00edce v\u011bnuji j\u00f3ze pro t\u011bhotn\u00e9 a po porodu. Sna\u017e\u00edm se p\u0159edat nejen z\u00e1sady zdrav\u00e9ho pohybu, ale i respekt k vlastn\u00edmu t\u011blu a jeho mo\u017enostem. Sou\u010d\u00e1st\u00ed m\u00fdch lekc\u00ed jsou i relaxa\u010dn\u00ed pozice a dechov\u00e1 cvi\u010den\u00ed, kter\u00e9 zklid\u0148uj\u00ed a harmonizuj\u00ed p\u0159et\u00ed\u017eenou nervovou soustavu, co\u017e je ob\u010das pot\u0159eba ka\u017ed\u00e9 m\u00e1my. Nejv\u011bt\u0161\u00ed odm\u011bnou pro m\u011b je, kdy\u017e z lekce odch\u00e1z\u00edte s \u00fasm\u011bvem na rtech. <span style=\"font-weight: 400;\">V Nov\u00e9 Trojce vede kurz J\u00f3ga pro miminka a Poporodn\u00ed j\u00f3ga.<\/span><\/p>\n\n\n<p id=\"pavlova\">&nbsp;<\/p>\n\n\n<p><strong><span style=\"font-size: 24px;\"><img loading=\"lazy\" decoding=\"async\" class=\"alignleft wp-image-11812\" src=\"https:\/\/www.nova-trojka.cz\/wp-content\/uploads\/2026\/02\/Ema-Pavlova-scaled-e1771404540592-254x300.jpg\" alt=\"\" width=\"102\" height=\"120\" srcset=\"https:\/\/www.nova-trojka.cz\/wp-content\/uploads\/2026\/02\/Ema-Pavlova-scaled-e1771404540592-254x300.jpg 254w, https:\/\/www.nova-trojka.cz\/wp-content\/uploads\/2026\/02\/Ema-Pavlova-scaled-e1771404540592.jpg 626w\" sizes=\"auto, (max-width: 102px) 100vw, 102px\" \/>Ema Pavlov\u00e1<br \/><\/span><\/strong><strong><em><span style=\"font-size: 18px;\">lektorka<br \/><\/span><\/em><\/strong>Kreativn\u00ed od\u011bvn\u00ed n\u00e1vrh\u00e1\u0159ka a hudebnice Ema s\u00a0d\u011btmi pracuje dlouhodob\u011b. Absolvovala dva cykly klav\u00edru (11 let) na ZU\u0160 a 3 roky klav\u00edrn\u00edch kurz\u016f v\u00a0Blatn\u00e9 pod veden\u00edm Veroniky Pt\u00e1\u010dkov\u00e9. Zaj\u00edm\u00e1 ji tak\u00e9 zp\u011bv, divadlo, pantomima, nov\u00fd cirkus i tanec. V\u00a0Nov\u00e9 Trojce vede kurz hry na klav\u00edr.<\/p>\n\n\n<p id=\"pekarkova\">&nbsp;<\/p>\n\n\n<p><strong><span style=\"font-size: 24px;\"><img loading=\"lazy\" decoding=\"async\" class=\"wp-image-9054 alignleft\" src=\"https:\/\/www.nova-trojka.cz\/wp-content\/uploads\/2024\/01\/Tereza-Cerna1.jpg\" alt=\"\" width=\"120\" height=\"137\" \/> Tereza Pek\u00e1rkov\u00e1, MA<br \/><\/span><\/strong><strong><em><span style=\"font-size: 18px;\">lektorka<br \/><\/span><\/em><\/strong>Tereza vystudovala architekturu na presti\u017en\u00ed Royal College of Art in London. Absolvovala pedagogickou praxi na S\u0160 a VO\u0160 v Jablonci nad Nisou, vedla d\u011btsk\u00e9 krou\u017eky. Je sportovkyn\u011b, mj. instruktorka ly\u017eov\u00e1n\u00ed a snowboardingu, v\u011bnuje se i cyklistice, lezen\u00ed, inline brusl\u00edm. Jej\u00edmi kon\u00ed\u010dky jsou tak\u00e9 divadlo, zp\u011bv a um\u011bn\u00ed v\u016fbec. V Nov\u00e9 Trojce vede kurzy Mal\u00fd architekt.<\/p>\n\n\n<p id=\"pilatova\">&nbsp;<\/p>\n\n\n<p style=\"text-align: left;\"><strong><span style=\"font-size: 24px;\"><img loading=\"lazy\" decoding=\"async\" class=\"size-thumbnail wp-image-11328 alignleft\" src=\"https:\/\/www.nova-trojka.cz\/wp-content\/uploads\/2025\/11\/Marketa-P-150x150.jpg\" alt=\"\" width=\"150\" height=\"150\" srcset=\"https:\/\/www.nova-trojka.cz\/wp-content\/uploads\/2025\/11\/Marketa-P-150x150.jpg 150w, https:\/\/www.nova-trojka.cz\/wp-content\/uploads\/2025\/11\/Marketa-P-246x246.jpg 246w, https:\/\/www.nova-trojka.cz\/wp-content\/uploads\/2025\/11\/Marketa-P-275x275.jpg 275w, https:\/\/www.nova-trojka.cz\/wp-content\/uploads\/2025\/11\/Marketa-P-70x70.jpg 70w, https:\/\/www.nova-trojka.cz\/wp-content\/uploads\/2025\/11\/Marketa-P-276x276.jpg 276w, https:\/\/www.nova-trojka.cz\/wp-content\/uploads\/2025\/11\/Marketa-P-125x125.jpg 125w, https:\/\/www.nova-trojka.cz\/wp-content\/uploads\/2025\/11\/Marketa-P-211x211.jpg 211w\" sizes=\"auto, (max-width: 150px) 100vw, 150px\" \/>Mark\u00e9ta Pil\u00e1tov\u00e1<\/span><br \/><span style=\"font-size: 18px;\"><em>poradkyn\u011b<br \/><\/em><\/span><\/strong>Mark\u00e9ta vystudovala 2. l\u00e9ka\u0159skou fakultu Univerzity Karlovy, obor fyzioterapeutka. Po \u0161kole se v\u011bnovala poradenstv\u00ed a terapii pro \u017eeny a miminka, specializuje se tedy na gynekologickou fyzioterapie a fyzioterapie d\u011bt\u00ed. Na terapii nahl\u00ed\u017e\u00ed i ze sv\u00e9ho mate\u0159sk\u00e9ho pohledu a v\u017edy se sna\u017e\u00ed vyslechnout pot\u0159eby cel\u00e9ho rodinn\u00e9ho t\u00fdmu, proto\u017ee klid a z\u00e1zem\u00ed jsou dle jej\u00edho n\u00e1zoru z\u00e1kladem pro jak\u00e9koliv p\u0159\u00edpadn\u00e9 cvi\u010den\u00ed.\u00a0V Nov\u00e9 Trojce poskytuje ucelen\u00e9 poradenstv\u00ed v oblasti psychomotorick\u00e9ho v\u00fdvoje.<\/p>\n\n\n<p id=\"sitna\">&nbsp;<\/p>\n\n\n<p><strong><span style=\"font-size: 24px;\"><img loading=\"lazy\" decoding=\"async\" class=\"wp-image-3671 alignleft\" src=\"https:\/\/www.nova-trojka.cz\/wp-content\/uploads\/2020\/01\/lenka-sitn\u00e1.jpg\" alt=\"\" width=\"120\" height=\"154\" \/>Mgr. Lenka Sitn\u00e1<\/span><br \/><span style=\"font-size: 18px;\"><em>medi\u00e1torka<br \/><\/em><\/span><\/strong>Vystudovan\u00e1 pr\u00e1vni\u010dka zapsan\u00e1 v seznamu medi\u00e1tor\u016f V\u00e1m r\u00e1da pom\u016f\u017ee s urovn\u00e1v\u00e1n\u00edm spor\u016f mezi lidmi prost\u0159ednictv\u00edm dohody. Rodinn\u00e1 oblast mediace je jej\u00edm hlavn\u00edm zam\u011b\u0159en\u00edm. Spolupracuje s odborn\u00edky z oboru psychologie pro mo\u017enost zji\u0161\u0165ov\u00e1n\u00ed n\u00e1zor\u016f star\u0161\u00edch d\u011bt\u00ed nebo pro p\u0159\u00edpadnou pomoc pro rodi\u010de. Informace o medi\u00e1torce a pr\u016fb\u011bhu setk\u00e1n\u00ed \u2013\u00a0<a href=\"http:\/\/www.lenkasitna.cz\/\">www.lenkasitna.cz<\/a>.<\/p>\n\n\n<p id=\"skripalova\">&nbsp;<\/p>\n\n\n<p><img loading=\"lazy\" decoding=\"async\" class=\"wp-image-9808  alignleft\" src=\"https:\/\/www.nova-trojka.cz\/wp-content\/uploads\/2024\/08\/Foto_Marketa_Skripalova_2024-222x300.jpg\" alt=\"\" width=\"120\" height=\"162\" srcset=\"https:\/\/www.nova-trojka.cz\/wp-content\/uploads\/2024\/08\/Foto_Marketa_Skripalova_2024-222x300.jpg 222w, https:\/\/www.nova-trojka.cz\/wp-content\/uploads\/2024\/08\/Foto_Marketa_Skripalova_2024-757x1024.jpg 757w, https:\/\/www.nova-trojka.cz\/wp-content\/uploads\/2024\/08\/Foto_Marketa_Skripalova_2024-768x1039.jpg 768w, https:\/\/www.nova-trojka.cz\/wp-content\/uploads\/2024\/08\/Foto_Marketa_Skripalova_2024-1135x1536.jpg 1135w, https:\/\/www.nova-trojka.cz\/wp-content\/uploads\/2024\/08\/Foto_Marketa_Skripalova_2024.jpg 1268w\" sizes=\"auto, (max-width: 120px) 100vw, 120px\" \/><\/p>\n<p><strong><span style=\"font-size: 24px;\">Bc. Mark\u00e9ta Sk\u0159\u00edpalov\u00e1<\/span><br \/><span style=\"font-size: 18px;\"><em>lektorka<br \/><\/em><\/span><\/strong>Vystudovala Fakultu humanitn\u00edch studi\u00ed Univerzity Karlovy se zam\u011b\u0159en\u00edm na etnomuzikologii. Dva roky str\u00e1vila na stipendijn\u00edm pobytu v Indon\u00e9sii, kde studovala tradi\u010dn\u00ed jav\u00e1nskou hudbu gamelan. Absolvovala \u0159adu certifikovan\u00fdch kurz\u016f zam\u011b\u0159en\u00fdch na arteterapii a muzikoterapii.\u00a0Hraje na kytaru, ukulele, zobcovou fl\u00e9tnu, a proto\u017ee nikdy nen\u00ed pozd\u011b, nov\u011b se u\u010d\u00ed hr\u00e1t na kl\u00e1vesy a bic\u00ed soupravu. R\u00e1da pou\u017e\u00edv\u00e1 rozmanit\u00e9 n\u00e1stroje z cel\u00e9ho sv\u011bta. Je p\u0159esv\u011bd\u010dena o tom, \u017ee pole\u010dn\u00e9 zp\u00edv\u00e1n\u00ed a hran\u00ed na hudebn\u00ed n\u00e1stroje m\u00e1 p\u0159in\u00e1\u0161et radost z okam\u017eiku tady a te\u010f, hravost a pot\u011b\u0161en\u00ed.\u00a0V\u00a0Nov\u00e9 Trojce vede krou\u017eky Muzic\u00edrov\u00e1n\u00ed od 3 let a Muzic\u00edrov\u00e1n\u00ed od 5 let.<\/p>\n\n\n<p id=\"sypalova\">&nbsp;<\/p>\n\n\n<p><img loading=\"lazy\" decoding=\"async\" class=\" wp-image-1812 alignleft\" src=\"https:\/\/www.nova-trojka.cz\/wp-content\/uploads\/2019\/08\/Marie-Sypalov\u00e1.jpg\" alt=\"\" width=\"120\" height=\"179\" \/><\/p>\n<p><strong><span style=\"font-size: 24px;\">Marie Sypalov\u00e1<\/span><br \/><span style=\"font-size: 18px;\"><em>lektorka<\/em><\/span><\/strong><br \/>Vystudovala pedagogick\u00e9 minimum. Keramika byla v\u017edy jej\u00edm kon\u00ed\u010dkem, postupem \u010dasu se za\u010dala v\u011bnovat i Tiffanyho technice. Absolvovala kurzy Netradi\u010dn\u00ed v\u00fdtvarn\u00e9 techniky a Netradi\u010dn\u00ed techniky ve v\u00fdtvarn\u00e9 v\u00fdchov\u011b, akreditovan\u00fd vzd\u011bl\u00e1vac\u00ed kurz M\u0160MT s n\u00e1zvem Artefiletika. Vede kurz Keramika pro dosp\u011bl\u00e9 \u2013 plastika.<\/p>\n\n\n<p id=\"stampachova\">&nbsp;<\/p>\n\n\n<p><strong><span style=\"font-size: 24px;\">Mgr. Michaela \u0160tampachov\u00e1<\/span><br \/><span style=\"font-size: 18px;\"><em>lektorka<br \/><\/em><\/span><\/strong>Roda\u010dka z\u00a0Prahy a stoprocentn\u00ed \u010ce\u0161ka miluje \u0158ecko, ko\u010dky a va\u0159en\u00ed. Vystudovala klasickou archeologii a novo\u0159eck\u00fd jazyk na FFUK a vyu\u010duje \u0159e\u010dtinu a angli\u010dtinu v\u00a0kurzech pro dosp\u011bl\u00e9. Tak dlouho se na Nov\u00e9 Trojce v\u00a0kurzu u\u010dila vyr\u00e1b\u011bt keramiku, a\u017e kurz po p\u016fvodn\u00ed lektorce p\u0159evzala. Ve voln\u00fdch chv\u00edl\u00edch zahradni\u010d\u00ed a pom\u00e1h\u00e1 organizovat skupinu \u0159\u00edmsk\u00fdch gladi\u00e1tor\u016f. V Nov\u00e9 Trojce vede kurz Keramika pro dosp\u011bl\u00e9 a Keramick\u00fd ateli\u00e9r pro rodi\u010de s d\u011btmi.<\/p>\n\n\n<p id=\"sturcova\">&nbsp;<\/p>\n\n\n<p><img loading=\"lazy\" decoding=\"async\" class=\"wp-image-7084 alignleft\" src=\"https:\/\/www.nova-trojka.cz\/wp-content\/uploads\/2022\/09\/sturcova-1.jpeg\" alt=\"\" width=\"120\" height=\"149\" \/><strong><span style=\"font-size: 24px;\">Mgr. Libu\u0161e \u0160turcov\u00e1<\/span><br \/><span style=\"font-size: 18px;\"><em>lektorka<br \/><\/em><\/span><\/strong><span style=\"font-weight: 400;\">Narodila se v T\u00e1bo\u0159e, ale v Praze \u017eije u\u017e skoro 20 let. Vystudovala speci\u00e1ln\u00ed pedagogiku na UJAK. M\u00e1 dceru, partnera, psa a chalupu v Lu\u017eick\u00fdch hor\u00e1ch. Miluje filmy, knihy, va\u0159en\u00ed a pohyb, nejv\u00edce b\u011bh a j\u00f3gu. V Nov\u00e9 Trojce vede kurzy Rann\u00ed j\u00f3gov\u00e9 prota\u017een\u00ed a \u00fatern\u00ed, st\u0159ede\u010dn\u00ed a \u010dtvrte\u010dn\u00ed Cvi\u010den\u00ed pro rodi\u010de s d\u011btmi a Sportovn\u00ed \u0161koli\u010dku.<\/span><\/p>\n\n\n<p id=\"tesarova\">&nbsp;<\/p>\n\n\n<p><img loading=\"lazy\" decoding=\"async\" class=\"wp-image-1848 alignleft\" src=\"https:\/\/www.nova-trojka.cz\/wp-content\/uploads\/2019\/08\/Lea-Tesa\u0159ov\u00e1-200x300.jpg\" alt=\"\" width=\"120\" height=\"180\" srcset=\"https:\/\/www.nova-trojka.cz\/wp-content\/uploads\/2019\/08\/Lea-Tesa\u0159ov\u00e1-200x300.jpg 200w, https:\/\/www.nova-trojka.cz\/wp-content\/uploads\/2019\/08\/Lea-Tesa\u0159ov\u00e1.jpg 533w\" sizes=\"auto, (max-width: 120px) 100vw, 120px\" \/><\/p>\n<p><strong><span style=\"font-size: 24px;\">PhDr. Lea Tesa\u0159ov\u00e1<\/span><br \/><span style=\"font-size: 18px;\"><em>poradkyn\u011b<br \/><\/em><\/span><\/strong>Vystudovala UJAK v Praze, obor andragogika se zam\u011b\u0159en\u00edm na pedagogiku. Pracovala jako vedouc\u00ed pracovi\u0161t\u011b zab\u00fdvaj\u00edc\u00edho se soci\u00e1ln\u011b-pr\u00e1vn\u00ed ochranou d\u011bt\u00ed a p\u016fsobila jako metodik rodinn\u00e9 politiky. Nab\u00edz\u00ed poradenstv\u00ed v t\u011bchto oblastech \u2013 vztahy mezi rodi\u010di, rodi\u010di a d\u011btmi, \u0159e\u0161en\u00ed v\u00fdchovn\u00fdch nebo jin\u00fdch probl\u00e9m\u016f, \u00faprava pom\u011br\u016f nezletil\u00fdch d\u011bt\u00ed, mo\u017enosti soci\u00e1ln\u00edho zabezpe\u010den\u00ed.<\/p>\n\n\n<p id=\"tongiani\">&nbsp;<\/p>\n\n\n<p><img loading=\"lazy\" decoding=\"async\" class=\"wp-image-9087 alignleft\" src=\"https:\/\/www.nova-trojka.cz\/wp-content\/uploads\/2024\/02\/Jan-Ruben-Tongiani-268x300.jpg\" alt=\"\" width=\"121\" height=\"135\" srcset=\"https:\/\/www.nova-trojka.cz\/wp-content\/uploads\/2024\/02\/Jan-Ruben-Tongiani-268x300.jpg 268w, https:\/\/www.nova-trojka.cz\/wp-content\/uploads\/2024\/02\/Jan-Ruben-Tongiani.jpg 346w\" sizes=\"auto, (max-width: 121px) 100vw, 121px\" \/><\/p>\n<p><strong><span style=\"font-size: 24px;\">Jan Ruben Tongiani<\/span><br \/><span style=\"font-size: 18px;\"><em>lektor<br \/><\/em><\/span><\/strong>Je absolvent Waldorfsk\u00e9ho lycea, klav\u00edru na ZU\u0160 a student FF UK oboru Italianistika. V\u011bnuje se alternativn\u00edmu rocku s kapelou Neue Welt a krom\u011b klav\u00edru ovl\u00e1d\u00e1 i hru na fl\u00e9tnu a na kytaru. Jeho z\u00e1jmy jsou v\u0161estrann\u00e9, krom\u011b skl\u00e1d\u00e1n\u00ed autorsk\u00e9 hudby tak\u00e9 maluje, p\u016fsobil jako kur\u00e1tor v\u00fdstav a v\u011bnuje se thajsk\u00e9mu boxu. V Nov\u00e9 Trojce u\u010d\u00ed hru na klav\u00edr, fl\u00e9tnu a kytaru.<\/p>\n\n\n<p id=\"trojakova\">&nbsp;<\/p>\n\n\n<p><strong><span style=\"font-size: 24px;\"><img loading=\"lazy\" decoding=\"async\" class=\"alignleft wp-image-11815\" src=\"https:\/\/www.nova-trojka.cz\/wp-content\/uploads\/2026\/02\/Karolina-Trojakova-225x300.jpeg\" alt=\"\" width=\"90\" height=\"120\" \/>Karol\u00edna Troj\u00e1kov\u00e1<\/span><br \/><span style=\"font-size: 18px;\"><em>lektorka<br \/><\/em><\/span><\/strong>Od 4 let nav\u0161t\u011bvovala baletn\u00ed \u0161kolu Attitudeballet. Zde p\u016fsobila 10 let jak na divadeln\u00ed, tak sout\u011b\u017en\u00ed sc\u00e9n\u011b. Ve 12 letech byla poprv\u00e9 na mistrovstv\u00ed sv\u011bta v Portugalsk\u00e9m Portu. Od 13 let je sou\u010d\u00e1st\u00ed pra\u017esk\u00e9 pobo\u010dky Movement studios. S n\u00edm z\u00edskala tituly n\u011bkolikan\u00e1sobn\u00fd mistr a vicemistr sv\u011bta. Nyn\u00ed se v\u011bnuje \u00a0contemporary, lyrical, jazzu, akrobacii a \u010d\u00e1ste\u010dn\u011b baletu v soukrom\u00e9 skupin\u011b pod veden\u00edm Barbory Sm\u00ed\u0161kov\u00e9 a Anny Tomkov\u00e9. Tak\u00e9 p\u016fsob\u00ed v divadle Nov\u00e1 spir\u00e1la, hraje beachvolejbal, r\u00e1da se v\u011bnuje jak\u00fdmkoliv sport\u016fm, ale p\u0159edev\u0161\u00edm zimn\u00edm a 8 let hr\u00e1la na klav\u00edr. Studuje na st\u0159edn\u00ed pr\u016fmyslov\u00e9 \u0161kole stavebn\u00ed obor architektura a interi\u00e9rov\u00fd design. V Nov\u00e9 Trojce vede kurz Tane\u010dky.<\/p>\n\n\n<p id=\"vanova\">&nbsp;<\/p>\n\n\n<p><strong><span style=\"font-size: 24px;\"><img loading=\"lazy\" decoding=\"async\" class=\"wp-image-11823 alignleft\" src=\"https:\/\/www.nova-trojka.cz\/wp-content\/uploads\/2026\/02\/Tereza-Vanova-e1771406178128-245x300.jpeg\" alt=\"\" width=\"98\" height=\"120\" srcset=\"https:\/\/www.nova-trojka.cz\/wp-content\/uploads\/2026\/02\/Tereza-Vanova-e1771406178128-245x300.jpeg 245w, https:\/\/www.nova-trojka.cz\/wp-content\/uploads\/2026\/02\/Tereza-Vanova-e1771406178128-838x1024.jpeg 838w, https:\/\/www.nova-trojka.cz\/wp-content\/uploads\/2026\/02\/Tereza-Vanova-e1771406178128-768x939.jpeg 768w, https:\/\/www.nova-trojka.cz\/wp-content\/uploads\/2026\/02\/Tereza-Vanova-e1771406178128-293x363.jpeg 293w, https:\/\/www.nova-trojka.cz\/wp-content\/uploads\/2026\/02\/Tereza-Vanova-e1771406178128-767x950.jpeg 767w, https:\/\/www.nova-trojka.cz\/wp-content\/uploads\/2026\/02\/Tereza-Vanova-e1771406178128.jpeg 1178w\" sizes=\"auto, (max-width: 98px) 100vw, 98px\" \/>Tereza V\u00e1\u0148ov\u00e1<\/span><br \/><span style=\"font-size: 18px;\"><em>lektorka<br \/><\/em><\/span><\/strong>Tereza je absolventka SUP\u0160 na \u017di\u017ekov\u011b, obor Design hern\u00edch p\u0159edm\u011bt\u016f. Zab\u00fdv\u00e1 se \u0161irokou \u0161k\u00e1lou v\u00fdtvarn\u00fdch \u010dinnost\u00ed v\u010detn\u011b modelov\u00e1n\u00ed, vedla lekce keramiky v\u00a0rodinn\u00e9 d\u00edln\u011b. Miluje kulturu, zab\u00fdv\u00e1 se i malbou, kresbou a grafikou. Keramiku vn\u00edm\u00e1 nejen jako \u0159emeslo, ale i jako prostor pro experimentov\u00e1n\u00ed a uvoln\u011bn\u00ed.\u00a0V\u00a0Nov\u00e9 Trojce nov\u011b vede kurzy Keramiky pro d\u011bti, pro rodi\u010de s\u00a0d\u011btmi a pro dosp\u011bl\u00e9.<\/p>\n\n\n<p id=\"veleminsky\">&nbsp;<\/p>\n\n\n<div>\n<p><img loading=\"lazy\" decoding=\"async\" class=\"wp-image-1818 alignleft\" src=\"https:\/\/www.nova-trojka.cz\/wp-content\/uploads\/2019\/08\/Luk\u00e1\u0161-Velem\u00ednsk\u00fd-259x300.jpg\" alt=\"\" width=\"119\" height=\"138\" srcset=\"https:\/\/www.nova-trojka.cz\/wp-content\/uploads\/2019\/08\/Luk\u00e1\u0161-Velem\u00ednsk\u00fd-259x300.jpg 259w, https:\/\/www.nova-trojka.cz\/wp-content\/uploads\/2019\/08\/Luk\u00e1\u0161-Velem\u00ednsk\u00fd-768x891.jpg 768w, https:\/\/www.nova-trojka.cz\/wp-content\/uploads\/2019\/08\/Luk\u00e1\u0161-Velem\u00ednsk\u00fd-883x1024.jpg 883w, https:\/\/www.nova-trojka.cz\/wp-content\/uploads\/2019\/08\/Luk\u00e1\u0161-Velem\u00ednsk\u00fd.jpg 1604w\" sizes=\"auto, (max-width: 119px) 100vw, 119px\" \/><\/p>\n<\/div>\n<div>\n<p><strong><span style=\"font-size: 24px;\">Luk\u00e1\u0161 Velem\u00ednsk\u00fd<\/span><br \/><span style=\"font-size: 18px;\"><em>lektor<br \/><\/em><\/span><\/strong>Hudb\u011b se za\u010dal v\u011bnovat asi v 5 letech, kdy za\u010dal chodit na klav\u00edr na ZU\u0160, pozd\u011bji za\u010dal hr\u00e1t i na kytaru. Studoval klav\u00edr na Gymn\u00e1ziu a Hudebn\u00ed \u0160kole hl. m. Prahy, nyn\u00ed studuje V\u0160. Od d\u011btstv\u00ed ho bav\u00ed ps\u00e1t p\u00edsn\u011b a m\u00e1 r\u00e1d rock. Hraje v n\u011bkolika kapel\u00e1ch r\u016fzn\u00fdch \u017e\u00e1nr\u016f. Vede kurz Kytara.<\/p>\n<\/div>\n\n\n<p id=\"vitarigova\">&nbsp;<\/p>\n\n\n<p><strong><span style=\"font-size: 24px;\"><img loading=\"lazy\" decoding=\"async\" class=\"wp-image-9807 alignleft\" src=\"https:\/\/www.nova-trojka.cz\/wp-content\/uploads\/2024\/08\/Alisa-Petrienko-249x300.jpg\" alt=\"\" width=\"120\" height=\"145\" srcset=\"https:\/\/www.nova-trojka.cz\/wp-content\/uploads\/2024\/08\/Alisa-Petrienko-249x300.jpg 249w, https:\/\/www.nova-trojka.cz\/wp-content\/uploads\/2024\/08\/Alisa-Petrienko-849x1024.jpg 849w, https:\/\/www.nova-trojka.cz\/wp-content\/uploads\/2024\/08\/Alisa-Petrienko-768x927.jpg 768w, https:\/\/www.nova-trojka.cz\/wp-content\/uploads\/2024\/08\/Alisa-Petrienko-1273x1536.jpg 1273w, https:\/\/www.nova-trojka.cz\/wp-content\/uploads\/2024\/08\/Alisa-Petrienko-1697x2048.jpg 1697w\" sizes=\"auto, (max-width: 120px) 100vw, 120px\" \/>Alisa Vitarigov\u00e1<\/span><br \/><span style=\"font-size: 18px;\"><em>lektorka<br \/><\/em><\/span><\/strong>Alisa se j\u00f3ze se v\u011bnuje u\u017e 5 let a pr\u00e1v\u011b za\u010d\u00edn\u00e1 svou cestu jako instruktorka po absolvov\u00e1n\u00ed kurz\u016f pro u\u010ditele j\u00f3gy. J\u00f3ga pro ni nen\u00ed jen cvi\u010den\u00ed, ale prost\u0159edek spojen\u00ed se sv\u011btem a sama se sebou. S velk\u00fdm nad\u0161en\u00edm se t\u011b\u0161\u00ed na to, jak bude na\u0161im trojkov\u00fdm jog\u00edn\u016fm pom\u00e1hat objevovat kr\u00e1su v rovnov\u00e1ze, trp\u011blivosti, flexibilit\u011b a meditaci. V\u011b\u0159\u00ed, \u017ee j\u00f3ga n\u00e1m m\u016f\u017ee p\u0159in\u00e9st hlubok\u00fd vnit\u0159n\u00ed klid a harmonii. Krom\u011b j\u00f3gy se zaj\u00edm\u00e1 tak\u00e9 o filozofii, kulturu, fotografii a r\u00e1da hraje na kytaru. V Nov\u00e9 Trojce vede kurz Hathaj\u00f3ga.<\/p>\n\n\n<p id=\"vlkova\">&nbsp;<\/p>\n\n\n<p><strong><span style=\"font-size: 24px;\"><img loading=\"lazy\" decoding=\"async\" class=\"wp-image-11696 alignleft\" src=\"https:\/\/www.nova-trojka.cz\/wp-content\/uploads\/2016\/12\/DSC_4169_d-scaled-e1770386816364-249x300.jpg\" alt=\"\" width=\"100\" height=\"120\" srcset=\"https:\/\/www.nova-trojka.cz\/wp-content\/uploads\/2016\/12\/DSC_4169_d-scaled-e1770386816364-249x300.jpg 249w, https:\/\/www.nova-trojka.cz\/wp-content\/uploads\/2016\/12\/DSC_4169_d-scaled-e1770386816364-851x1024.jpg 851w, https:\/\/www.nova-trojka.cz\/wp-content\/uploads\/2016\/12\/DSC_4169_d-scaled-e1770386816364-768x924.jpg 768w, https:\/\/www.nova-trojka.cz\/wp-content\/uploads\/2016\/12\/DSC_4169_d-scaled-e1770386816364-1277x1536.jpg 1277w, https:\/\/www.nova-trojka.cz\/wp-content\/uploads\/2016\/12\/DSC_4169_d-scaled-e1770386816364-1703x2048.jpg 1703w, https:\/\/www.nova-trojka.cz\/wp-content\/uploads\/2016\/12\/DSC_4169_d-scaled-e1770386816364.jpg 1706w\" sizes=\"auto, (max-width: 100px) 100vw, 100px\" \/>Veronika Vlkov\u00e1<\/span><br \/><span style=\"font-size: 18px;\"><em>lektorka<br \/><\/em><\/span><\/strong>Veronika vystudovala Obchodn\u00ed akademii Hovor\u010dovick\u00e1 a pozd\u011bji kurz marketingu na Open University. Je dr\u017eitelkou certifik\u00e1tu pedagog voln\u00e9ho \u010dasu a kvalifikace ch\u016fvy. Bav\u00ed ji v\u0161e tvo\u0159iv\u00e9 a pr\u00e1ce s d\u011btmi, p\u0159i kter\u00e9 r\u00e1da podporuje jejich fantazii, radost z objevov\u00e1n\u00ed i p\u0159irozen\u00fd rozvoj. Je maminkou t\u0159\u00ed syn\u016f. V Nov\u00e9 Trojce vede kurz Keramika pro M\u0160 a \u0160koli\u010dka (\u00fater\u00fd), kde se s d\u011btmi v\u011bnuje tvo\u0159en\u00ed, h\u0159e a spole\u010dn\u011b str\u00e1ven\u00e9mu \u010dasu v p\u0159\u00e1telsk\u00e9m prost\u0159ed\u00ed. Tak\u00e9 p\u0159ipravuje tradi\u010dn\u00ed akce pro rodiny s d\u011btmi.<\/p>\n\n\n<p id=\"vokrouhlik\">&nbsp;<\/p>\n\n\n<p><strong><span style=\"font-size: 24px;\"><img loading=\"lazy\" decoding=\"async\" class=\"wp-image-2725 alignleft\" src=\"https:\/\/www.nova-trojka.cz\/wp-content\/uploads\/2019\/08\/v\u00edtek-233x300.jpg\" alt=\"\" width=\"120\" height=\"155\" srcset=\"https:\/\/www.nova-trojka.cz\/wp-content\/uploads\/2019\/08\/v\u00edtek-233x300.jpg 233w, https:\/\/www.nova-trojka.cz\/wp-content\/uploads\/2019\/08\/v\u00edtek-768x991.jpg 768w, https:\/\/www.nova-trojka.cz\/wp-content\/uploads\/2019\/08\/v\u00edtek-794x1024.jpg 794w, https:\/\/www.nova-trojka.cz\/wp-content\/uploads\/2019\/08\/v\u00edtek.jpg 1384w\" sizes=\"auto, (max-width: 120px) 100vw, 120px\" \/>MUDr. V\u00edt Vokrouhl\u00edk<\/span><br \/><span style=\"font-size: 18px;\"><em>lektor, poradce<br \/><\/em><\/span><\/strong>Absolvent 2. l\u00e9ka\u0159sk\u00e9 fakulty Univerzity Karlovy. M\u00e1 atestaci ze v\u0161eobecn\u00e9ho l\u00e9ka\u0159stv\u00ed a provozuje soukromou l\u00e9ka\u0159skou praxi. Zab\u00fdv\u00e1 se t\u00e9\u017e \u010d\u00ednskou medic\u00ednou (akupunktura). Je nad\u0161en\u00fdm hudebn\u00edkem a sportovcem. \u0158\u00edk\u00e1 se o n\u011bm, \u017ee nen\u00ed nikdy unaven\u00fd. Je n\u00e1padit\u00fd (tr\u00e9ninky jsou z\u00e1bavn\u00e9), p\u0159im\u011b\u0159en\u011b opatrn\u00fd (p\u0159\u00edpadn\u00e9 zran\u011bn\u00e9 by musel p\u0159evz\u00edt do p\u00e9\u010de) a dostate\u010dn\u011b citliv\u00fd (v\u00ed, \u017ee za\u010d\u00e1tky jsou t\u011b\u017ek\u00e9 a je pot\u0159eba p\u0159id\u00e1vat postupn\u011b). R\u00e1d cestuje, ly\u017euje, plave v \u010dem se d\u00e1, chod\u00ed do sauny a kryokomory, hraje v kapele na saxofon, skv\u011ble griluje. Je otcem t\u0159\u00ed dcer. S Novou Trojkou je spojen t\u00e9\u017e jako dlouholet\u00fd dobrovoln\u00edk. Je lektorem Bootcampu a poradcem v podp\u016frn\u00e9 skupin\u011b Nemocn\u00e9 d\u00edt\u011b v rodin\u011b.<\/p>\n\n\n<p id=\"zemlickova\">&nbsp;<\/p>\n\n\n<p><strong><span style=\"font-size: 24px;\"><img loading=\"lazy\" decoding=\"async\" class=\"wp-image-11818 alignleft\" src=\"https:\/\/www.nova-trojka.cz\/wp-content\/uploads\/2026\/02\/Nina-Zemlickova-e1771405130977-243x300.jpg\" alt=\"\" width=\"97\" height=\"120\" srcset=\"https:\/\/www.nova-trojka.cz\/wp-content\/uploads\/2026\/02\/Nina-Zemlickova-e1771405130977-243x300.jpg 243w, https:\/\/www.nova-trojka.cz\/wp-content\/uploads\/2026\/02\/Nina-Zemlickova-e1771405130977-293x363.jpg 293w, https:\/\/www.nova-trojka.cz\/wp-content\/uploads\/2026\/02\/Nina-Zemlickova-e1771405130977.jpg 568w\" sizes=\"auto, (max-width: 97px) 100vw, 97px\" \/>Nina \u017demli\u010dkov\u00e1<\/span><\/strong><br \/><strong><em><span style=\"font-size: 18px;\">lektorka<br \/><\/span><\/em><\/strong>Studentka posledn\u00edho ro\u010dn\u00edku gymn\u00e1zia je absolventka ZU\u0160 oboru fl\u00e9tna a klarinet a klav\u00edr. M\u00e1 r\u00e1da hudbu ve v\u0161ech jej\u00edch podob\u00e1ch, sport i keramiku. Hraje v n\u011bkolika hudebn\u00edch uskupen\u00edch a v Nov\u00e9 Trojce u\u010d\u00ed hru na fl\u00e9tnu a na klav\u00edr.<\/p>","protected":false},"excerpt":{"rendered":"<p>&nbsp; Mgr. Edita Jane\u010dkov\u00e1\u0159editelka, poradkyn\u011bVystudovala Pr\u00e1vnickou fakultu UK v Praze, pracovala jako advok\u00e1tka v oblasti obchodn\u00edho i rodinn\u00e9ho pr\u00e1va. V &hellip; <\/p>\n","protected":false},"author":1,"featured_media":0,"parent":694,"menu_order":1,"comment_status":"closed","ping_status":"closed","template":"","meta":{"footnotes":""},"class_list":["post-751","page","type-page","status-publish","hentry","latest_post"],"yoast_head":"<!-- This site is optimized with the Yoast SEO plugin v27.5 - https:\/\/yoast.com\/product\/yoast-seo-wordpress\/ -->\n<title>Lekto\u0159i a poradci - Rodinn\u00e9 centrum Nov\u00e1 Trojka<\/title>\n<meta name=\"description\" content=\"Seznamte se, toto jsou lekto\u0159i a poradci Nov\u00e9 Trojky. Setkat se s nimi m\u016f\u017eete v kurzech, individu\u00e1ln\u00edch \u010di internetov\u00fdch poradn\u00e1ch.\" \/>\n<meta name=\"robots\" content=\"index, follow, max-snippet:-1, max-image-preview:large, max-video-preview:-1\" \/>\n<link rel=\"canonical\" href=\"https:\/\/www.nova-trojka.cz\/index.php\/o-nas\/lektori-a-poradci\/\" \/>\n<meta property=\"og:locale\" content=\"cs_CZ\" \/>\n<meta property=\"og:type\" content=\"article\" \/>\n<meta property=\"og:title\" content=\"Lekto\u0159i a poradci - Rodinn\u00e9 centrum Nov\u00e1 Trojka\" \/>\n<meta property=\"og:description\" content=\"Seznamte se, toto jsou lekto\u0159i a poradci Nov\u00e9 Trojky. Setkat se s nimi m\u016f\u017eete v kurzech, individu\u00e1ln\u00edch \u010di internetov\u00fdch poradn\u00e1ch.\" \/>\n<meta property=\"og:url\" content=\"https:\/\/www.nova-trojka.cz\/index.php\/o-nas\/lektori-a-poradci\/\" \/>\n<meta property=\"og:site_name\" content=\"Rodinn\u00e9 centrum Nov\u00e1 Trojka\" \/>\n<meta property=\"article:publisher\" content=\"https:\/\/www.facebook.com\/novatrojka\/\" \/>\n<meta property=\"article:modified_time\" content=\"2026-04-22T08:54:13+00:00\" \/>\n<meta property=\"og:image\" content=\"http:\/\/www.nova-trojka.cz\/wp-content\/uploads\/2019\/05\/Edita1-e1561631412350-216x300.jpg\" \/>\n<meta name=\"twitter:card\" content=\"summary_large_image\" \/>\n<meta name=\"twitter:label1\" content=\"Odhadovan\u00e1 doba \u010dten\u00ed\" \/>\n\t<meta name=\"twitter:data1\" content=\"23 minut\" \/>\n<script type=\"application\/ld+json\" class=\"yoast-schema-graph\">{\"@context\":\"https:\\\/\\\/schema.org\",\"@graph\":[{\"@type\":\"WebPage\",\"@id\":\"https:\\\/\\\/www.nova-trojka.cz\\\/index.php\\\/o-nas\\\/lektori-a-poradci\\\/\",\"url\":\"https:\\\/\\\/www.nova-trojka.cz\\\/index.php\\\/o-nas\\\/lektori-a-poradci\\\/\",\"name\":\"Lekto\u0159i a poradci - Rodinn\u00e9 centrum Nov\u00e1 Trojka\",\"isPartOf\":{\"@id\":\"https:\\\/\\\/www.nova-trojka.cz\\\/#website\"},\"primaryImageOfPage\":{\"@id\":\"https:\\\/\\\/www.nova-trojka.cz\\\/index.php\\\/o-nas\\\/lektori-a-poradci\\\/#primaryimage\"},\"image\":{\"@id\":\"https:\\\/\\\/www.nova-trojka.cz\\\/index.php\\\/o-nas\\\/lektori-a-poradci\\\/#primaryimage\"},\"thumbnailUrl\":\"http:\\\/\\\/www.nova-trojka.cz\\\/wp-content\\\/uploads\\\/2019\\\/05\\\/Edita1-e1561631412350-216x300.jpg\",\"datePublished\":\"2019-05-21T11:02:51+00:00\",\"dateModified\":\"2026-04-22T08:54:13+00:00\",\"description\":\"Seznamte se, toto jsou lekto\u0159i a poradci Nov\u00e9 Trojky. Setkat se s nimi m\u016f\u017eete v kurzech, individu\u00e1ln\u00edch \u010di internetov\u00fdch poradn\u00e1ch.\",\"breadcrumb\":{\"@id\":\"https:\\\/\\\/www.nova-trojka.cz\\\/index.php\\\/o-nas\\\/lektori-a-poradci\\\/#breadcrumb\"},\"inLanguage\":\"cs\",\"potentialAction\":[{\"@type\":\"ReadAction\",\"target\":[\"https:\\\/\\\/www.nova-trojka.cz\\\/index.php\\\/o-nas\\\/lektori-a-poradci\\\/\"]}]},{\"@type\":\"ImageObject\",\"inLanguage\":\"cs\",\"@id\":\"https:\\\/\\\/www.nova-trojka.cz\\\/index.php\\\/o-nas\\\/lektori-a-poradci\\\/#primaryimage\",\"url\":\"http:\\\/\\\/www.nova-trojka.cz\\\/wp-content\\\/uploads\\\/2019\\\/05\\\/Edita1-e1561631412350-216x300.jpg\",\"contentUrl\":\"http:\\\/\\\/www.nova-trojka.cz\\\/wp-content\\\/uploads\\\/2019\\\/05\\\/Edita1-e1561631412350-216x300.jpg\"},{\"@type\":\"BreadcrumbList\",\"@id\":\"https:\\\/\\\/www.nova-trojka.cz\\\/index.php\\\/o-nas\\\/lektori-a-poradci\\\/#breadcrumb\",\"itemListElement\":[{\"@type\":\"ListItem\",\"position\":1,\"name\":\"Dom\u016f\",\"item\":\"https:\\\/\\\/www.nova-trojka.cz\\\/\"},{\"@type\":\"ListItem\",\"position\":2,\"name\":\"O n\u00e1s\",\"item\":\"https:\\\/\\\/www.nova-trojka.cz\\\/index.php\\\/o-nas\\\/\"},{\"@type\":\"ListItem\",\"position\":3,\"name\":\"Lekto\u0159i a poradci\"}]},{\"@type\":\"WebSite\",\"@id\":\"https:\\\/\\\/www.nova-trojka.cz\\\/#website\",\"url\":\"https:\\\/\\\/www.nova-trojka.cz\\\/\",\"name\":\"Nov\u00e1 Trojka\",\"description\":\"Rodinn\u00e9 a kulturn\u00ed centrum Nov\u00e1 Trojka nab\u00edz\u00ed p\u0159\u00e1telsk\u00fd, bezpe\u010dn\u00fd a inspirativn\u00ed prostor pro celou rodinu.\",\"publisher\":{\"@id\":\"https:\\\/\\\/www.nova-trojka.cz\\\/#organization\"},\"potentialAction\":[{\"@type\":\"SearchAction\",\"target\":{\"@type\":\"EntryPoint\",\"urlTemplate\":\"https:\\\/\\\/www.nova-trojka.cz\\\/?s={search_term_string}\"},\"query-input\":{\"@type\":\"PropertyValueSpecification\",\"valueRequired\":true,\"valueName\":\"search_term_string\"}}],\"inLanguage\":\"cs\"},{\"@type\":\"Organization\",\"@id\":\"https:\\\/\\\/www.nova-trojka.cz\\\/#organization\",\"name\":\"NOV\u00c1 TROJKA, z.s.\",\"url\":\"https:\\\/\\\/www.nova-trojka.cz\\\/\",\"logo\":{\"@type\":\"ImageObject\",\"inLanguage\":\"cs\",\"@id\":\"https:\\\/\\\/www.nova-trojka.cz\\\/#\\\/schema\\\/logo\\\/image\\\/\",\"url\":\"https:\\\/\\\/www.nova-trojka.cz\\\/wp-content\\\/uploads\\\/2019\\\/05\\\/logotypN3.png\",\"contentUrl\":\"https:\\\/\\\/www.nova-trojka.cz\\\/wp-content\\\/uploads\\\/2019\\\/05\\\/logotypN3.png\",\"width\":640,\"height\":480,\"caption\":\"NOV\u00c1 TROJKA, z.s.\"},\"image\":{\"@id\":\"https:\\\/\\\/www.nova-trojka.cz\\\/#\\\/schema\\\/logo\\\/image\\\/\"},\"sameAs\":[\"https:\\\/\\\/www.facebook.com\\\/novatrojka\\\/\",\"https:\\\/\\\/www.instagram.com\\\/novatrojka\\\/\"]}]}<\/script>\n<!-- \/ Yoast SEO plugin. -->","yoast_head_json":{"title":"Lekto\u0159i a poradci - Rodinn\u00e9 centrum Nov\u00e1 Trojka","description":"Seznamte se, toto jsou lekto\u0159i a poradci Nov\u00e9 Trojky. Setkat se s nimi m\u016f\u017eete v kurzech, individu\u00e1ln\u00edch \u010di internetov\u00fdch poradn\u00e1ch.","robots":{"index":"index","follow":"follow","max-snippet":"max-snippet:-1","max-image-preview":"max-image-preview:large","max-video-preview":"max-video-preview:-1"},"canonical":"https:\/\/www.nova-trojka.cz\/index.php\/o-nas\/lektori-a-poradci\/","og_locale":"cs_CZ","og_type":"article","og_title":"Lekto\u0159i a poradci - Rodinn\u00e9 centrum Nov\u00e1 Trojka","og_description":"Seznamte se, toto jsou lekto\u0159i a poradci Nov\u00e9 Trojky. Setkat se s nimi m\u016f\u017eete v kurzech, individu\u00e1ln\u00edch \u010di internetov\u00fdch poradn\u00e1ch.","og_url":"https:\/\/www.nova-trojka.cz\/index.php\/o-nas\/lektori-a-poradci\/","og_site_name":"Rodinn\u00e9 centrum Nov\u00e1 Trojka","article_publisher":"https:\/\/www.facebook.com\/novatrojka\/","article_modified_time":"2026-04-22T08:54:13+00:00","og_image":[{"url":"http:\/\/www.nova-trojka.cz\/wp-content\/uploads\/2019\/05\/Edita1-e1561631412350-216x300.jpg","type":"","width":"","height":""}],"twitter_card":"summary_large_image","twitter_misc":{"Odhadovan\u00e1 doba \u010dten\u00ed":"23 minut"},"schema":{"@context":"https:\/\/schema.org","@graph":[{"@type":"WebPage","@id":"https:\/\/www.nova-trojka.cz\/index.php\/o-nas\/lektori-a-poradci\/","url":"https:\/\/www.nova-trojka.cz\/index.php\/o-nas\/lektori-a-poradci\/","name":"Lekto\u0159i a poradci - Rodinn\u00e9 centrum Nov\u00e1 Trojka","isPartOf":{"@id":"https:\/\/www.nova-trojka.cz\/#website"},"primaryImageOfPage":{"@id":"https:\/\/www.nova-trojka.cz\/index.php\/o-nas\/lektori-a-poradci\/#primaryimage"},"image":{"@id":"https:\/\/www.nova-trojka.cz\/index.php\/o-nas\/lektori-a-poradci\/#primaryimage"},"thumbnailUrl":"http:\/\/www.nova-trojka.cz\/wp-content\/uploads\/2019\/05\/Edita1-e1561631412350-216x300.jpg","datePublished":"2019-05-21T11:02:51+00:00","dateModified":"2026-04-22T08:54:13+00:00","description":"Seznamte se, toto jsou lekto\u0159i a poradci Nov\u00e9 Trojky. Setkat se s nimi m\u016f\u017eete v kurzech, individu\u00e1ln\u00edch \u010di internetov\u00fdch poradn\u00e1ch.","breadcrumb":{"@id":"https:\/\/www.nova-trojka.cz\/index.php\/o-nas\/lektori-a-poradci\/#breadcrumb"},"inLanguage":"cs","potentialAction":[{"@type":"ReadAction","target":["https:\/\/www.nova-trojka.cz\/index.php\/o-nas\/lektori-a-poradci\/"]}]},{"@type":"ImageObject","inLanguage":"cs","@id":"https:\/\/www.nova-trojka.cz\/index.php\/o-nas\/lektori-a-poradci\/#primaryimage","url":"http:\/\/www.nova-trojka.cz\/wp-content\/uploads\/2019\/05\/Edita1-e1561631412350-216x300.jpg","contentUrl":"http:\/\/www.nova-trojka.cz\/wp-content\/uploads\/2019\/05\/Edita1-e1561631412350-216x300.jpg"},{"@type":"BreadcrumbList","@id":"https:\/\/www.nova-trojka.cz\/index.php\/o-nas\/lektori-a-poradci\/#breadcrumb","itemListElement":[{"@type":"ListItem","position":1,"name":"Dom\u016f","item":"https:\/\/www.nova-trojka.cz\/"},{"@type":"ListItem","position":2,"name":"O n\u00e1s","item":"https:\/\/www.nova-trojka.cz\/index.php\/o-nas\/"},{"@type":"ListItem","position":3,"name":"Lekto\u0159i a poradci"}]},{"@type":"WebSite","@id":"https:\/\/www.nova-trojka.cz\/#website","url":"https:\/\/www.nova-trojka.cz\/","name":"Nov\u00e1 Trojka","description":"Rodinn\u00e9 a kulturn\u00ed centrum Nov\u00e1 Trojka nab\u00edz\u00ed p\u0159\u00e1telsk\u00fd, bezpe\u010dn\u00fd a inspirativn\u00ed prostor pro celou rodinu.","publisher":{"@id":"https:\/\/www.nova-trojka.cz\/#organization"},"potentialAction":[{"@type":"SearchAction","target":{"@type":"EntryPoint","urlTemplate":"https:\/\/www.nova-trojka.cz\/?s={search_term_string}"},"query-input":{"@type":"PropertyValueSpecification","valueRequired":true,"valueName":"search_term_string"}}],"inLanguage":"cs"},{"@type":"Organization","@id":"https:\/\/www.nova-trojka.cz\/#organization","name":"NOV\u00c1 TROJKA, z.s.","url":"https:\/\/www.nova-trojka.cz\/","logo":{"@type":"ImageObject","inLanguage":"cs","@id":"https:\/\/www.nova-trojka.cz\/#\/schema\/logo\/image\/","url":"https:\/\/www.nova-trojka.cz\/wp-content\/uploads\/2019\/05\/logotypN3.png","contentUrl":"https:\/\/www.nova-trojka.cz\/wp-content\/uploads\/2019\/05\/logotypN3.png","width":640,"height":480,"caption":"NOV\u00c1 TROJKA, z.s."},"image":{"@id":"https:\/\/www.nova-trojka.cz\/#\/schema\/logo\/image\/"},"sameAs":["https:\/\/www.facebook.com\/novatrojka\/","https:\/\/www.instagram.com\/novatrojka\/"]}]}},"_links":{"self":[{"href":"https:\/\/www.nova-trojka.cz\/index.php\/wp-json\/wp\/v2\/pages\/751","targetHints":{"allow":["GET"]}}],"collection":[{"href":"https:\/\/www.nova-trojka.cz\/index.php\/wp-json\/wp\/v2\/pages"}],"about":[{"href":"https:\/\/www.nova-trojka.cz\/index.php\/wp-json\/wp\/v2\/types\/page"}],"author":[{"embeddable":true,"href":"https:\/\/www.nova-trojka.cz\/index.php\/wp-json\/wp\/v2\/users\/1"}],"replies":[{"embeddable":true,"href":"https:\/\/www.nova-trojka.cz\/index.php\/wp-json\/wp\/v2\/comments?post=751"}],"version-history":[{"count":239,"href":"https:\/\/www.nova-trojka.cz\/index.php\/wp-json\/wp\/v2\/pages\/751\/revisions"}],"predecessor-version":[{"id":12441,"href":"https:\/\/www.nova-trojka.cz\/index.php\/wp-json\/wp\/v2\/pages\/751\/revisions\/12441"}],"up":[{"embeddable":true,"href":"https:\/\/www.nova-trojka.cz\/index.php\/wp-json\/wp\/v2\/pages\/694"}],"wp:attachment":[{"href":"https:\/\/www.nova-trojka.cz\/index.php\/wp-json\/wp\/v2\/media?parent=751"}],"curies":[{"name":"wp","href":"https:\/\/api.w.org\/{rel}","templated":true}]}}