{"id":712,"date":"2019-05-20T16:15:25","date_gmt":"2019-05-20T16:15:25","guid":{"rendered":"http:\/\/www.nova-trojka.cz\/?page_id=712"},"modified":"2026-03-20T12:30:29","modified_gmt":"2026-03-20T11:30:29","slug":"tabory","status":"publish","type":"page","link":"https:\/\/www.nova-trojka.cz\/index.php\/tabory\/","title":{"rendered":"P\u0159\u00edm\u011bstsk\u00e9 t\u00e1bory"},"content":{"rendered":"\n<div class=\"wp-block-cover is-light\"><img loading=\"lazy\" decoding=\"async\" width=\"1024\" height=\"853\" class=\"wp-block-cover__image-background wp-image-3872 size-large\" alt=\"\" src=\"https:\/\/www.nova-trojka.cz\/wp-content\/uploads\/2020\/02\/Letn\u00ed-p\u0159\u00edm\u011bstsk\u00fd-t\u00e1bor-3-6let-360x300px-1024x853.jpg\" data-object-fit=\"cover\" srcset=\"https:\/\/www.nova-trojka.cz\/wp-content\/uploads\/2020\/02\/Letn\u00ed-p\u0159\u00edm\u011bstsk\u00fd-t\u00e1bor-3-6let-360x300px-1024x853.jpg 1024w, https:\/\/www.nova-trojka.cz\/wp-content\/uploads\/2020\/02\/Letn\u00ed-p\u0159\u00edm\u011bstsk\u00fd-t\u00e1bor-3-6let-360x300px-300x250.jpg 300w, https:\/\/www.nova-trojka.cz\/wp-content\/uploads\/2020\/02\/Letn\u00ed-p\u0159\u00edm\u011bstsk\u00fd-t\u00e1bor-3-6let-360x300px-768x640.jpg 768w, https:\/\/www.nova-trojka.cz\/wp-content\/uploads\/2020\/02\/Letn\u00ed-p\u0159\u00edm\u011bstsk\u00fd-t\u00e1bor-3-6let-360x300px-1536x1280.jpg 1536w, https:\/\/www.nova-trojka.cz\/wp-content\/uploads\/2020\/02\/Letn\u00ed-p\u0159\u00edm\u011bstsk\u00fd-t\u00e1bor-3-6let-360x300px-2048x1707.jpg 2048w, https:\/\/www.nova-trojka.cz\/wp-content\/uploads\/2020\/02\/Letn\u00ed-p\u0159\u00edm\u011bstsk\u00fd-t\u00e1bor-3-6let-360x300px-360x300.jpg 360w\" sizes=\"auto, (max-width: 1024px) 100vw, 1024px\" \/><span aria-hidden=\"true\" class=\"wp-block-cover__background has-background-dim\" style=\"background-color:#7a8e72\"><\/span><div class=\"wp-block-cover__inner-container is-layout-flow wp-block-cover-is-layout-flow\">\n<p class=\"has-text-align-center has-large-font-size\">S n\u00e1mi se d\u011bti nenud\u00ed<\/p>\n<\/div><\/div>\n\n\n\n<p>Na jarn\u00ed, letn\u00ed a podzimn\u00ed pr\u00e1zdniny p\u0159ipravujeme pro d\u011bti 6 &#8211; 12 let p\u0159\u00edm\u011bstsk\u00e9 pr\u00e1zdniny se zaj\u00edmav\u00fdm programem pln\u00fdm v\u00fdlet\u016f, her, sportu a tvo\u0159en\u00ed.<\/p>\n\n\n\n<p><\/p>\n\n\n\n<p><\/p>\n\n\n\n<p><\/p>\n\n\n\n<h4 class=\"wp-block-heading\">Letn\u00ed p\u0159\u00edm\u011bstsk\u00e9 t\u00e1bory pro d\u011bti <\/h4>\n\n\n<p><img loading=\"lazy\" decoding=\"async\" class=\"alignleft wp-image-5033 size-thumbnail\" src=\"https:\/\/www.nova-trojka.cz\/wp-content\/uploads\/2021\/02\/Letn\u00ed-p\u0159\u00edm\u011bstsk\u00fd-t\u00e1bor-360x300px-150x150.jpg\" alt=\"\" width=\"150\" height=\"150\" srcset=\"https:\/\/www.nova-trojka.cz\/wp-content\/uploads\/2021\/02\/Letn\u00ed-p\u0159\u00edm\u011bstsk\u00fd-t\u00e1bor-360x300px-150x150.jpg 150w, https:\/\/www.nova-trojka.cz\/wp-content\/uploads\/2021\/02\/Letn\u00ed-p\u0159\u00edm\u011bstsk\u00fd-t\u00e1bor-360x300px-246x246.jpg 246w, https:\/\/www.nova-trojka.cz\/wp-content\/uploads\/2021\/02\/Letn\u00ed-p\u0159\u00edm\u011bstsk\u00fd-t\u00e1bor-360x300px-275x275.jpg 275w, https:\/\/www.nova-trojka.cz\/wp-content\/uploads\/2021\/02\/Letn\u00ed-p\u0159\u00edm\u011bstsk\u00fd-t\u00e1bor-360x300px-70x70.jpg 70w, https:\/\/www.nova-trojka.cz\/wp-content\/uploads\/2021\/02\/Letn\u00ed-p\u0159\u00edm\u011bstsk\u00fd-t\u00e1bor-360x300px-276x276.jpg 276w, https:\/\/www.nova-trojka.cz\/wp-content\/uploads\/2021\/02\/Letn\u00ed-p\u0159\u00edm\u011bstsk\u00fd-t\u00e1bor-360x300px-125x125.jpg 125w, https:\/\/www.nova-trojka.cz\/wp-content\/uploads\/2021\/02\/Letn\u00ed-p\u0159\u00edm\u011bstsk\u00fd-t\u00e1bor-360x300px-211x211.jpg 211w\" sizes=\"auto, (max-width: 150px) 100vw, 150px\" \/><\/p>\n\n<p>Letn\u00ed p\u0159\u00edm\u011bstsk\u00fd t\u00e1bor pro d\u011bti 6 -12 let<\/p>\n<p><span style=\"font-size: revert; color: initial;\">Celodenn\u00ed program, v\u00fdlety, sout\u011b\u017ee, sportovn\u00ed aktivity, hry, v\u00fdtvarka a z\u00e1bava od pond\u011bl\u00ed do p\u00e1tku. Strava (dopoledn\u00ed a odpoledn\u00ed sva\u010dinka, pol\u00e9vka a druh\u00fd chod) a celodenn\u00ed pitn\u00fd re\u017eim v cen\u011b. <\/span><strong style=\"font-size: revert; color: initial;\">Term\u00edn:<\/strong><span style=\"font-size: revert; color: initial;\"> 1.7. &#8211; 28. 8. 2026, ka\u017ed\u00fd t\u00fdden jin\u00fd program.<\/span><\/p>\n<p><strong>Cena:<\/strong> 2.500 K\u010d\/t\u00fdden<br \/><strong>V\u00edce informac\u00ed:<\/strong> tabory@novatrojka.cz<br \/><strong>Registrace:<\/strong> <a href=\"https:\/\/nova-trojka.webooker.eu\/flutter\/#\/courses\/semester\/22647\">zde<\/a>.<\/p>\n\n\n<div class=\"wp-block-group\"><div class=\"wp-block-group__inner-container is-layout-constrained wp-block-group-is-layout-constrained\">\n<p class=\"has-text-align-left\">Prvn\u00ed dva t\u00fddny p\u0159\u00edm\u011bstsk\u00e9ho t\u00e1bora jsou sou\u010d\u00e1st\u00ed soci\u00e1ln\u00edho programu pro d\u011bti z p\u011bstounsk\u00fdch a znev\u00fdhodn\u011bn\u00fdch rodin evidovan\u00fdch OSPOD Praha 3.<\/p>\n<\/div><\/div>\n\n\n\n<p>Pokud jste evidovan\u00ed na OSPOD Praha 3 a m\u00e1te z\u00e1jem p\u0159ihl\u00e1sit sv\u00e9 d\u00edt\u011b na p\u0159\u00edm\u011bstsk\u00fd t\u00e1bor, kontaktujte pros\u00edm, Mgr. Jolanu Kurzweilovou, tel.: 603 416 724, email: jolana.kurzweilova@novatrojka.cz. Pro d\u011bti evidovan\u00e9 OSPOD Praha 3 jsou p\u0159\u00edm\u011bstsk\u00e9 t\u00e1bory zdarma.<\/p>\n\n\n<p><img loading=\"lazy\" decoding=\"async\" class=\"wp-image-6352 size-thumbnail alignleft\" src=\"https:\/\/www.nova-trojka.cz\/wp-content\/uploads\/2022\/02\/Letni-primestsky-tabor-od-3-let-2022-360x300-px-150x150.jpg\" alt=\"\" width=\"150\" height=\"150\" srcset=\"https:\/\/www.nova-trojka.cz\/wp-content\/uploads\/2022\/02\/Letni-primestsky-tabor-od-3-let-2022-360x300-px-150x150.jpg 150w, https:\/\/www.nova-trojka.cz\/wp-content\/uploads\/2022\/02\/Letni-primestsky-tabor-od-3-let-2022-360x300-px-246x246.jpg 246w, https:\/\/www.nova-trojka.cz\/wp-content\/uploads\/2022\/02\/Letni-primestsky-tabor-od-3-let-2022-360x300-px-275x275.jpg 275w, https:\/\/www.nova-trojka.cz\/wp-content\/uploads\/2022\/02\/Letni-primestsky-tabor-od-3-let-2022-360x300-px-70x70.jpg 70w, https:\/\/www.nova-trojka.cz\/wp-content\/uploads\/2022\/02\/Letni-primestsky-tabor-od-3-let-2022-360x300-px-276x276.jpg 276w, https:\/\/www.nova-trojka.cz\/wp-content\/uploads\/2022\/02\/Letni-primestsky-tabor-od-3-let-2022-360x300-px-125x125.jpg 125w, https:\/\/www.nova-trojka.cz\/wp-content\/uploads\/2022\/02\/Letni-primestsky-tabor-od-3-let-2022-360x300-px-211x211.jpg 211w\" sizes=\"auto, (max-width: 150px) 100vw, 150px\" \/><\/p>\n\n\n<p>Letn\u00ed p\u0159\u00edm\u011bstk\u00e9 t\u00fdbory pro d\u011bti od 3 let<\/p>\n\n\n\n<p>Celodenn\u00ed program, hry, pohyb, v\u00fdtvarka a z\u00e1bava od pond\u011bl\u00ed do p\u00e1tku. Strava (dopoledn\u00ed a odpoledn\u00ed sva\u010dinka, pol\u00e9vka a druh\u00fd chod) a celodenn\u00ed pitn\u00fd re\u017eim v cen\u011b. <strong>Term\u00edn:<\/strong> 20.7. &#8211; 28. 8. 2026, ka\u017ed\u00fd t\u00fdden jin\u00fd program.<\/p>\n\n\n\n<p><strong>Cena:<\/strong> 2.500 K\u010d\/t\u00fdden<br><strong>V\u00edce informac\u00ed:<\/strong> tabory@novatrojka.cz<br><strong>Registrace:<\/strong> <a href=\"https:\/\/nova-trojka.webooker.eu\/flutter\/#\/courses\/semester\/22647\">zde<\/a>.<\/p>\n","protected":false},"excerpt":{"rendered":"<p>Na jarn\u00ed, letn\u00ed a podzimn\u00ed pr\u00e1zdniny p\u0159ipravujeme pro d\u011bti 6 &#8211; 12 let p\u0159\u00edm\u011bstsk\u00e9 pr\u00e1zdniny se zaj\u00edmav\u00fdm programem pln\u00fdm v\u00fdlet\u016f, &hellip; <\/p>\n","protected":false},"author":1,"featured_media":0,"parent":0,"menu_order":3,"comment_status":"closed","ping_status":"closed","template":"","meta":{"footnotes":""},"class_list":["post-712","page","type-page","status-publish","hentry","latest_post"],"yoast_head":"<!-- This site is optimized with the Yoast SEO plugin v27.5 - https:\/\/yoast.com\/product\/yoast-seo-wordpress\/ -->\n<title>P\u0159\u00edm\u011bstsk\u00e9 t\u00e1bory - Rodinn\u00e9 centrum Nov\u00e1 Trojka<\/title>\n<meta name=\"description\" content=\"S n\u00e1mi se d\u011bti nenud\u00ed! V pr\u016fb\u011bhu pr\u00e1zdnin po\u0159\u00e1d\u00e1me p\u0159\u00edm\u011bstsk\u00e9 t\u00e1bory pln\u00e9 v\u00fdlet\u016f, her, sout\u011b\u017e\u00ed i kreativn\u00edho tvo\u0159en\u00ed.\" \/>\n<meta name=\"robots\" content=\"index, follow, max-snippet:-1, max-image-preview:large, max-video-preview:-1\" \/>\n<link rel=\"canonical\" href=\"https:\/\/www.nova-trojka.cz\/index.php\/tabory\/\" \/>\n<meta property=\"og:locale\" content=\"cs_CZ\" \/>\n<meta property=\"og:type\" content=\"article\" \/>\n<meta property=\"og:title\" content=\"P\u0159\u00edm\u011bstsk\u00e9 t\u00e1bory - Rodinn\u00e9 centrum Nov\u00e1 Trojka\" \/>\n<meta property=\"og:description\" content=\"S n\u00e1mi se d\u011bti nenud\u00ed! V pr\u016fb\u011bhu pr\u00e1zdnin po\u0159\u00e1d\u00e1me p\u0159\u00edm\u011bstsk\u00e9 t\u00e1bory pln\u00e9 v\u00fdlet\u016f, her, sout\u011b\u017e\u00ed i kreativn\u00edho tvo\u0159en\u00ed.\" \/>\n<meta property=\"og:url\" content=\"https:\/\/www.nova-trojka.cz\/index.php\/tabory\/\" \/>\n<meta property=\"og:site_name\" content=\"Rodinn\u00e9 centrum Nov\u00e1 Trojka\" \/>\n<meta property=\"article:publisher\" content=\"https:\/\/www.facebook.com\/novatrojka\/\" \/>\n<meta property=\"article:modified_time\" content=\"2026-03-20T11:30:29+00:00\" \/>\n<meta property=\"og:image\" content=\"https:\/\/www.nova-trojka.cz\/wp-content\/uploads\/2022\/02\/Letni-primestsky-tabor-od-3-let-2022-360x300-px-150x150.jpg\" \/>\n<meta name=\"twitter:card\" content=\"summary_large_image\" \/>\n<meta name=\"twitter:label1\" content=\"Odhadovan\u00e1 doba \u010dten\u00ed\" \/>\n\t<meta name=\"twitter:data1\" content=\"2 minuty\" \/>\n<script type=\"application\/ld+json\" class=\"yoast-schema-graph\">{\"@context\":\"https:\\\/\\\/schema.org\",\"@graph\":[{\"@type\":\"WebPage\",\"@id\":\"https:\\\/\\\/www.nova-trojka.cz\\\/index.php\\\/tabory\\\/\",\"url\":\"https:\\\/\\\/www.nova-trojka.cz\\\/index.php\\\/tabory\\\/\",\"name\":\"P\u0159\u00edm\u011bstsk\u00e9 t\u00e1bory - Rodinn\u00e9 centrum Nov\u00e1 Trojka\",\"isPartOf\":{\"@id\":\"https:\\\/\\\/www.nova-trojka.cz\\\/#website\"},\"primaryImageOfPage\":{\"@id\":\"https:\\\/\\\/www.nova-trojka.cz\\\/index.php\\\/tabory\\\/#primaryimage\"},\"image\":{\"@id\":\"https:\\\/\\\/www.nova-trojka.cz\\\/index.php\\\/tabory\\\/#primaryimage\"},\"thumbnailUrl\":\"https:\\\/\\\/www.nova-trojka.cz\\\/wp-content\\\/uploads\\\/2022\\\/02\\\/Letni-primestsky-tabor-od-3-let-2022-360x300-px-150x150.jpg\",\"datePublished\":\"2019-05-20T16:15:25+00:00\",\"dateModified\":\"2026-03-20T11:30:29+00:00\",\"description\":\"S n\u00e1mi se d\u011bti nenud\u00ed! V pr\u016fb\u011bhu pr\u00e1zdnin po\u0159\u00e1d\u00e1me p\u0159\u00edm\u011bstsk\u00e9 t\u00e1bory pln\u00e9 v\u00fdlet\u016f, her, sout\u011b\u017e\u00ed i kreativn\u00edho tvo\u0159en\u00ed.\",\"breadcrumb\":{\"@id\":\"https:\\\/\\\/www.nova-trojka.cz\\\/index.php\\\/tabory\\\/#breadcrumb\"},\"inLanguage\":\"cs\",\"potentialAction\":[{\"@type\":\"ReadAction\",\"target\":[\"https:\\\/\\\/www.nova-trojka.cz\\\/index.php\\\/tabory\\\/\"]}]},{\"@type\":\"ImageObject\",\"inLanguage\":\"cs\",\"@id\":\"https:\\\/\\\/www.nova-trojka.cz\\\/index.php\\\/tabory\\\/#primaryimage\",\"url\":\"https:\\\/\\\/www.nova-trojka.cz\\\/wp-content\\\/uploads\\\/2022\\\/02\\\/Letni-primestsky-tabor-od-3-let-2022-360x300-px-scaled.jpg\",\"contentUrl\":\"https:\\\/\\\/www.nova-trojka.cz\\\/wp-content\\\/uploads\\\/2022\\\/02\\\/Letni-primestsky-tabor-od-3-let-2022-360x300-px-scaled.jpg\",\"width\":2560,\"height\":2133},{\"@type\":\"BreadcrumbList\",\"@id\":\"https:\\\/\\\/www.nova-trojka.cz\\\/index.php\\\/tabory\\\/#breadcrumb\",\"itemListElement\":[{\"@type\":\"ListItem\",\"position\":1,\"name\":\"Dom\u016f\",\"item\":\"https:\\\/\\\/www.nova-trojka.cz\\\/\"},{\"@type\":\"ListItem\",\"position\":2,\"name\":\"P\u0159\u00edm\u011bstsk\u00e9 t\u00e1bory\"}]},{\"@type\":\"WebSite\",\"@id\":\"https:\\\/\\\/www.nova-trojka.cz\\\/#website\",\"url\":\"https:\\\/\\\/www.nova-trojka.cz\\\/\",\"name\":\"Nov\u00e1 Trojka\",\"description\":\"Rodinn\u00e9 a kulturn\u00ed centrum Nov\u00e1 Trojka nab\u00edz\u00ed p\u0159\u00e1telsk\u00fd, bezpe\u010dn\u00fd a inspirativn\u00ed prostor pro celou rodinu.\",\"publisher\":{\"@id\":\"https:\\\/\\\/www.nova-trojka.cz\\\/#organization\"},\"potentialAction\":[{\"@type\":\"SearchAction\",\"target\":{\"@type\":\"EntryPoint\",\"urlTemplate\":\"https:\\\/\\\/www.nova-trojka.cz\\\/?s={search_term_string}\"},\"query-input\":{\"@type\":\"PropertyValueSpecification\",\"valueRequired\":true,\"valueName\":\"search_term_string\"}}],\"inLanguage\":\"cs\"},{\"@type\":\"Organization\",\"@id\":\"https:\\\/\\\/www.nova-trojka.cz\\\/#organization\",\"name\":\"NOV\u00c1 TROJKA, z.s.\",\"url\":\"https:\\\/\\\/www.nova-trojka.cz\\\/\",\"logo\":{\"@type\":\"ImageObject\",\"inLanguage\":\"cs\",\"@id\":\"https:\\\/\\\/www.nova-trojka.cz\\\/#\\\/schema\\\/logo\\\/image\\\/\",\"url\":\"https:\\\/\\\/www.nova-trojka.cz\\\/wp-content\\\/uploads\\\/2019\\\/05\\\/logotypN3.png\",\"contentUrl\":\"https:\\\/\\\/www.nova-trojka.cz\\\/wp-content\\\/uploads\\\/2019\\\/05\\\/logotypN3.png\",\"width\":640,\"height\":480,\"caption\":\"NOV\u00c1 TROJKA, z.s.\"},\"image\":{\"@id\":\"https:\\\/\\\/www.nova-trojka.cz\\\/#\\\/schema\\\/logo\\\/image\\\/\"},\"sameAs\":[\"https:\\\/\\\/www.facebook.com\\\/novatrojka\\\/\",\"https:\\\/\\\/www.instagram.com\\\/novatrojka\\\/\"]}]}<\/script>\n<!-- \/ Yoast SEO plugin. -->","yoast_head_json":{"title":"P\u0159\u00edm\u011bstsk\u00e9 t\u00e1bory - Rodinn\u00e9 centrum Nov\u00e1 Trojka","description":"S n\u00e1mi se d\u011bti nenud\u00ed! V pr\u016fb\u011bhu pr\u00e1zdnin po\u0159\u00e1d\u00e1me p\u0159\u00edm\u011bstsk\u00e9 t\u00e1bory pln\u00e9 v\u00fdlet\u016f, her, sout\u011b\u017e\u00ed i kreativn\u00edho tvo\u0159en\u00ed.","robots":{"index":"index","follow":"follow","max-snippet":"max-snippet:-1","max-image-preview":"max-image-preview:large","max-video-preview":"max-video-preview:-1"},"canonical":"https:\/\/www.nova-trojka.cz\/index.php\/tabory\/","og_locale":"cs_CZ","og_type":"article","og_title":"P\u0159\u00edm\u011bstsk\u00e9 t\u00e1bory - Rodinn\u00e9 centrum Nov\u00e1 Trojka","og_description":"S n\u00e1mi se d\u011bti nenud\u00ed! V pr\u016fb\u011bhu pr\u00e1zdnin po\u0159\u00e1d\u00e1me p\u0159\u00edm\u011bstsk\u00e9 t\u00e1bory pln\u00e9 v\u00fdlet\u016f, her, sout\u011b\u017e\u00ed i kreativn\u00edho tvo\u0159en\u00ed.","og_url":"https:\/\/www.nova-trojka.cz\/index.php\/tabory\/","og_site_name":"Rodinn\u00e9 centrum Nov\u00e1 Trojka","article_publisher":"https:\/\/www.facebook.com\/novatrojka\/","article_modified_time":"2026-03-20T11:30:29+00:00","og_image":[{"url":"https:\/\/www.nova-trojka.cz\/wp-content\/uploads\/2022\/02\/Letni-primestsky-tabor-od-3-let-2022-360x300-px-150x150.jpg","type":"","width":"","height":""}],"twitter_card":"summary_large_image","twitter_misc":{"Odhadovan\u00e1 doba \u010dten\u00ed":"2 minuty"},"schema":{"@context":"https:\/\/schema.org","@graph":[{"@type":"WebPage","@id":"https:\/\/www.nova-trojka.cz\/index.php\/tabory\/","url":"https:\/\/www.nova-trojka.cz\/index.php\/tabory\/","name":"P\u0159\u00edm\u011bstsk\u00e9 t\u00e1bory - Rodinn\u00e9 centrum Nov\u00e1 Trojka","isPartOf":{"@id":"https:\/\/www.nova-trojka.cz\/#website"},"primaryImageOfPage":{"@id":"https:\/\/www.nova-trojka.cz\/index.php\/tabory\/#primaryimage"},"image":{"@id":"https:\/\/www.nova-trojka.cz\/index.php\/tabory\/#primaryimage"},"thumbnailUrl":"https:\/\/www.nova-trojka.cz\/wp-content\/uploads\/2022\/02\/Letni-primestsky-tabor-od-3-let-2022-360x300-px-150x150.jpg","datePublished":"2019-05-20T16:15:25+00:00","dateModified":"2026-03-20T11:30:29+00:00","description":"S n\u00e1mi se d\u011bti nenud\u00ed! V pr\u016fb\u011bhu pr\u00e1zdnin po\u0159\u00e1d\u00e1me p\u0159\u00edm\u011bstsk\u00e9 t\u00e1bory pln\u00e9 v\u00fdlet\u016f, her, sout\u011b\u017e\u00ed i kreativn\u00edho tvo\u0159en\u00ed.","breadcrumb":{"@id":"https:\/\/www.nova-trojka.cz\/index.php\/tabory\/#breadcrumb"},"inLanguage":"cs","potentialAction":[{"@type":"ReadAction","target":["https:\/\/www.nova-trojka.cz\/index.php\/tabory\/"]}]},{"@type":"ImageObject","inLanguage":"cs","@id":"https:\/\/www.nova-trojka.cz\/index.php\/tabory\/#primaryimage","url":"https:\/\/www.nova-trojka.cz\/wp-content\/uploads\/2022\/02\/Letni-primestsky-tabor-od-3-let-2022-360x300-px-scaled.jpg","contentUrl":"https:\/\/www.nova-trojka.cz\/wp-content\/uploads\/2022\/02\/Letni-primestsky-tabor-od-3-let-2022-360x300-px-scaled.jpg","width":2560,"height":2133},{"@type":"BreadcrumbList","@id":"https:\/\/www.nova-trojka.cz\/index.php\/tabory\/#breadcrumb","itemListElement":[{"@type":"ListItem","position":1,"name":"Dom\u016f","item":"https:\/\/www.nova-trojka.cz\/"},{"@type":"ListItem","position":2,"name":"P\u0159\u00edm\u011bstsk\u00e9 t\u00e1bory"}]},{"@type":"WebSite","@id":"https:\/\/www.nova-trojka.cz\/#website","url":"https:\/\/www.nova-trojka.cz\/","name":"Nov\u00e1 Trojka","description":"Rodinn\u00e9 a kulturn\u00ed centrum Nov\u00e1 Trojka nab\u00edz\u00ed p\u0159\u00e1telsk\u00fd, bezpe\u010dn\u00fd a inspirativn\u00ed prostor pro celou rodinu.","publisher":{"@id":"https:\/\/www.nova-trojka.cz\/#organization"},"potentialAction":[{"@type":"SearchAction","target":{"@type":"EntryPoint","urlTemplate":"https:\/\/www.nova-trojka.cz\/?s={search_term_string}"},"query-input":{"@type":"PropertyValueSpecification","valueRequired":true,"valueName":"search_term_string"}}],"inLanguage":"cs"},{"@type":"Organization","@id":"https:\/\/www.nova-trojka.cz\/#organization","name":"NOV\u00c1 TROJKA, z.s.","url":"https:\/\/www.nova-trojka.cz\/","logo":{"@type":"ImageObject","inLanguage":"cs","@id":"https:\/\/www.nova-trojka.cz\/#\/schema\/logo\/image\/","url":"https:\/\/www.nova-trojka.cz\/wp-content\/uploads\/2019\/05\/logotypN3.png","contentUrl":"https:\/\/www.nova-trojka.cz\/wp-content\/uploads\/2019\/05\/logotypN3.png","width":640,"height":480,"caption":"NOV\u00c1 TROJKA, z.s."},"image":{"@id":"https:\/\/www.nova-trojka.cz\/#\/schema\/logo\/image\/"},"sameAs":["https:\/\/www.facebook.com\/novatrojka\/","https:\/\/www.instagram.com\/novatrojka\/"]}]}},"_links":{"self":[{"href":"https:\/\/www.nova-trojka.cz\/index.php\/wp-json\/wp\/v2\/pages\/712","targetHints":{"allow":["GET"]}}],"collection":[{"href":"https:\/\/www.nova-trojka.cz\/index.php\/wp-json\/wp\/v2\/pages"}],"about":[{"href":"https:\/\/www.nova-trojka.cz\/index.php\/wp-json\/wp\/v2\/types\/page"}],"author":[{"embeddable":true,"href":"https:\/\/www.nova-trojka.cz\/index.php\/wp-json\/wp\/v2\/users\/1"}],"replies":[{"embeddable":true,"href":"https:\/\/www.nova-trojka.cz\/index.php\/wp-json\/wp\/v2\/comments?post=712"}],"version-history":[{"count":150,"href":"https:\/\/www.nova-trojka.cz\/index.php\/wp-json\/wp\/v2\/pages\/712\/revisions"}],"predecessor-version":[{"id":12049,"href":"https:\/\/www.nova-trojka.cz\/index.php\/wp-json\/wp\/v2\/pages\/712\/revisions\/12049"}],"wp:attachment":[{"href":"https:\/\/www.nova-trojka.cz\/index.php\/wp-json\/wp\/v2\/media?parent=712"}],"curies":[{"name":"wp","href":"https:\/\/api.w.org\/{rel}","templated":true}]}}