{"id":696,"date":"2019-05-19T21:02:13","date_gmt":"2019-05-19T21:02:13","guid":{"rendered":"http:\/\/www.nova-trojka.cz\/?page_id=696"},"modified":"2026-03-29T21:48:54","modified_gmt":"2026-03-29T19:48:54","slug":"galerie","status":"publish","type":"page","link":"https:\/\/www.nova-trojka.cz\/index.php\/galerie\/","title":{"rendered":"Galerie"},"content":{"rendered":"\n<p>Pod\u00edvejte se jak\u00e9 akce, besedy, kurzy a dal\u0161\u00ed programy jsme pro v\u00e1s p\u0159ipravili. Pokud se V\u00e1m n\u011bjak\u00e1 fotografie, na kter\u00e9 jste vy nebo va\u0161i bl\u00edzc\u00ed, l\u00edb\u00ed a cht\u011bli byste ji poslat, m\u016f\u017eete si o ni napsat na <a href=\"mailto:veronika.vlkova@novatrojka.cz\">veronika.vlkova@novatrojka.cz<\/a>.<\/p>\n\n\n\n<h3 class=\"wp-block-heading\">Galerie roku 2026<\/h3>\n\n\n\n<div class=\"clearfix rara-row\"><div class=\"rara_column rara-span2\"><p style=\"text-align: center;\"><strong><img loading=\"lazy\" decoding=\"async\" class=\"alignnone size-medium wp-image-11712 aligncenter\" src=\"https:\/\/www.nova-trojka.cz\/wp-content\/uploads\/2026\/02\/B7A3D8DA-646E-4FAA-A465-1E2C78A1BA84-300x200.jpeg\" alt=\"\" width=\"300\" height=\"200\" srcset=\"https:\/\/www.nova-trojka.cz\/wp-content\/uploads\/2026\/02\/B7A3D8DA-646E-4FAA-A465-1E2C78A1BA84-300x200.jpeg 300w, https:\/\/www.nova-trojka.cz\/wp-content\/uploads\/2026\/02\/B7A3D8DA-646E-4FAA-A465-1E2C78A1BA84-1024x683.jpeg 1024w, https:\/\/www.nova-trojka.cz\/wp-content\/uploads\/2026\/02\/B7A3D8DA-646E-4FAA-A465-1E2C78A1BA84-768x512.jpeg 768w, https:\/\/www.nova-trojka.cz\/wp-content\/uploads\/2026\/02\/B7A3D8DA-646E-4FAA-A465-1E2C78A1BA84-1536x1024.jpeg 1536w, https:\/\/www.nova-trojka.cz\/wp-content\/uploads\/2026\/02\/B7A3D8DA-646E-4FAA-A465-1E2C78A1BA84-2048x1365.jpeg 2048w\" sizes=\"auto, (max-width: 300px) 100vw, 300px\" \/><a href=\"https:\/\/www.nova-trojka.cz\/index.php\/koncert-hudebnich-kurzu-01-2026\/\">Koncert individu\u00e1ln\u00edch hudebn\u00edch kurz\u016f<\/a><\/strong><\/p>\n<p style=\"text-align: center;\"><img loading=\"lazy\" decoding=\"async\" class=\"alignnone size-medium wp-image-12201\" src=\"https:\/\/www.nova-trojka.cz\/wp-content\/uploads\/2026\/03\/87F168ED-0878-4DE9-9911-671330F8BEEA-300x200.jpeg\" alt=\"\" width=\"300\" height=\"200\" srcset=\"https:\/\/www.nova-trojka.cz\/wp-content\/uploads\/2026\/03\/87F168ED-0878-4DE9-9911-671330F8BEEA-300x200.jpeg 300w, https:\/\/www.nova-trojka.cz\/wp-content\/uploads\/2026\/03\/87F168ED-0878-4DE9-9911-671330F8BEEA-1024x683.jpeg 1024w, https:\/\/www.nova-trojka.cz\/wp-content\/uploads\/2026\/03\/87F168ED-0878-4DE9-9911-671330F8BEEA-768x512.jpeg 768w, https:\/\/www.nova-trojka.cz\/wp-content\/uploads\/2026\/03\/87F168ED-0878-4DE9-9911-671330F8BEEA-1536x1024.jpeg 1536w, https:\/\/www.nova-trojka.cz\/wp-content\/uploads\/2026\/03\/87F168ED-0878-4DE9-9911-671330F8BEEA-2048x1365.jpeg 2048w\" sizes=\"auto, (max-width: 300px) 100vw, 300px\" \/><strong><a href=\"https:\/\/www.nova-trojka.cz\/index.php\/velikonocni-dilny-a-balonkova-show\/\">Velikono\u010dn\u00ed d\u00edlny a bal\u00f3nkov\u00e1 show<\/a><\/strong><\/p><\/div><div class=\"rara_column rara-span2\"><p style=\"text-align: center;\"><img loading=\"lazy\" decoding=\"async\" class=\"alignnone size-medium wp-image-11962 aligncenter\" src=\"https:\/\/www.nova-trojka.cz\/wp-content\/uploads\/2026\/03\/136D2ACF-F124-48C0-90F6-8988DAC292E9-300x200.jpeg\" alt=\"\" width=\"300\" height=\"200\" srcset=\"https:\/\/www.nova-trojka.cz\/wp-content\/uploads\/2026\/03\/136D2ACF-F124-48C0-90F6-8988DAC292E9-300x200.jpeg 300w, https:\/\/www.nova-trojka.cz\/wp-content\/uploads\/2026\/03\/136D2ACF-F124-48C0-90F6-8988DAC292E9-1024x683.jpeg 1024w, https:\/\/www.nova-trojka.cz\/wp-content\/uploads\/2026\/03\/136D2ACF-F124-48C0-90F6-8988DAC292E9-768x512.jpeg 768w, https:\/\/www.nova-trojka.cz\/wp-content\/uploads\/2026\/03\/136D2ACF-F124-48C0-90F6-8988DAC292E9-1536x1024.jpeg 1536w, https:\/\/www.nova-trojka.cz\/wp-content\/uploads\/2026\/03\/136D2ACF-F124-48C0-90F6-8988DAC292E9-2048x1365.jpeg 2048w\" sizes=\"auto, (max-width: 300px) 100vw, 300px\" \/><a href=\"https:\/\/www.nova-trojka.cz\/index.php\/karneval-aneb-superhrdinove-zitrka_2026\/\"><strong>Karneval aneb Superhrdinov\u00e9 z\u00edt\u0159ka<\/strong><\/a><\/p><\/div><div class=\"rara_column rara-span2\"><p style=\"text-align: center;\"><strong><img loading=\"lazy\" decoding=\"async\" class=\"alignnone size-medium wp-image-12123\" src=\"https:\/\/www.nova-trojka.cz\/wp-content\/uploads\/2026\/03\/924856B5-8BC5-46D6-8B82-6A8BE3C1ECB1-300x200.jpeg\" alt=\"\" width=\"300\" height=\"200\" srcset=\"https:\/\/www.nova-trojka.cz\/wp-content\/uploads\/2026\/03\/924856B5-8BC5-46D6-8B82-6A8BE3C1ECB1-300x200.jpeg 300w, https:\/\/www.nova-trojka.cz\/wp-content\/uploads\/2026\/03\/924856B5-8BC5-46D6-8B82-6A8BE3C1ECB1-1024x683.jpeg 1024w, https:\/\/www.nova-trojka.cz\/wp-content\/uploads\/2026\/03\/924856B5-8BC5-46D6-8B82-6A8BE3C1ECB1-768x512.jpeg 768w, https:\/\/www.nova-trojka.cz\/wp-content\/uploads\/2026\/03\/924856B5-8BC5-46D6-8B82-6A8BE3C1ECB1-1536x1024.jpeg 1536w, https:\/\/www.nova-trojka.cz\/wp-content\/uploads\/2026\/03\/924856B5-8BC5-46D6-8B82-6A8BE3C1ECB1-2048x1365.jpeg 2048w\" sizes=\"auto, (max-width: 300px) 100vw, 300px\" \/><\/strong><strong><a style=\"font-size: revert;\" href=\"https:\/\/www.nova-trojka.cz\/index.php\/jarni-burza-2026\/\">Jarn\u00ed burza<\/a><\/strong><\/p><\/div><\/div>\n\n\n\n<h3 class=\"wp-block-heading\"><a href=\"https:\/\/www.nova-trojka.cz\/index.php\/galerie\/foto-roku-2025\/\">Fotky roku 2025<\/a><\/h3>\n\n\n\n<h3 class=\"wp-block-heading\"><a href=\"https:\/\/www.nova-trojka.cz\/index.php\/galerie\/foto-roku-2024\/\">Fotky roku 2024<\/a><\/h3>\n\n\n\n<h3 class=\"wp-block-heading\"><a href=\"https:\/\/www.nova-trojka.cz\/index.php\/galerie\/foto-roku-2023\/\">Fotky roku 2023<\/a><\/h3>\n\n\n\n<p><\/p>\n","protected":false},"excerpt":{"rendered":"<p>Pod\u00edvejte se jak\u00e9 akce, besedy, kurzy a dal\u0161\u00ed programy jsme pro v\u00e1s p\u0159ipravili. Pokud se V\u00e1m n\u011bjak\u00e1 fotografie, na kter\u00e9 &hellip; <\/p>\n","protected":false},"author":2,"featured_media":0,"parent":0,"menu_order":6,"comment_status":"closed","ping_status":"closed","template":"","meta":{"footnotes":""},"class_list":["post-696","page","type-page","status-publish","hentry","latest_post"],"yoast_head":"<!-- This site is optimized with the Yoast SEO plugin v27.5 - https:\/\/yoast.com\/product\/yoast-seo-wordpress\/ -->\n<title>Galerie z akc\u00ed a kurz\u016f rodinn\u00e9ho centra Rodinn\u00e9 centrum Nov\u00e1 Trojka<\/title>\n<meta name=\"description\" content=\"Galerie V\u00e1m umo\u017en\u00ed prohl\u00e9dnout si fotografie z akc\u00ed na\u0161eho rodinn\u00e9ho centra. Akce, kter\u00e9 si u\u017eije cel\u00e1 rodina pro v\u00e1s po\u0159\u00e1d\u00e1me ka\u017ed\u00fd m\u011bs\u00edc.\" \/>\n<meta name=\"robots\" content=\"index, follow, max-snippet:-1, max-image-preview:large, max-video-preview:-1\" \/>\n<link rel=\"canonical\" href=\"https:\/\/www.nova-trojka.cz\/index.php\/galerie\/\" \/>\n<meta property=\"og:locale\" content=\"cs_CZ\" \/>\n<meta property=\"og:type\" content=\"article\" \/>\n<meta property=\"og:title\" content=\"Galerie z akc\u00ed a kurz\u016f rodinn\u00e9ho centra Rodinn\u00e9 centrum Nov\u00e1 Trojka\" \/>\n<meta property=\"og:description\" content=\"Galerie V\u00e1m umo\u017en\u00ed prohl\u00e9dnout si fotografie z akc\u00ed na\u0161eho rodinn\u00e9ho centra. Akce, kter\u00e9 si u\u017eije cel\u00e1 rodina pro v\u00e1s po\u0159\u00e1d\u00e1me ka\u017ed\u00fd m\u011bs\u00edc.\" \/>\n<meta property=\"og:url\" content=\"https:\/\/www.nova-trojka.cz\/index.php\/galerie\/\" \/>\n<meta property=\"og:site_name\" content=\"Rodinn\u00e9 centrum Nov\u00e1 Trojka\" \/>\n<meta property=\"article:publisher\" content=\"https:\/\/www.facebook.com\/novatrojka\/\" \/>\n<meta property=\"article:modified_time\" content=\"2026-03-29T19:48:54+00:00\" \/>\n<meta property=\"og:image\" content=\"https:\/\/www.nova-trojka.cz\/wp-content\/uploads\/2026\/02\/B7A3D8DA-646E-4FAA-A465-1E2C78A1BA84-scaled.jpeg\" \/>\n\t<meta property=\"og:image:width\" content=\"2560\" \/>\n\t<meta property=\"og:image:height\" content=\"1707\" \/>\n\t<meta property=\"og:image:type\" content=\"image\/jpeg\" \/>\n<meta name=\"twitter:card\" content=\"summary_large_image\" \/>\n<meta name=\"twitter:label1\" content=\"Odhadovan\u00e1 doba \u010dten\u00ed\" \/>\n\t<meta name=\"twitter:data1\" content=\"2 minuty\" \/>\n<script type=\"application\/ld+json\" class=\"yoast-schema-graph\">{\"@context\":\"https:\\\/\\\/schema.org\",\"@graph\":[{\"@type\":\"WebPage\",\"@id\":\"https:\\\/\\\/www.nova-trojka.cz\\\/index.php\\\/galerie\\\/\",\"url\":\"https:\\\/\\\/www.nova-trojka.cz\\\/index.php\\\/galerie\\\/\",\"name\":\"Galerie z akc\u00ed a kurz\u016f rodinn\u00e9ho centra Rodinn\u00e9 centrum Nov\u00e1 Trojka\",\"isPartOf\":{\"@id\":\"https:\\\/\\\/www.nova-trojka.cz\\\/#website\"},\"primaryImageOfPage\":{\"@id\":\"https:\\\/\\\/www.nova-trojka.cz\\\/index.php\\\/galerie\\\/#primaryimage\"},\"image\":{\"@id\":\"https:\\\/\\\/www.nova-trojka.cz\\\/index.php\\\/galerie\\\/#primaryimage\"},\"thumbnailUrl\":\"https:\\\/\\\/www.nova-trojka.cz\\\/wp-content\\\/uploads\\\/2026\\\/02\\\/B7A3D8DA-646E-4FAA-A465-1E2C78A1BA84-300x200.jpeg\",\"datePublished\":\"2019-05-19T21:02:13+00:00\",\"dateModified\":\"2026-03-29T19:48:54+00:00\",\"description\":\"Galerie V\u00e1m umo\u017en\u00ed prohl\u00e9dnout si fotografie z akc\u00ed na\u0161eho rodinn\u00e9ho centra. Akce, kter\u00e9 si u\u017eije cel\u00e1 rodina pro v\u00e1s po\u0159\u00e1d\u00e1me ka\u017ed\u00fd m\u011bs\u00edc.\",\"breadcrumb\":{\"@id\":\"https:\\\/\\\/www.nova-trojka.cz\\\/index.php\\\/galerie\\\/#breadcrumb\"},\"inLanguage\":\"cs\",\"potentialAction\":[{\"@type\":\"ReadAction\",\"target\":[\"https:\\\/\\\/www.nova-trojka.cz\\\/index.php\\\/galerie\\\/\"]}]},{\"@type\":\"ImageObject\",\"inLanguage\":\"cs\",\"@id\":\"https:\\\/\\\/www.nova-trojka.cz\\\/index.php\\\/galerie\\\/#primaryimage\",\"url\":\"https:\\\/\\\/www.nova-trojka.cz\\\/wp-content\\\/uploads\\\/2026\\\/02\\\/B7A3D8DA-646E-4FAA-A465-1E2C78A1BA84-300x200.jpeg\",\"contentUrl\":\"https:\\\/\\\/www.nova-trojka.cz\\\/wp-content\\\/uploads\\\/2026\\\/02\\\/B7A3D8DA-646E-4FAA-A465-1E2C78A1BA84-300x200.jpeg\"},{\"@type\":\"BreadcrumbList\",\"@id\":\"https:\\\/\\\/www.nova-trojka.cz\\\/index.php\\\/galerie\\\/#breadcrumb\",\"itemListElement\":[{\"@type\":\"ListItem\",\"position\":1,\"name\":\"Dom\u016f\",\"item\":\"https:\\\/\\\/www.nova-trojka.cz\\\/\"},{\"@type\":\"ListItem\",\"position\":2,\"name\":\"Galerie\"}]},{\"@type\":\"WebSite\",\"@id\":\"https:\\\/\\\/www.nova-trojka.cz\\\/#website\",\"url\":\"https:\\\/\\\/www.nova-trojka.cz\\\/\",\"name\":\"Nov\u00e1 Trojka\",\"description\":\"Rodinn\u00e9 a kulturn\u00ed centrum Nov\u00e1 Trojka nab\u00edz\u00ed p\u0159\u00e1telsk\u00fd, bezpe\u010dn\u00fd a inspirativn\u00ed prostor pro celou rodinu.\",\"publisher\":{\"@id\":\"https:\\\/\\\/www.nova-trojka.cz\\\/#organization\"},\"potentialAction\":[{\"@type\":\"SearchAction\",\"target\":{\"@type\":\"EntryPoint\",\"urlTemplate\":\"https:\\\/\\\/www.nova-trojka.cz\\\/?s={search_term_string}\"},\"query-input\":{\"@type\":\"PropertyValueSpecification\",\"valueRequired\":true,\"valueName\":\"search_term_string\"}}],\"inLanguage\":\"cs\"},{\"@type\":\"Organization\",\"@id\":\"https:\\\/\\\/www.nova-trojka.cz\\\/#organization\",\"name\":\"NOV\u00c1 TROJKA, z.s.\",\"url\":\"https:\\\/\\\/www.nova-trojka.cz\\\/\",\"logo\":{\"@type\":\"ImageObject\",\"inLanguage\":\"cs\",\"@id\":\"https:\\\/\\\/www.nova-trojka.cz\\\/#\\\/schema\\\/logo\\\/image\\\/\",\"url\":\"https:\\\/\\\/www.nova-trojka.cz\\\/wp-content\\\/uploads\\\/2019\\\/05\\\/logotypN3.png\",\"contentUrl\":\"https:\\\/\\\/www.nova-trojka.cz\\\/wp-content\\\/uploads\\\/2019\\\/05\\\/logotypN3.png\",\"width\":640,\"height\":480,\"caption\":\"NOV\u00c1 TROJKA, z.s.\"},\"image\":{\"@id\":\"https:\\\/\\\/www.nova-trojka.cz\\\/#\\\/schema\\\/logo\\\/image\\\/\"},\"sameAs\":[\"https:\\\/\\\/www.facebook.com\\\/novatrojka\\\/\",\"https:\\\/\\\/www.instagram.com\\\/novatrojka\\\/\"]}]}<\/script>\n<!-- \/ Yoast SEO plugin. -->","yoast_head_json":{"title":"Galerie z akc\u00ed a kurz\u016f rodinn\u00e9ho centra Rodinn\u00e9 centrum Nov\u00e1 Trojka","description":"Galerie V\u00e1m umo\u017en\u00ed prohl\u00e9dnout si fotografie z akc\u00ed na\u0161eho rodinn\u00e9ho centra. Akce, kter\u00e9 si u\u017eije cel\u00e1 rodina pro v\u00e1s po\u0159\u00e1d\u00e1me ka\u017ed\u00fd m\u011bs\u00edc.","robots":{"index":"index","follow":"follow","max-snippet":"max-snippet:-1","max-image-preview":"max-image-preview:large","max-video-preview":"max-video-preview:-1"},"canonical":"https:\/\/www.nova-trojka.cz\/index.php\/galerie\/","og_locale":"cs_CZ","og_type":"article","og_title":"Galerie z akc\u00ed a kurz\u016f rodinn\u00e9ho centra Rodinn\u00e9 centrum Nov\u00e1 Trojka","og_description":"Galerie V\u00e1m umo\u017en\u00ed prohl\u00e9dnout si fotografie z akc\u00ed na\u0161eho rodinn\u00e9ho centra. Akce, kter\u00e9 si u\u017eije cel\u00e1 rodina pro v\u00e1s po\u0159\u00e1d\u00e1me ka\u017ed\u00fd m\u011bs\u00edc.","og_url":"https:\/\/www.nova-trojka.cz\/index.php\/galerie\/","og_site_name":"Rodinn\u00e9 centrum Nov\u00e1 Trojka","article_publisher":"https:\/\/www.facebook.com\/novatrojka\/","article_modified_time":"2026-03-29T19:48:54+00:00","og_image":[{"width":2560,"height":1707,"url":"https:\/\/www.nova-trojka.cz\/wp-content\/uploads\/2026\/02\/B7A3D8DA-646E-4FAA-A465-1E2C78A1BA84-scaled.jpeg","type":"image\/jpeg"}],"twitter_card":"summary_large_image","twitter_misc":{"Odhadovan\u00e1 doba \u010dten\u00ed":"2 minuty"},"schema":{"@context":"https:\/\/schema.org","@graph":[{"@type":"WebPage","@id":"https:\/\/www.nova-trojka.cz\/index.php\/galerie\/","url":"https:\/\/www.nova-trojka.cz\/index.php\/galerie\/","name":"Galerie z akc\u00ed a kurz\u016f rodinn\u00e9ho centra Rodinn\u00e9 centrum Nov\u00e1 Trojka","isPartOf":{"@id":"https:\/\/www.nova-trojka.cz\/#website"},"primaryImageOfPage":{"@id":"https:\/\/www.nova-trojka.cz\/index.php\/galerie\/#primaryimage"},"image":{"@id":"https:\/\/www.nova-trojka.cz\/index.php\/galerie\/#primaryimage"},"thumbnailUrl":"https:\/\/www.nova-trojka.cz\/wp-content\/uploads\/2026\/02\/B7A3D8DA-646E-4FAA-A465-1E2C78A1BA84-300x200.jpeg","datePublished":"2019-05-19T21:02:13+00:00","dateModified":"2026-03-29T19:48:54+00:00","description":"Galerie V\u00e1m umo\u017en\u00ed prohl\u00e9dnout si fotografie z akc\u00ed na\u0161eho rodinn\u00e9ho centra. Akce, kter\u00e9 si u\u017eije cel\u00e1 rodina pro v\u00e1s po\u0159\u00e1d\u00e1me ka\u017ed\u00fd m\u011bs\u00edc.","breadcrumb":{"@id":"https:\/\/www.nova-trojka.cz\/index.php\/galerie\/#breadcrumb"},"inLanguage":"cs","potentialAction":[{"@type":"ReadAction","target":["https:\/\/www.nova-trojka.cz\/index.php\/galerie\/"]}]},{"@type":"ImageObject","inLanguage":"cs","@id":"https:\/\/www.nova-trojka.cz\/index.php\/galerie\/#primaryimage","url":"https:\/\/www.nova-trojka.cz\/wp-content\/uploads\/2026\/02\/B7A3D8DA-646E-4FAA-A465-1E2C78A1BA84-300x200.jpeg","contentUrl":"https:\/\/www.nova-trojka.cz\/wp-content\/uploads\/2026\/02\/B7A3D8DA-646E-4FAA-A465-1E2C78A1BA84-300x200.jpeg"},{"@type":"BreadcrumbList","@id":"https:\/\/www.nova-trojka.cz\/index.php\/galerie\/#breadcrumb","itemListElement":[{"@type":"ListItem","position":1,"name":"Dom\u016f","item":"https:\/\/www.nova-trojka.cz\/"},{"@type":"ListItem","position":2,"name":"Galerie"}]},{"@type":"WebSite","@id":"https:\/\/www.nova-trojka.cz\/#website","url":"https:\/\/www.nova-trojka.cz\/","name":"Nov\u00e1 Trojka","description":"Rodinn\u00e9 a kulturn\u00ed centrum Nov\u00e1 Trojka nab\u00edz\u00ed p\u0159\u00e1telsk\u00fd, bezpe\u010dn\u00fd a inspirativn\u00ed prostor pro celou rodinu.","publisher":{"@id":"https:\/\/www.nova-trojka.cz\/#organization"},"potentialAction":[{"@type":"SearchAction","target":{"@type":"EntryPoint","urlTemplate":"https:\/\/www.nova-trojka.cz\/?s={search_term_string}"},"query-input":{"@type":"PropertyValueSpecification","valueRequired":true,"valueName":"search_term_string"}}],"inLanguage":"cs"},{"@type":"Organization","@id":"https:\/\/www.nova-trojka.cz\/#organization","name":"NOV\u00c1 TROJKA, z.s.","url":"https:\/\/www.nova-trojka.cz\/","logo":{"@type":"ImageObject","inLanguage":"cs","@id":"https:\/\/www.nova-trojka.cz\/#\/schema\/logo\/image\/","url":"https:\/\/www.nova-trojka.cz\/wp-content\/uploads\/2019\/05\/logotypN3.png","contentUrl":"https:\/\/www.nova-trojka.cz\/wp-content\/uploads\/2019\/05\/logotypN3.png","width":640,"height":480,"caption":"NOV\u00c1 TROJKA, z.s."},"image":{"@id":"https:\/\/www.nova-trojka.cz\/#\/schema\/logo\/image\/"},"sameAs":["https:\/\/www.facebook.com\/novatrojka\/","https:\/\/www.instagram.com\/novatrojka\/"]}]}},"_links":{"self":[{"href":"https:\/\/www.nova-trojka.cz\/index.php\/wp-json\/wp\/v2\/pages\/696","targetHints":{"allow":["GET"]}}],"collection":[{"href":"https:\/\/www.nova-trojka.cz\/index.php\/wp-json\/wp\/v2\/pages"}],"about":[{"href":"https:\/\/www.nova-trojka.cz\/index.php\/wp-json\/wp\/v2\/types\/page"}],"author":[{"embeddable":true,"href":"https:\/\/www.nova-trojka.cz\/index.php\/wp-json\/wp\/v2\/users\/2"}],"replies":[{"embeddable":true,"href":"https:\/\/www.nova-trojka.cz\/index.php\/wp-json\/wp\/v2\/comments?post=696"}],"version-history":[{"count":220,"href":"https:\/\/www.nova-trojka.cz\/index.php\/wp-json\/wp\/v2\/pages\/696\/revisions"}],"predecessor-version":[{"id":12265,"href":"https:\/\/www.nova-trojka.cz\/index.php\/wp-json\/wp\/v2\/pages\/696\/revisions\/12265"}],"wp:attachment":[{"href":"https:\/\/www.nova-trojka.cz\/index.php\/wp-json\/wp\/v2\/media?parent=696"}],"curies":[{"name":"wp","href":"https:\/\/api.w.org\/{rel}","templated":true}]}}