{"id":694,"date":"2019-05-19T21:01:52","date_gmt":"2019-05-19T21:01:52","guid":{"rendered":"http:\/\/www.nova-trojka.cz\/?page_id=694"},"modified":"2026-02-19T13:24:20","modified_gmt":"2026-02-19T12:24:20","slug":"o-nas","status":"publish","type":"page","link":"https:\/\/www.nova-trojka.cz\/index.php\/o-nas\/","title":{"rendered":"O n\u00e1s"},"content":{"rendered":"\n<div class=\"wp-block-cover is-light\"><img loading=\"lazy\" decoding=\"async\" width=\"1920\" height=\"1278\" class=\"wp-block-cover__image-background wp-image-1640\" alt=\"\" src=\"https:\/\/www.nova-trojka.cz\/wp-content\/uploads\/2019\/07\/family-3043408_1920.jpg\" data-object-fit=\"cover\" srcset=\"https:\/\/www.nova-trojka.cz\/wp-content\/uploads\/2019\/07\/family-3043408_1920.jpg 1920w, https:\/\/www.nova-trojka.cz\/wp-content\/uploads\/2019\/07\/family-3043408_1920-300x200.jpg 300w, https:\/\/www.nova-trojka.cz\/wp-content\/uploads\/2019\/07\/family-3043408_1920-768x511.jpg 768w, https:\/\/www.nova-trojka.cz\/wp-content\/uploads\/2019\/07\/family-3043408_1920-1024x682.jpg 1024w\" sizes=\"auto, (max-width: 1920px) 100vw, 1920px\" \/><span aria-hidden=\"true\" class=\"wp-block-cover__background has-background-dim\"><\/span><div class=\"wp-block-cover__inner-container is-layout-flow wp-block-cover-is-layout-flow\">\n<p class=\"has-text-align-center has-white-color has-text-color has-link-color has-large-font-size wp-elements-4d9b8b9253fea1b189302f1772ef75d7\">Rodinn\u00e9 centrum Nov\u00e1 Trojka <\/p>\n\n\n\n<p class=\"has-text-align-center has-white-color has-text-color has-link-color has-large-font-size wp-elements-8abaf9d28cc83d72409eee7175050670\">&#8211; m\u00edsto pro celou rodinu<\/p>\n<\/div><\/div>\n\n\n\n<p>Nov\u00e1 Trojka je m\u00edsto, kter\u00e9 si u\u017eije cel\u00e1 rodina. Chcete-li str\u00e1vit p\u0159\u00edjemn\u00fd \u010das se sv\u00fdmi d\u011btmi, vzd\u011bl\u00e1vat se, poradit se s probl\u00e9my, kter\u00e9 rodinn\u00fd \u017eivot \u010dasto doprov\u00e1zej\u00ed, dop\u0159\u00e1t sv\u00fdm d\u011btem p\u0159\u00e1telsk\u00fd krou\u017eek nebo si ve\u010der zacvi\u010dit, budeme se na v\u00e1s t\u011b\u0161it.  <\/p>\n\n\n\n<h4 class=\"wp-block-heading\">Koho v Nov\u00e9 Trojce najdete:<\/h4>\n\n\n\n<div class=\"clearfix rara-row\"><div class=\"rara_column rara-span2\"><ul>\n<li>\n<h4><a href=\"https:\/\/www.nova-trojka.cz\/index.php\/sablony\/team\/\">Realiza\u010dn\u00ed t\u00fdm<\/a><\/h4>\n<\/li>\n<\/ul><\/div><div class=\"rara_column rara-span2\"><ul>\n<li>\n<h4><a href=\"https:\/\/www.nova-trojka.cz\/index.php\/o-nas\/dobrovolnici\/\">Dobrovoln\u00edci<\/a><\/h4>\n<\/li>\n<\/ul><\/div><div class=\"rara_column rara-span2\"><ul>\n<li>\n<h4><a href=\"https:\/\/www.nova-trojka.cz\/index.php\/o-nas\/lektori-a-poradci\/\">Lekto\u0159i a poradci<\/a><\/h4>\n<\/li>\n<\/ul><\/div><\/div>\n\n\n<p>L\u00edb\u00ed se v\u00e1m rodinn\u00e9 centrum Nov\u00e1 Trojka a r\u00e1di byste n\u00e1s podpo\u0159ili? <strong>Pod\u00edvejte se <a href=\"https:\/\/www.nova-trojka.cz\/index.php\/o-nas\/podporte-nas\/\">jak na to.<\/a><\/strong><\/p>\n\n\n<h4 class=\"wp-block-heading\">Rodinn\u00e9 centrum <strong>Nov\u00e1 Trojka se zam\u011b\u0159uje na tyto oblasti:<\/strong><\/h4>\n\n\n\n<ul class=\"wp-block-list\">\n<li>Rozvoj komunity: kulturn\u00ed a tradi\u010dn\u00ed akce pro \u0161irokou ve\u0159ejnost<\/li>\n\n\n\n<li>Podpora rodin: Mate\u0159sk\u00e9 a otcovsk\u00e9 centrum &#8211; programy a poradenstv\u00ed pro rodi\u010de i d\u011bti<\/li>\n\n\n\n<li>Rozvoj jednotlivc\u016f: \u0161irok\u00e9 spektrum&nbsp;volno\u010dasov\u00fdch a vzd\u011bl\u00e1vac\u00edch aktivit pro d\u011bti a dosp\u011bl\u00e9 v\u010detn\u011b senior\u016f<\/li>\n\n\n\n<li>Podpora a aktivn\u00ed realizace dobrovolnictv\u00ed<\/li>\n\n\n\n<li>Pomoc soci\u00e1ln\u011b ohro\u017een\u00fdm skupin\u00e1m, integrace handicapovan\u00fdch jedinc\u016f<\/li>\n<\/ul>\n\n\n\n<div class=\"wp-block-cover is-light\"><img loading=\"lazy\" decoding=\"async\" width=\"1920\" height=\"1080\" class=\"wp-block-cover__image-background wp-image-738\" alt=\"\" src=\"https:\/\/www.nova-trojka.cz\/wp-content\/uploads\/2019\/05\/pocket-watch-598039_1920.jpg\" data-object-fit=\"cover\" srcset=\"https:\/\/www.nova-trojka.cz\/wp-content\/uploads\/2019\/05\/pocket-watch-598039_1920.jpg 1920w, https:\/\/www.nova-trojka.cz\/wp-content\/uploads\/2019\/05\/pocket-watch-598039_1920-300x169.jpg 300w, https:\/\/www.nova-trojka.cz\/wp-content\/uploads\/2019\/05\/pocket-watch-598039_1920-768x432.jpg 768w, https:\/\/www.nova-trojka.cz\/wp-content\/uploads\/2019\/05\/pocket-watch-598039_1920-1024x576.jpg 1024w\" sizes=\"auto, (max-width: 1920px) 100vw, 1920px\" \/><span aria-hidden=\"true\" class=\"wp-block-cover__background has-background-dim\"><\/span><div class=\"wp-block-cover__inner-container is-layout-flow wp-block-cover-is-layout-flow\">\n<p class=\"has-text-align-center has-white-color has-text-color has-link-color has-large-font-size wp-elements-42e3416e3b26e375cb08e48a2a4438dd\">Historie Nov\u00e9 Trojky<\/p>\n<\/div><\/div>\n\n\n\n<ul class=\"wp-block-list\">\n<li><strong>2023<\/strong> &#8211; Prezentujeme na\u0161i \u010dinnost na konferenci S\u00f3lorodi\u010dovstv\u00ed, kterou za\u0161t\u00edtila prvn\u00ed d\u00e1ma Eva Pavlov\u00e1. Aktivity pro d\u011bti a rodiny z Ukrajiny jsou pevnou sou\u010d\u00e1st\u00ed programu Nov\u00e9 Trojky a jsou hojn\u011b nav\u0161t\u011bvovan\u00e9.<\/li>\n\n\n\n<li><strong>2022<\/strong> &#8211; Systematicky pom\u00e1h\u00e1me v\u00e1le\u010dn\u00fdm uprchl\u00edk\u016fm z Ukrajiny, zejm\u00e9na pak \u017een\u00e1m s d\u011btmi. M\u010c Praha 3 schvaluje historicky prvn\u00ed koncepci prorodinn\u00e9 politiky, na jej\u00ed\u017e p\u0159\u00edprav\u011b jsme se aktivn\u011b pod\u00edleli.<\/li>\n\n\n\n<li><strong>2021 <\/strong>&#8211; Pod\u00edl\u00edme se na p\u0159\u00edprav\u011b koncep\u010dn\u00edho materi\u00e1lu Z\u00e1kladn\u00ed sm\u011bry prorodinn\u00e9 politiky hlavn\u00edho m\u011bsta Prahy na obdob\u00ed 2021-2022. Nov\u00e1 Trojka \u010del\u00ed d\u016fsledk\u016fm pandemie Covid-19. Na podporu \u010dinnosti organizace jste n\u00e1m p\u0159isp\u011bli neuv\u011b\u0159iteln\u00fdmi 170 tis\u00edci korun. D\u011bkujeme.<\/li>\n\n\n\n<li><strong>2020 <\/strong>&#8211; V\u011bt\u0161inu na\u0161ich aktivit s ohledem na pandemii covid-19 jsme p\u0159enesli do online prostoru. U\u0161ili jsme t\u00e9m\u011b\u0159 \u010dty\u0159i tis\u00edce rou\u0161ek, roznesli stovky informa\u010dn\u00edch let\u00e1k\u016f a ob\u011bd\u016f pro seniory.<\/li>\n\n\n\n<li><strong>2019 <\/strong>&#8211; Spolec\u030cne\u030c s dals\u030ci\u0301mi centry se n\u00e1m poda\u0159\u00ed p\u0159esv\u011bd\u010dit MPSV o nutnosti o zachova\u0301ni\u0301 dotac\u030cni\u0301ho titulu Rodina.<\/li>\n\n\n\n<li><strong>2018 \u2013 <\/strong>Zapojili jsme se do M\u00edstn\u00edho ak\u010dn\u00edho pl\u00e1nu neform\u00e1ln\u00edho vzd\u011bl\u00e1v\u00e1n\u00ed a tak\u00e9 do projektu Trojka pro rodiny. Podruh\u00e9 se \u00fa\u010dastn\u00edme charitativn\u00ed akce Teribear h\u00fdbe Prahou, tentokr\u00e1t jsme nab\u011bhali 3.661,5 kilometr\u016f. Spole\u010dn\u011b s&nbsp;na\u0161imi klienty p\u0159isp\u00edv\u00e1me d\u00e1rky a v\u00fdrobky na projekty Krabice od bot (podpora d\u011bt\u00ed z&nbsp;d\u011btsk\u00e9ho domova) a Je\u017e\u00ed\u0161kova vnou\u010data (podpora senior\u016f).<\/li>\n<\/ul>\n\n\n\n<div class=\"rara_toggle close\"><div class=\"rara_toggle_title\">Cel\u00e1 historie Nov\u00e9 Trojky<\/div><div class=\"rara_toggle_content clearfix\"><ul class=\"wp-block-list\">\n<li><strong>2017 \u2013 <\/strong>Rodinn\u00e9 centrum Nov\u00e1 Trojka se st\u00e1v\u00e1 partnerem M\u010c Praha 3 v&nbsp;projektu Komunitn\u00ed centrum \u017di\u017ekov. Pro obl\u00edben\u00e9 kurzy keramiky kupujeme zbrusu novou pec. \u00da\u010dastn\u00edme se charitativn\u00ed akce Teribear h\u00fdbe Prahou, p\u0159i kter\u00e9 jsme nab\u011bhali 2.353,2 km.<\/li>\n\n\n\n<li><strong>2016 \u2013 <\/strong>V&nbsp;prostor\u00e1ch velk\u00e9 herny m\u00e1me nov\u011b klimatizaci. Na podzim po\u0159\u00e1d\u00e1me jubilejn\u00ed des\u00e1tou burzu oble\u010den\u00ed a pot\u0159eb pro d\u011bti. Na n\u011bkolika kulturn\u00ed akc\u00edch M\u010c Praha 3 vystupuj\u00ed d\u00edvky z&nbsp;kurzu V\u00fdrazov\u00e9ho tance pod veden\u00edm Lenky Krenkov\u00e9.<\/li>\n\n\n\n<li><strong>2015 \u2013 <\/strong>Spole\u010dn\u011b s OSPOD realizujeme prvn\u00ed vzd\u011bl\u00e1vac\u00ed v\u00fdjezd pro p\u011bstounsk\u00e9 rodiny. Senio\u0159i k&nbsp;n\u00e1m doch\u00e1zej\u00ed na kondi\u010dn\u00ed cvi\u010den\u00ed a n\u00e1v\u0161t\u011bvn\u00edci se nov\u011b registruj\u00ed a omlouvaj\u00ed z&nbsp;kurz\u016f pomoc\u00ed syst\u00e9mu webooker. Vznik\u00e1 prvn\u00ed podp\u016frn\u00e1 skupina.<\/li>\n\n\n\n<li><strong>2014 &#8211; <\/strong>Do na\u0161eho centra pln\u011b za\u010dle\u0148ujeme poskytov\u00e1n\u00ed slu\u017eeb p\u011bstounsk\u00fdm rodin\u00e1m. \u00da\u010dastn\u00edme se prvn\u00edho ro\u010dn\u00edku Veletrhu soci\u00e1ln\u00edch slu\u017eeb a neziskov\u00fdch organizac\u00ed.<\/li>\n\n\n\n<li><strong>2013 \u2013<\/strong> Roz\u0161i\u0159ujeme nab\u00eddku p\u0159\u00edm\u011bstsk\u00fdch t\u00e1bor\u016f o jarn\u00ed a podzimn\u00ed a realizujeme t\u00e1bor i pro d\u011bti ze soci\u00e1ln\u011b znev\u00fdhodn\u011bn\u00fdch rodin. Roz\u0161i\u0159ujeme spolupr\u00e1ci s OSPOD, soci\u00e1ln\u011b znev\u00fdhodn\u011bn\u00e9 d\u011bti nav\u0161t\u011bvuj\u00ed po cel\u00fd rok bezplatn\u011b na\u0161e programy. Za\u010d\u00edn\u00e1me s&nbsp;podporou p\u011bstounsk\u00fdch rodin.  <\/li>\n\n\n\n<li><strong>2012 \u2013 <\/strong>Spolupracujeme s&nbsp;organizac\u00ed Nedoklubko, kter\u00e1 pom\u00e1h\u00e1 rodin\u00e1m s&nbsp;nedono\u0161en\u00fdmi d\u011btmi. Po\u0159\u00e1d\u00e1me T\u00e1tafest, akci na oslavu dne otc\u016f. Letn\u00ed p\u0159\u00edm\u011bstsk\u00e9 t\u00e1bory roz\u0161i\u0159ujeme o programy pro \u0161koln\u00ed d\u011bti. Na\u0161e dobrovolnice &nbsp;Krist\u00fdna Rudi\u0161ov\u00e1 z\u00edsk\u00e1v\u00e1 cenu K\u0159esadlo a op\u011bt rekonstruujeme.<\/li>\n\n\n\n<li><strong>2011 <\/strong>\u2013 Zahajujeme projekt Poradenstv\u00ed a mediace v Nov\u00e9 Trojce. Jsme jeden ze zakl\u00e1daj\u00edc\u00edch \u010dlen\u016f nov\u00e9 st\u0159e\u0161n\u00ed organizace Unie center pro rodinu a komunitu.<\/li>\n\n\n\n<li><strong>2010 <\/strong>\u2013 Poprv\u00e9 po\u0159\u00e1d\u00e1me letn\u00ed p\u0159\u00edm\u011bstsk\u00e9 t\u00e1bory pro nejmen\u0161\u00ed. Sou\u010d\u00e1st\u00ed na\u0161eho programu se st\u00e1vaj\u00ed Py\u017e\u00e1mkov\u00e9 ve\u010d\u00edrky. N\u00e1\u0161 dobrovoln\u00edk Petr H\u00e1jek z\u00edskal ocen\u011bn\u00ed K\u0159esadlo ud\u011blovan\u00e9 N\u00e1rodn\u00edm dobrovolnick\u00fdm centrem Hestia.<\/li>\n\n\n\n<li><strong>2009 <\/strong>&#8211; \u00dasp\u011b\u0161n\u011b startujeme projekt CHLAPI FRIENDLY. N\u00e1\u0161 t\u00fdm z\u00edsk\u00e1v\u00e1 \u0159adu nov\u00fdch tv\u00e1\u0159\u00ed. V sout\u011b\u017ei neziskov\u00fdch organizac\u00ed \u201eB\u00fdt vid\u011bn\u201c jsou na\u0161e webov\u00e9 str\u00e1nky ocen\u011bny 8. m\u00edstem. <\/li>\n\n\n\n<li><strong>2008&nbsp;<\/strong>&#8211; Z\u00edsk\u00e1v\u00e1me akreditaci dobrovolnick\u00e9ho projektu u Ministerstva vnitra \u010cR. V z\u00e1\u0159\u00ed zdvojn\u00e1sobujeme po\u010det volno\u010dasov\u00fdch kurz\u016f a za\u010d\u00edn\u00e1 spolupr\u00e1ce s&nbsp;Ligou otev\u0159en\u00fdch mu\u017e\u016f na projektu T\u00e1ta v&nbsp;centru. <\/li>\n\n\n\n<li><strong>2007 <\/strong>\u2013 Zah\u00e1jena rekonstrukce, kter\u00e1 n\u00e1m umo\u017en\u00ed roz\u0161\u00ed\u0159it prostory. Zahajujeme mapov\u00e1n\u00ed dopravn\u011b problematick\u00fdch m\u00edst a zapojujeme se do komunitn\u00edho pl\u00e1nov\u00e1n\u00ed na Praze 3.<\/li>\n\n\n\n<li><strong>2006 &#8211;<\/strong> Rodinn\u00e9 centrum spou\u0161t\u00ed programy, kter\u00e9 pokr\u00fdvaj\u00ed v\u011bkov\u00e9 spektrum d\u011bt\u00ed od narozen\u00ed do dvan\u00e1cti let. Po\u0159\u00e1d\u00e1me prvn\u00ed burzu, jej\u00ed\u017e v\u00fdt\u011b\u017eek vyu\u017e\u00edv\u00e1me na zp\u0159\u00edjemn\u011bn\u00ed prost\u0159ed\u00ed Nov\u00e9 Trojky. <\/li>\n\n\n\n<li><strong>2005<\/strong> &#8211; Vznik\u00e1 dobrovolnick\u00fd projekt Nov\u00e9 Trojky, po\u0159\u00e1d\u00e1me tradi\u010dn\u00ed akce pro \u0161irokou ve\u0159ejnost a poprv\u00e9 na\u0161i pr\u00e1ci podpo\u0159\u00ed Ministerstvo pr\u00e1ce a soci\u00e1ln\u00edch v\u011bc\u00ed. Za\u010d\u00edn\u00e1me pracovat se soci\u00e1ln\u011b ohro\u017een\u00fdmi rodinami. <\/li>\n\n\n\n<li><strong>2004<\/strong> \u2013 Nov\u00e1 Trojka spolupracuje s&nbsp;dal\u0161\u00edmi neziskovkami na organizaci happening\u016f pro rodiny s&nbsp;d\u011btmi a pom\u00e1h\u00e1 dvojjazy\u010dn\u00fdm rodin\u00e1m se za\u010dlen\u011bn\u00edm do spole\u010dnosti.<\/li>\n\n\n\n<li><strong>2003<\/strong> \u2013 Po rekonstrukci se v&nbsp;kv\u011btnu Nov\u00e1 Trojka poprv\u00e9 otev\u00edr\u00e1 n\u00e1v\u0161t\u011bvn\u00edk\u016fm. B\u011bhem prvn\u00edch 6 m\u011bs\u00edc\u016f nav\u0161t\u00edv\u00ed prostory centra 1.200 d\u011bt\u00ed, rodi\u010d\u016f a prarodi\u010d\u016f.<\/li>\n\n\n\n<li><strong>\u010cerven 2002<\/strong> \u2013 Zalo\u017een\u00ed ob\u010dansk\u00e9ho sdru\u017een\u00ed a p\u0159\u00edprava projektu Rodinn\u00e9ho a kulturn\u00edho centra Nov\u00e1 Trojka.<\/div><\/div><\/li>\n<\/ul>\n\n\n\n<div class=\"wp-block-cover is-light\"><img loading=\"lazy\" decoding=\"async\" width=\"1920\" height=\"1486\" class=\"wp-block-cover__image-background wp-image-763\" alt=\"\" src=\"https:\/\/www.nova-trojka.cz\/wp-content\/uploads\/2019\/05\/library-898333_1920.jpg\" data-object-fit=\"cover\" srcset=\"https:\/\/www.nova-trojka.cz\/wp-content\/uploads\/2019\/05\/library-898333_1920.jpg 1920w, https:\/\/www.nova-trojka.cz\/wp-content\/uploads\/2019\/05\/library-898333_1920-300x232.jpg 300w, https:\/\/www.nova-trojka.cz\/wp-content\/uploads\/2019\/05\/library-898333_1920-768x594.jpg 768w, https:\/\/www.nova-trojka.cz\/wp-content\/uploads\/2019\/05\/library-898333_1920-1024x793.jpg 1024w\" sizes=\"auto, (max-width: 1920px) 100vw, 1920px\" \/><span aria-hidden=\"true\" class=\"wp-block-cover__background has-background-dim\"><\/span><div class=\"wp-block-cover__inner-container is-layout-flow wp-block-cover-is-layout-flow\">\n<p class=\"has-text-align-center has-white-color has-text-color has-link-color has-large-font-size wp-elements-ee79172dc6c18c836a4f22b05d730219\">Dokumenty ke sta\u017een\u00ed<\/p>\n<\/div><\/div>\n\n\n\n<div class=\"rara_toggle close\"><div class=\"rara_toggle_title\">Dokumenty ke kurz\u016fm<\/div><div class=\"rara_toggle_content clearfix\"><\/p>\n\n\n<ul>\n<li><a href=\"https:\/\/www.nova-trojka.cz\/wp-content\/uploads\/2025\/06\/KURZOVNI-RAD-2025_26.docx\">Kurzovn\u00ed \u0159\u00e1d<\/a><\/li>\n<li><a href=\"https:\/\/www.nova-trojka.cz\/wp-content\/uploads\/2024\/03\/Zadost-o-vraceni-kurzovneho.doc\">\u017d\u00e1dost o vr\u00e1cen\u00ed kurzovn\u00e9ho<\/a><\/li>\n<li><a href=\"https:\/\/www.nova-trojka.cz\/wp-content\/uploads\/2019\/07\/Manu\u00e1l-lektora.pdf\" target=\"_blank\" rel=\"noopener noreferrer\">Manu\u00e1l lektora<\/a><\/li>\n<\/ul><\/div><\/div>\n\n\n<div class=\"rara_toggle close\"><div class=\"rara_toggle_title\">Dokumenty k t\u00e1bor\u016fm<\/div><div class=\"rara_toggle_content clearfix\"><\/p>\n\n\n<ul>\n<li><a href=\"https:\/\/www.nova-trojka.cz\/wp-content\/uploads\/2026\/01\/Kurzovni-rad-Jarni-primestske-tabory-2026.docx\">Kurzovn\u00ed \u0159\u00e1d &#8211; Jarn\u00ed p\u0159\u00edm\u011bstsk\u00fd t\u00e1bor 2026<\/a><\/li>\n<li><a href=\"https:\/\/www.nova-trojka.cz\/wp-content\/uploads\/2026\/01\/Kurzovni-rad-Letni-primestske-tabory-2026.docx\">Kurzovn\u00ed \u0159\u00e1d &#8211; Letn\u00ed p\u0159\u00edm\u011bstsk\u00e9 t\u00e1bory 2026<\/a><\/li>\n<li><a href=\"https:\/\/www.nova-trojka.cz\/wp-content\/uploads\/2024\/02\/Potvrzeni-o-bezinfekcnosti.doc\">Potvrzen\u00ed o bezinfek\u010dnosti<\/a><\/li>\n<li><a href=\"https:\/\/www.nova-trojka.cz\/wp-content\/uploads\/2023\/02\/Denni-plan-Primestske-tabory-1.doc\">Denn\u00ed pl\u00e1n p\u0159\u00edm\u011bstsk\u00fdch t\u00e1bor\u016f<\/a><\/li>\n<li><a href=\"https:\/\/www.nova-trojka.cz\/wp-content\/uploads\/2024\/02\/Zadost-o-vraceni-kurzovneho-Primestske-tabory.doc\">\u017d\u00e1dost o vr\u00e1cen\u00ed kurzovn\u00e9ho<\/a><\/li>\n<li><a href=\"https:\/\/www.nova-trojka.cz\/wp-content\/uploads\/2024\/02\/Zadost-o-vraceni-stravneho-Primestske-tabory.doc\">\u017d\u00e1dost o vr\u00e1cen\u00ed stravn\u00e9ho<\/a><\/li>\n<\/ul><\/div><\/div>\n\n\n<div class=\"rara_toggle close\"><div class=\"rara_toggle_title\">Burzovn\u00ed dokumenty<\/div><div class=\"rara_toggle_content clearfix\"><\/p>\n\n\n<ul>\n<li><a href=\"https:\/\/www.nova-trojka.cz\/wp-content\/uploads\/2026\/02\/Desatero-uspesneho-burzovniho-prodejce.doc\" target=\"_blank\" rel=\"noopener\">Desatero \u00fasp\u011b\u0161n\u00e9ho burzovn\u00edho prodejce<\/a><\/li>\n<li><a href=\"https:\/\/www.nova-trojka.cz\/wp-content\/uploads\/2026\/02\/Manual-prodejce-Jarni-burza-2026.docx\" target=\"_blank\" rel=\"noopener\">Manu\u00e1l prodejce<\/a><\/li>\n<\/ul><\/div><\/div>\n\n\n<div class=\"rara_toggle close\"><div class=\"rara_toggle_title\">Dal\u0161\u00ed dokumenty<\/div><div class=\"rara_toggle_content clearfix\"><ul>\n<li><a href=\"https:\/\/www.nova-trojka.cz\/wp-content\/uploads\/2019\/07\/Desatero-Nov\u00e9-Trojky.pdf\" target=\"_blank\" rel=\"noopener noreferrer\">Desatero Nov\u00e9 Trojky<\/a><\/li>\n<li><a href=\"https:\/\/www.nova-trojka.cz\/wp-content\/uploads\/2019\/07\/stanovy.pdf\" target=\"_blank\" rel=\"noopener noreferrer\">Stanovy spolku Nov\u00e1 Trojka<\/a><\/li>\n<li><a href=\"https:\/\/www.nova-trojka.cz\/wp-content\/uploads\/2019\/07\/Zpracov\u00e1n\u00ed-osobn\u00edch-\u00fadaj\u016f.pdf\" target=\"_blank\" rel=\"noopener noreferrer\">Zpracov\u00e1n\u00ed osobn\u00edch \u00fadaj\u016f<\/a><\/div><\/div><\/li>\n<\/ul>\n\n\n<div class=\"rara_toggle close\"><div class=\"rara_toggle_title\">V\u00fdro\u010dn\u00ed zpr\u00e1vy<\/div><div class=\"rara_toggle_content clearfix\"><\/p>\n\n\n<ul>\n<li><a href=\"https:\/\/www.nova-trojka.cz\/wp-content\/uploads\/2025\/05\/Vyrocni-zprava-2024-zmensena-pro-web-mensi-varianta.pdf\" target=\"_blank\" rel=\"noopener\">2024<\/a><\/li>\n<li><a href=\"https:\/\/www.nova-trojka.cz\/wp-content\/uploads\/2024\/05\/Vyrocni-zprava-2024-pro-web-zmenseno-na-310-MB.pdf\" target=\"_blank\" rel=\"noopener\">2023<\/a><\/li>\n<li><a href=\"https:\/\/www.nova-trojka.cz\/wp-content\/uploads\/2023\/08\/Vyrocni-zprava-2022-final-zmensena-verze.pdf\" target=\"_blank\" rel=\"noopener\">2022<\/a><\/li>\n<li><a href=\"https:\/\/www.nova-trojka.cz\/wp-content\/uploads\/2022\/05\/Vyrocni-zprava-2021.pdf\" target=\"_blank\" rel=\"noopener\">2021<\/a><\/li>\n<li><a href=\"https:\/\/www.nova-trojka.cz\/wp-content\/uploads\/2021\/08\/Vyrocni-zprava-Nova-Trojka-2020.pdf\">2020<\/a><\/li>\n<li><a href=\"https:\/\/www.nova-trojka.cz\/wp-content\/uploads\/2020\/06\/V\u00fdro\u010dn\u00ed-zpr\u00e1va-2019-Nov\u00e1-Trojka.pdf\" target=\"_blank\" rel=\"noopener noreferrer\">2019<\/a><\/li>\n<li><a href=\"https:\/\/www.nova-trojka.cz\/wp-content\/uploads\/2019\/07\/VZ_NovaTrojka_2018_vnitrek_TISK.pdf\">2018<\/a><\/li>\n<li><a href=\"https:\/\/www.nova-trojka.cz\/wp-content\/uploads\/2019\/07\/V\u00fdro\u010dn\u00ed-zpr\u00e1va-2017.pdf\">2017<\/a><\/li>\n<li><a href=\"https:\/\/www.nova-trojka.cz\/wp-content\/uploads\/2019\/07\/V\u00fdro\u010dn\u00ed-zpr\u00e1va-2016.pdf\">2016<\/a><\/li>\n<li><a href=\"https:\/\/www.nova-trojka.cz\/wp-content\/uploads\/2019\/07\/V\u00fdro\u010dn\u00ed-zpr\u00e1va-2015.pdf\">2015<\/a><\/li>\n<li><a href=\"https:\/\/www.nova-trojka.cz\/wp-content\/uploads\/2019\/07\/V\u00fdro\u010dn\u00ed-zpr\u00e1va-2014.pdf\">2014<\/a><\/li>\n<\/ul>\n<p>Cht\u011bli byste vid\u011bt na\u0161e star\u0161\u00ed v\u00fdro\u010dn\u00ed zpr\u00e1vy? Kontaktujte Veroniku Vlkovou &#8211; <a href=\"mailto:veronika.vlkova@novatrojka.cz\">veronika.vlkova@novatrojka.cz<\/a>, tel.: 732 200 198.<\/p><\/div><\/div>\n\n\n<div class=\"wp-block-cover aligncenter is-light\"><img loading=\"lazy\" decoding=\"async\" width=\"1280\" height=\"851\" class=\"wp-block-cover__image-background wp-image-11120\" alt=\"\" src=\"https:\/\/www.nova-trojka.cz\/wp-content\/uploads\/2025\/08\/stationary-5146194_1280.jpg\" style=\"object-position:52% 10%\" data-object-fit=\"cover\" data-object-position=\"52% 10%\" srcset=\"https:\/\/www.nova-trojka.cz\/wp-content\/uploads\/2025\/08\/stationary-5146194_1280.jpg 1280w, https:\/\/www.nova-trojka.cz\/wp-content\/uploads\/2025\/08\/stationary-5146194_1280-300x199.jpg 300w, https:\/\/www.nova-trojka.cz\/wp-content\/uploads\/2025\/08\/stationary-5146194_1280-1024x681.jpg 1024w, https:\/\/www.nova-trojka.cz\/wp-content\/uploads\/2025\/08\/stationary-5146194_1280-768x511.jpg 768w\" sizes=\"auto, (max-width: 1280px) 100vw, 1280px\" \/><span aria-hidden=\"true\" class=\"wp-block-cover__background has-background-dim\" style=\"background-color:#a78a55\"><\/span><div class=\"wp-block-cover__inner-container is-layout-flow wp-block-cover-is-layout-flow\">\n<p class=\"has-text-align-center has-white-color has-text-color has-link-color has-large-font-size wp-elements-605e0dbeabc2bd9705438831f6830ab6\">Kontakty<\/p>\n<\/div><\/div>\n\n\n\n<h3 class=\"wp-block-heading\">Nov\u00e1 Trojka, z.s.<\/h3>\n\n\n\n<ul class=\"wp-block-list\">\n<li>S\u00eddlo organizace: Jeseniova 519\/19, Praha 3, 130 00<\/li>\n\n\n\n<li>Tel.: 777 650 759, 222 589 404<\/li>\n\n\n\n<li>Bankovn\u00ed spojen\u00ed:  FIO banka, Praha 1 <\/li>\n\n\n\n<li>\u010c\u00edslo \u00fa\u010dtu: 2401077016\/2010 <\/li>\n\n\n\n<li><strong>Pro platby kurzovn\u00e9ho:<\/strong><\/li>\n\n\n\n<li>Bankovn\u00ed spojen\u00ed: FIO banka, Praha 1<\/li>\n\n\n\n<li>\u010c\u00edslo \u00fa\u010dtu: 2600776004\/2010<\/li>\n\n\n\n<li>I\u010c: 26594161<\/li>\n\n\n\n<li>Spolek zaps\u00e1n ve spolkov\u00e9m rejst\u0159\u00edku veden\u00e9m M\u011bstsk\u00fdm soudem v&nbsp;Praze, odd\u00edl L, vlo\u017eka 12776.<\/li>\n\n\n\n<li>Email: provoz@novatrojka.cz&nbsp;<\/li>\n<\/ul>\n\n\n\n<p><\/p>\n","protected":false},"excerpt":{"rendered":"<p>Nov\u00e1 Trojka je m\u00edsto, kter\u00e9 si u\u017eije cel\u00e1 rodina. Chcete-li str\u00e1vit p\u0159\u00edjemn\u00fd \u010das se sv\u00fdmi d\u011btmi, vzd\u011bl\u00e1vat se, poradit se &hellip; <\/p>\n","protected":false},"author":2,"featured_media":0,"parent":0,"menu_order":5,"comment_status":"closed","ping_status":"closed","template":"","meta":{"footnotes":""},"class_list":["post-694","page","type-page","status-publish","hentry","latest_post"],"yoast_head":"<!-- This site is optimized with the Yoast SEO plugin v27.5 - https:\/\/yoast.com\/product\/yoast-seo-wordpress\/ -->\n<title>Rodinn\u00e9 a kulturn\u00ed centrum Nov\u00e1 Trojka Praha 3 - O n\u00e1s<\/title>\n<meta name=\"description\" content=\"Rodinn\u00e9 centrum Nov\u00e1 Trojka je m\u00edsto, kter\u00e9 si u\u017eijete. M\u016f\u017eete si vybrat z nab\u00eddky kurz\u016f, vzd\u011bl\u00e1vat se, u\u017e\u00edt si t\u00e1bor nebo vyu\u017e\u00edt poradny.\" \/>\n<meta name=\"robots\" content=\"index, follow, max-snippet:-1, max-image-preview:large, max-video-preview:-1\" \/>\n<link rel=\"canonical\" href=\"https:\/\/www.nova-trojka.cz\/index.php\/o-nas\/\" \/>\n<meta property=\"og:locale\" content=\"cs_CZ\" \/>\n<meta property=\"og:type\" content=\"article\" \/>\n<meta property=\"og:title\" content=\"Rodinn\u00e9 a kulturn\u00ed centrum Nov\u00e1 Trojka Praha 3 - O n\u00e1s\" \/>\n<meta property=\"og:description\" content=\"Rodinn\u00e9 centrum Nov\u00e1 Trojka je m\u00edsto, kter\u00e9 si u\u017eijete. M\u016f\u017eete si vybrat z nab\u00eddky kurz\u016f, vzd\u011bl\u00e1vat se, u\u017e\u00edt si t\u00e1bor nebo vyu\u017e\u00edt poradny.\" \/>\n<meta property=\"og:url\" content=\"https:\/\/www.nova-trojka.cz\/index.php\/o-nas\/\" \/>\n<meta property=\"og:site_name\" content=\"Rodinn\u00e9 centrum Nov\u00e1 Trojka\" \/>\n<meta property=\"article:publisher\" content=\"https:\/\/www.facebook.com\/novatrojka\/\" \/>\n<meta property=\"article:modified_time\" content=\"2026-02-19T12:24:20+00:00\" \/>\n<meta property=\"og:image\" content=\"http:\/\/www.nova-trojka.cz\/wp-content\/uploads\/2019\/07\/family-3043408_1920.jpg\" \/>\n<meta name=\"twitter:card\" content=\"summary_large_image\" \/>\n<meta name=\"twitter:label1\" content=\"Odhadovan\u00e1 doba \u010dten\u00ed\" \/>\n\t<meta name=\"twitter:data1\" content=\"6 minut\" \/>\n<script type=\"application\/ld+json\" class=\"yoast-schema-graph\">{\"@context\":\"https:\\\/\\\/schema.org\",\"@graph\":[{\"@type\":\"WebPage\",\"@id\":\"https:\\\/\\\/www.nova-trojka.cz\\\/index.php\\\/o-nas\\\/\",\"url\":\"https:\\\/\\\/www.nova-trojka.cz\\\/index.php\\\/o-nas\\\/\",\"name\":\"Rodinn\u00e9 a kulturn\u00ed centrum Nov\u00e1 Trojka Praha 3 - O n\u00e1s\",\"isPartOf\":{\"@id\":\"https:\\\/\\\/www.nova-trojka.cz\\\/#website\"},\"primaryImageOfPage\":{\"@id\":\"https:\\\/\\\/www.nova-trojka.cz\\\/index.php\\\/o-nas\\\/#primaryimage\"},\"image\":{\"@id\":\"https:\\\/\\\/www.nova-trojka.cz\\\/index.php\\\/o-nas\\\/#primaryimage\"},\"thumbnailUrl\":\"http:\\\/\\\/www.nova-trojka.cz\\\/wp-content\\\/uploads\\\/2019\\\/07\\\/family-3043408_1920.jpg\",\"datePublished\":\"2019-05-19T21:01:52+00:00\",\"dateModified\":\"2026-02-19T12:24:20+00:00\",\"description\":\"Rodinn\u00e9 centrum Nov\u00e1 Trojka je m\u00edsto, kter\u00e9 si u\u017eijete. M\u016f\u017eete si vybrat z nab\u00eddky kurz\u016f, vzd\u011bl\u00e1vat se, u\u017e\u00edt si t\u00e1bor nebo vyu\u017e\u00edt poradny.\",\"breadcrumb\":{\"@id\":\"https:\\\/\\\/www.nova-trojka.cz\\\/index.php\\\/o-nas\\\/#breadcrumb\"},\"inLanguage\":\"cs\",\"potentialAction\":[{\"@type\":\"ReadAction\",\"target\":[\"https:\\\/\\\/www.nova-trojka.cz\\\/index.php\\\/o-nas\\\/\"]}]},{\"@type\":\"ImageObject\",\"inLanguage\":\"cs\",\"@id\":\"https:\\\/\\\/www.nova-trojka.cz\\\/index.php\\\/o-nas\\\/#primaryimage\",\"url\":\"http:\\\/\\\/www.nova-trojka.cz\\\/wp-content\\\/uploads\\\/2019\\\/07\\\/family-3043408_1920.jpg\",\"contentUrl\":\"http:\\\/\\\/www.nova-trojka.cz\\\/wp-content\\\/uploads\\\/2019\\\/07\\\/family-3043408_1920.jpg\"},{\"@type\":\"BreadcrumbList\",\"@id\":\"https:\\\/\\\/www.nova-trojka.cz\\\/index.php\\\/o-nas\\\/#breadcrumb\",\"itemListElement\":[{\"@type\":\"ListItem\",\"position\":1,\"name\":\"Dom\u016f\",\"item\":\"https:\\\/\\\/www.nova-trojka.cz\\\/\"},{\"@type\":\"ListItem\",\"position\":2,\"name\":\"O n\u00e1s\"}]},{\"@type\":\"WebSite\",\"@id\":\"https:\\\/\\\/www.nova-trojka.cz\\\/#website\",\"url\":\"https:\\\/\\\/www.nova-trojka.cz\\\/\",\"name\":\"Nov\u00e1 Trojka\",\"description\":\"Rodinn\u00e9 a kulturn\u00ed centrum Nov\u00e1 Trojka nab\u00edz\u00ed p\u0159\u00e1telsk\u00fd, bezpe\u010dn\u00fd a inspirativn\u00ed prostor pro celou rodinu.\",\"publisher\":{\"@id\":\"https:\\\/\\\/www.nova-trojka.cz\\\/#organization\"},\"potentialAction\":[{\"@type\":\"SearchAction\",\"target\":{\"@type\":\"EntryPoint\",\"urlTemplate\":\"https:\\\/\\\/www.nova-trojka.cz\\\/?s={search_term_string}\"},\"query-input\":{\"@type\":\"PropertyValueSpecification\",\"valueRequired\":true,\"valueName\":\"search_term_string\"}}],\"inLanguage\":\"cs\"},{\"@type\":\"Organization\",\"@id\":\"https:\\\/\\\/www.nova-trojka.cz\\\/#organization\",\"name\":\"NOV\u00c1 TROJKA, z.s.\",\"url\":\"https:\\\/\\\/www.nova-trojka.cz\\\/\",\"logo\":{\"@type\":\"ImageObject\",\"inLanguage\":\"cs\",\"@id\":\"https:\\\/\\\/www.nova-trojka.cz\\\/#\\\/schema\\\/logo\\\/image\\\/\",\"url\":\"https:\\\/\\\/www.nova-trojka.cz\\\/wp-content\\\/uploads\\\/2019\\\/05\\\/logotypN3.png\",\"contentUrl\":\"https:\\\/\\\/www.nova-trojka.cz\\\/wp-content\\\/uploads\\\/2019\\\/05\\\/logotypN3.png\",\"width\":640,\"height\":480,\"caption\":\"NOV\u00c1 TROJKA, z.s.\"},\"image\":{\"@id\":\"https:\\\/\\\/www.nova-trojka.cz\\\/#\\\/schema\\\/logo\\\/image\\\/\"},\"sameAs\":[\"https:\\\/\\\/www.facebook.com\\\/novatrojka\\\/\",\"https:\\\/\\\/www.instagram.com\\\/novatrojka\\\/\"]}]}<\/script>\n<!-- \/ Yoast SEO plugin. -->","yoast_head_json":{"title":"Rodinn\u00e9 a kulturn\u00ed centrum Nov\u00e1 Trojka Praha 3 - O n\u00e1s","description":"Rodinn\u00e9 centrum Nov\u00e1 Trojka je m\u00edsto, kter\u00e9 si u\u017eijete. M\u016f\u017eete si vybrat z nab\u00eddky kurz\u016f, vzd\u011bl\u00e1vat se, u\u017e\u00edt si t\u00e1bor nebo vyu\u017e\u00edt poradny.","robots":{"index":"index","follow":"follow","max-snippet":"max-snippet:-1","max-image-preview":"max-image-preview:large","max-video-preview":"max-video-preview:-1"},"canonical":"https:\/\/www.nova-trojka.cz\/index.php\/o-nas\/","og_locale":"cs_CZ","og_type":"article","og_title":"Rodinn\u00e9 a kulturn\u00ed centrum Nov\u00e1 Trojka Praha 3 - O n\u00e1s","og_description":"Rodinn\u00e9 centrum Nov\u00e1 Trojka je m\u00edsto, kter\u00e9 si u\u017eijete. M\u016f\u017eete si vybrat z nab\u00eddky kurz\u016f, vzd\u011bl\u00e1vat se, u\u017e\u00edt si t\u00e1bor nebo vyu\u017e\u00edt poradny.","og_url":"https:\/\/www.nova-trojka.cz\/index.php\/o-nas\/","og_site_name":"Rodinn\u00e9 centrum Nov\u00e1 Trojka","article_publisher":"https:\/\/www.facebook.com\/novatrojka\/","article_modified_time":"2026-02-19T12:24:20+00:00","og_image":[{"url":"http:\/\/www.nova-trojka.cz\/wp-content\/uploads\/2019\/07\/family-3043408_1920.jpg","type":"","width":"","height":""}],"twitter_card":"summary_large_image","twitter_misc":{"Odhadovan\u00e1 doba \u010dten\u00ed":"6 minut"},"schema":{"@context":"https:\/\/schema.org","@graph":[{"@type":"WebPage","@id":"https:\/\/www.nova-trojka.cz\/index.php\/o-nas\/","url":"https:\/\/www.nova-trojka.cz\/index.php\/o-nas\/","name":"Rodinn\u00e9 a kulturn\u00ed centrum Nov\u00e1 Trojka Praha 3 - O n\u00e1s","isPartOf":{"@id":"https:\/\/www.nova-trojka.cz\/#website"},"primaryImageOfPage":{"@id":"https:\/\/www.nova-trojka.cz\/index.php\/o-nas\/#primaryimage"},"image":{"@id":"https:\/\/www.nova-trojka.cz\/index.php\/o-nas\/#primaryimage"},"thumbnailUrl":"http:\/\/www.nova-trojka.cz\/wp-content\/uploads\/2019\/07\/family-3043408_1920.jpg","datePublished":"2019-05-19T21:01:52+00:00","dateModified":"2026-02-19T12:24:20+00:00","description":"Rodinn\u00e9 centrum Nov\u00e1 Trojka je m\u00edsto, kter\u00e9 si u\u017eijete. M\u016f\u017eete si vybrat z nab\u00eddky kurz\u016f, vzd\u011bl\u00e1vat se, u\u017e\u00edt si t\u00e1bor nebo vyu\u017e\u00edt poradny.","breadcrumb":{"@id":"https:\/\/www.nova-trojka.cz\/index.php\/o-nas\/#breadcrumb"},"inLanguage":"cs","potentialAction":[{"@type":"ReadAction","target":["https:\/\/www.nova-trojka.cz\/index.php\/o-nas\/"]}]},{"@type":"ImageObject","inLanguage":"cs","@id":"https:\/\/www.nova-trojka.cz\/index.php\/o-nas\/#primaryimage","url":"http:\/\/www.nova-trojka.cz\/wp-content\/uploads\/2019\/07\/family-3043408_1920.jpg","contentUrl":"http:\/\/www.nova-trojka.cz\/wp-content\/uploads\/2019\/07\/family-3043408_1920.jpg"},{"@type":"BreadcrumbList","@id":"https:\/\/www.nova-trojka.cz\/index.php\/o-nas\/#breadcrumb","itemListElement":[{"@type":"ListItem","position":1,"name":"Dom\u016f","item":"https:\/\/www.nova-trojka.cz\/"},{"@type":"ListItem","position":2,"name":"O n\u00e1s"}]},{"@type":"WebSite","@id":"https:\/\/www.nova-trojka.cz\/#website","url":"https:\/\/www.nova-trojka.cz\/","name":"Nov\u00e1 Trojka","description":"Rodinn\u00e9 a kulturn\u00ed centrum Nov\u00e1 Trojka nab\u00edz\u00ed p\u0159\u00e1telsk\u00fd, bezpe\u010dn\u00fd a inspirativn\u00ed prostor pro celou rodinu.","publisher":{"@id":"https:\/\/www.nova-trojka.cz\/#organization"},"potentialAction":[{"@type":"SearchAction","target":{"@type":"EntryPoint","urlTemplate":"https:\/\/www.nova-trojka.cz\/?s={search_term_string}"},"query-input":{"@type":"PropertyValueSpecification","valueRequired":true,"valueName":"search_term_string"}}],"inLanguage":"cs"},{"@type":"Organization","@id":"https:\/\/www.nova-trojka.cz\/#organization","name":"NOV\u00c1 TROJKA, z.s.","url":"https:\/\/www.nova-trojka.cz\/","logo":{"@type":"ImageObject","inLanguage":"cs","@id":"https:\/\/www.nova-trojka.cz\/#\/schema\/logo\/image\/","url":"https:\/\/www.nova-trojka.cz\/wp-content\/uploads\/2019\/05\/logotypN3.png","contentUrl":"https:\/\/www.nova-trojka.cz\/wp-content\/uploads\/2019\/05\/logotypN3.png","width":640,"height":480,"caption":"NOV\u00c1 TROJKA, z.s."},"image":{"@id":"https:\/\/www.nova-trojka.cz\/#\/schema\/logo\/image\/"},"sameAs":["https:\/\/www.facebook.com\/novatrojka\/","https:\/\/www.instagram.com\/novatrojka\/"]}]}},"_links":{"self":[{"href":"https:\/\/www.nova-trojka.cz\/index.php\/wp-json\/wp\/v2\/pages\/694","targetHints":{"allow":["GET"]}}],"collection":[{"href":"https:\/\/www.nova-trojka.cz\/index.php\/wp-json\/wp\/v2\/pages"}],"about":[{"href":"https:\/\/www.nova-trojka.cz\/index.php\/wp-json\/wp\/v2\/types\/page"}],"author":[{"embeddable":true,"href":"https:\/\/www.nova-trojka.cz\/index.php\/wp-json\/wp\/v2\/users\/2"}],"replies":[{"embeddable":true,"href":"https:\/\/www.nova-trojka.cz\/index.php\/wp-json\/wp\/v2\/comments?post=694"}],"version-history":[{"count":118,"href":"https:\/\/www.nova-trojka.cz\/index.php\/wp-json\/wp\/v2\/pages\/694\/revisions"}],"predecessor-version":[{"id":11892,"href":"https:\/\/www.nova-trojka.cz\/index.php\/wp-json\/wp\/v2\/pages\/694\/revisions\/11892"}],"wp:attachment":[{"href":"https:\/\/www.nova-trojka.cz\/index.php\/wp-json\/wp\/v2\/media?parent=694"}],"curies":[{"name":"wp","href":"https:\/\/api.w.org\/{rel}","templated":true}]}}