{"id":5655,"date":"2021-07-22T12:10:20","date_gmt":"2021-07-22T10:10:20","guid":{"rendered":"https:\/\/www.nova-trojka.cz\/?page_id=5655"},"modified":"2025-08-08T12:17:40","modified_gmt":"2025-08-08T10:17:40","slug":"pro-komunitu","status":"publish","type":"page","link":"https:\/\/www.nova-trojka.cz\/index.php\/pro-komunitu\/","title":{"rendered":"Nov\u00e1 Trojka pro komunitu"},"content":{"rendered":"\n<p>Ka\u017ed\u00fd den pracujeme s rodinami, zn\u00e1me dob\u0159e jejich probl\u00e9my a starosti. D\u00edky tomu m\u016f\u017eeme d\u016fle\u017eit\u00e9 informace p\u0159ed\u00e1vat d\u00e1l \u00fa\u0159ad\u016fm, obci \u010di z\u00e1konod\u00e1rc\u016fm. Sna\u017e\u00edme se svou \u010dinnost\u00ed p\u0159isp\u00edvat k vytvo\u0159en\u00ed efektivn\u011b funguj\u00edc\u00ed s\u00edt\u011b soci\u00e1ln\u00edch a n\u00e1vazn\u00fdch slu\u017eeb pro rodiny a pomoci tak komunit\u011b, ve kter\u00e9 \u017eijeme.<\/p>\n\n\n\n<figure class=\"wp-block-image size-large\"><img loading=\"lazy\" decoding=\"async\" width=\"799\" height=\"465\" src=\"https:\/\/www.nova-trojka.cz\/wp-content\/uploads\/2021\/07\/186203860_771131600434959_8738109629556462827_n.jpg\" alt=\"\" class=\"wp-image-5631\" srcset=\"https:\/\/www.nova-trojka.cz\/wp-content\/uploads\/2021\/07\/186203860_771131600434959_8738109629556462827_n.jpg 799w, https:\/\/www.nova-trojka.cz\/wp-content\/uploads\/2021\/07\/186203860_771131600434959_8738109629556462827_n-300x175.jpg 300w, https:\/\/www.nova-trojka.cz\/wp-content\/uploads\/2021\/07\/186203860_771131600434959_8738109629556462827_n-768x447.jpg 768w\" sizes=\"auto, (max-width: 799px) 100vw, 799px\" \/><\/figure>\n\n\n\n<h5 class=\"wp-block-heading\">S k\u00fdm a na \u010dem spolupracujeme:<\/h5>\n\n\n\n<ol class=\"wp-block-list\">\n<li><strong><a href=\"https:\/\/www.praha3.cz\/\">M\u011bstsk\u00e1 \u010d\u00e1st Praha 3<\/a> <\/strong>je na\u0161\u00edm hlavn\u00edm strategick\u00fdm partnerem, spolupracujeme s n\u00ed na t\u011bchto projektech:\n<ul class=\"wp-block-list\">\n<li><strong>Komunitn\u00ed pl\u00e1nov\u00e1n\u00ed<\/strong> soci\u00e1ln\u00edch a n\u00e1vazn\u00fdch slu\u017eeb Prahy 3, aktu\u00e1ln\u011b pro roky 2025-2029<\/li>\n\n\n\n<li><strong>OSPOD Praha 3<\/strong> \u2013 c\u00edlen\u00e1 pomoc rodin\u00e1m \u2013 v\u00edce informac\u00ed viz. <a href=\"https:\/\/www.nova-trojka.cz\/index.php\/socialni-aktivity\/\">soci\u00e1ln\u00ed aktivity<\/a>.<\/li>\n\n\n\n<li><strong>Strategick\u00fd pl\u00e1n m\u011bstsk\u00e9 \u010d\u00e1sti Praha 3 na obdob\u00ed 2021-2030<\/strong><\/li>\n\n\n\n<li><strong>Realizace prorodinn\u00e9 politiky m\u011bstsk\u00e9 \u010d\u00e1sti Praha 3<\/strong> &#8211; V z\u00e1\u0159\u00ed 2022 byla schv\u00e1lena Koncepce prorodinn\u00e9 politiky m\u011bstsk\u00e9 \u010d\u00e1sti Praha 3 na obdob\u00ed 2023 &#8211; 2027, na jej\u00edm\u017e vzniku se Nov\u00e1 Trojka pod\u00edlela.<\/li>\n\n\n\n<li><strong>MAP Praha 3 pro vzd\u011bl\u00e1v\u00e1n\u00ed<\/strong> &#8211; projekt, jeho\u017e c\u00edlem je zajistit kvalitn\u00ed vzd\u011bl\u00e1v\u00e1n\u00ed na \u00fazem\u00ed Prahy 3<br><\/li>\n<\/ul>\n<\/li>\n\n\n\n<li><a href=\"https:\/\/www.uniecenter.cz\/\"><strong>Unie center pro rodinu<\/strong> <strong>a komunitu <\/strong><\/a>&#8211; jsme zakl\u00e1daj\u00edc\u00edm \u010dlenem&nbsp; st\u0159e\u0161n\u00ed organizace, kter\u00e1 pom\u00e1h\u00e1 centr\u016fm spojit s\u00edly nap\u0159\u00edklad p\u0159i vyjedn\u00e1v\u00e1n\u00ed dota\u010dn\u00edch podm\u00ednek \u010di v dal\u0161\u00edch ot\u00e1zk\u00e1ch t\u00fdkaj\u00edc\u00edch se rodiny. Slou\u017e\u00ed t\u00e9\u017e ke sd\u00edlen\u00ed zku\u0161enost\u00ed a dobr\u00e9 praxe.<br><\/li>\n\n\n\n<li><a href=\"https:\/\/www.praha.eu\/jnp\/\"><strong>Hlavn\u00ed m\u011bsto Praha<\/strong><\/a> &#8211; Spolupr\u00e1ce na poli prorodinn\u00e9 politiky, zejm. prost\u0159ednictv\u00edm V\u00fdboru pro rodinnou politiku a soci\u00e1ln\u00ed oblast ZHMP<br><\/li>\n\n\n\n<li><strong>Poskytovatel\u00e9 slu\u017eeb pro d\u011bti a ml\u00e1de\u017e <\/strong>v Praze 3 &#8211; pravideln\u011b si vym\u011b\u0148ujeme zku\u0161enosti s t\u011bmi, kte\u0159\u00ed pracuj\u00ed s d\u011btmi a ml\u00e1de\u017e\u00ed v na\u0161\u00ed lokalit\u011b.<br><\/li>\n\n\n\n<li><strong><a href=\"https:\/\/www.nova-trojka.cz\/index.php\/o-nas\/dobrovolnici\">Dobrovolnictv\u00ed<\/a> <\/strong>&#8211; dobrovoln\u00edci se v Nov\u00e9 Trojce vyskytuj\u00ed od sam\u00e9ho po\u010d\u00e1tku. V dob\u011b kriz\u00ed (pandemie Covid-19, v\u00e1lka na Ukrajin\u011b) pom\u00e1haj\u00ed na\u0161i dobrovoln\u00edci nejen v centru, ale i \u0161irok\u00e9 ve\u0159ejnosti. <br><\/li>\n\n\n\n<li><strong>Pomoc lidem s psychick\u00fdmi probl\u00e9my<\/strong> &#8211; dopoledn\u00ed recepce centra slou\u017e\u00ed jako tr\u00e9ninkov\u00e9 m\u00edsto pro klienty organizace <a href=\"https:\/\/www.fokus-praha.cz\/\">Fokus<\/a>. Pom\u00e1h\u00e1me tak lidem s psychick\u00fdmi probl\u00e9my zapojit se zp\u011bt do b\u011b\u017en\u00e9ho \u017eivota.<br><\/li>\n\n\n\n<li><strong>Dobro\u010dinn\u00e9 sb\u00edrky <\/strong>&#8211; jsme v\u0161\u00edmav\u00ed ke sv\u00e9 mu okol\u00ed a osudy ostatn\u00edch n\u00e1m nejsou lhostejn\u00e9. Pro pot\u0159ebn\u00e9 po\u0159\u00e1d\u00e1me sb\u00edrky oble\u010den\u00ed, potravin, hygienick\u00fdch pot\u0159eb i vybaven\u00ed dom\u00e1cnosti. Intenzivn\u011b spolupracujeme zejm\u00e9na s OSPOD Praha 3 a organizac\u00ed R-Mosty.<br><\/li>\n\n\n\n<li><strong>\u00da\u010dast v charitativn\u00edch akc\u00edch a akc\u00edch pro komunitu<\/strong>.<\/li>\n<\/ol>\n\n\n\n<div class=\"wp-block-cover is-light\"><span aria-hidden=\"true\" class=\"wp-block-cover__background has-background-dim\" style=\"background-color:#878384\"><\/span><img loading=\"lazy\" decoding=\"async\" width=\"1280\" height=\"911\" class=\"wp-block-cover__image-background wp-image-11115\" alt=\"\" src=\"https:\/\/www.nova-trojka.cz\/wp-content\/uploads\/2025\/08\/people-8689116_1280.jpg\" style=\"object-position:64% 0%\" data-object-fit=\"cover\" data-object-position=\"64% 0%\" srcset=\"https:\/\/www.nova-trojka.cz\/wp-content\/uploads\/2025\/08\/people-8689116_1280.jpg 1280w, https:\/\/www.nova-trojka.cz\/wp-content\/uploads\/2025\/08\/people-8689116_1280-300x214.jpg 300w, https:\/\/www.nova-trojka.cz\/wp-content\/uploads\/2025\/08\/people-8689116_1280-1024x729.jpg 1024w, https:\/\/www.nova-trojka.cz\/wp-content\/uploads\/2025\/08\/people-8689116_1280-768x547.jpg 768w\" sizes=\"auto, (max-width: 1280px) 100vw, 1280px\" \/><div class=\"wp-block-cover__inner-container is-layout-flow wp-block-cover-is-layout-flow\">\n<p class=\"has-text-align-center has-large-font-size\"><strong>Komunita je pro n\u00e1s d\u016fle\u017eit\u00e1.<\/strong><\/p>\n<\/div><\/div>\n\n\n\n<p class=\"has-text-align-center\"><em><strong>Neust\u00e1le p\u0159ich\u00e1z\u00edme s nov\u00fdmi n\u00e1pady, jejich\u017e c\u00edlem je rozv\u00edjet funk\u010dn\u00ed komunitu a zlep\u0161ovat \u017eivot lid\u00ed kolem n\u00e1s.<\/strong><\/em><\/p>\n","protected":false},"excerpt":{"rendered":"<p>Ka\u017ed\u00fd den pracujeme s rodinami, zn\u00e1me dob\u0159e jejich probl\u00e9my a starosti. D\u00edky tomu m\u016f\u017eeme d\u016fle\u017eit\u00e9 informace p\u0159ed\u00e1vat d\u00e1l \u00fa\u0159ad\u016fm, obci &hellip; <\/p>\n","protected":false},"author":1,"featured_media":0,"parent":0,"menu_order":5,"comment_status":"closed","ping_status":"closed","template":"","meta":{"footnotes":""},"class_list":["post-5655","page","type-page","status-publish","hentry","latest_post"],"yoast_head":"<!-- This site is optimized with the Yoast SEO plugin v27.5 - https:\/\/yoast.com\/product\/yoast-seo-wordpress\/ -->\n<title>Nov\u00e1 Trojka pro komunitu - Rodinn\u00e9 centrum Nov\u00e1 Trojka<\/title>\n<meta name=\"description\" content=\"Komunita je pro n\u00e1s d\u016fle\u017eit\u00e1. Sna\u017e\u00edme se p\u0159isp\u00edvat k vytvo\u0159en\u00ed efektivn\u011b funguj\u00edc\u00ed s\u00edt\u011b soci\u00e1ln\u00edch a n\u00e1vazn\u00fdch slu\u017eeb pro rodiny.\" \/>\n<meta name=\"robots\" content=\"index, follow, max-snippet:-1, max-image-preview:large, max-video-preview:-1\" \/>\n<link rel=\"canonical\" href=\"https:\/\/www.nova-trojka.cz\/index.php\/pro-komunitu\/\" \/>\n<meta property=\"og:locale\" content=\"cs_CZ\" \/>\n<meta property=\"og:type\" content=\"article\" \/>\n<meta property=\"og:title\" content=\"Nov\u00e1 Trojka pro komunitu - Rodinn\u00e9 centrum Nov\u00e1 Trojka\" \/>\n<meta property=\"og:description\" content=\"Komunita je pro n\u00e1s d\u016fle\u017eit\u00e1. Sna\u017e\u00edme se p\u0159isp\u00edvat k vytvo\u0159en\u00ed efektivn\u011b funguj\u00edc\u00ed s\u00edt\u011b soci\u00e1ln\u00edch a n\u00e1vazn\u00fdch slu\u017eeb pro rodiny.\" \/>\n<meta property=\"og:url\" content=\"https:\/\/www.nova-trojka.cz\/index.php\/pro-komunitu\/\" \/>\n<meta property=\"og:site_name\" content=\"Rodinn\u00e9 centrum Nov\u00e1 Trojka\" \/>\n<meta property=\"article:publisher\" content=\"https:\/\/www.facebook.com\/novatrojka\/\" \/>\n<meta property=\"article:modified_time\" content=\"2025-08-08T10:17:40+00:00\" \/>\n<meta property=\"og:image\" content=\"http:\/\/www.nova-trojka.cz\/wp-content\/uploads\/2021\/07\/186203860_771131600434959_8738109629556462827_n.jpg\" \/>\n<meta name=\"twitter:card\" content=\"summary_large_image\" \/>\n<meta name=\"twitter:label1\" content=\"Odhadovan\u00e1 doba \u010dten\u00ed\" \/>\n\t<meta name=\"twitter:data1\" content=\"3 minuty\" \/>\n<script type=\"application\/ld+json\" class=\"yoast-schema-graph\">{\"@context\":\"https:\\\/\\\/schema.org\",\"@graph\":[{\"@type\":\"WebPage\",\"@id\":\"https:\\\/\\\/www.nova-trojka.cz\\\/index.php\\\/pro-komunitu\\\/\",\"url\":\"https:\\\/\\\/www.nova-trojka.cz\\\/index.php\\\/pro-komunitu\\\/\",\"name\":\"Nov\u00e1 Trojka pro komunitu - Rodinn\u00e9 centrum Nov\u00e1 Trojka\",\"isPartOf\":{\"@id\":\"https:\\\/\\\/www.nova-trojka.cz\\\/#website\"},\"primaryImageOfPage\":{\"@id\":\"https:\\\/\\\/www.nova-trojka.cz\\\/index.php\\\/pro-komunitu\\\/#primaryimage\"},\"image\":{\"@id\":\"https:\\\/\\\/www.nova-trojka.cz\\\/index.php\\\/pro-komunitu\\\/#primaryimage\"},\"thumbnailUrl\":\"http:\\\/\\\/www.nova-trojka.cz\\\/wp-content\\\/uploads\\\/2021\\\/07\\\/186203860_771131600434959_8738109629556462827_n.jpg\",\"datePublished\":\"2021-07-22T10:10:20+00:00\",\"dateModified\":\"2025-08-08T10:17:40+00:00\",\"description\":\"Komunita je pro n\u00e1s d\u016fle\u017eit\u00e1. Sna\u017e\u00edme se p\u0159isp\u00edvat k vytvo\u0159en\u00ed efektivn\u011b funguj\u00edc\u00ed s\u00edt\u011b soci\u00e1ln\u00edch a n\u00e1vazn\u00fdch slu\u017eeb pro rodiny.\",\"breadcrumb\":{\"@id\":\"https:\\\/\\\/www.nova-trojka.cz\\\/index.php\\\/pro-komunitu\\\/#breadcrumb\"},\"inLanguage\":\"cs\",\"potentialAction\":[{\"@type\":\"ReadAction\",\"target\":[\"https:\\\/\\\/www.nova-trojka.cz\\\/index.php\\\/pro-komunitu\\\/\"]}]},{\"@type\":\"ImageObject\",\"inLanguage\":\"cs\",\"@id\":\"https:\\\/\\\/www.nova-trojka.cz\\\/index.php\\\/pro-komunitu\\\/#primaryimage\",\"url\":\"http:\\\/\\\/www.nova-trojka.cz\\\/wp-content\\\/uploads\\\/2021\\\/07\\\/186203860_771131600434959_8738109629556462827_n.jpg\",\"contentUrl\":\"http:\\\/\\\/www.nova-trojka.cz\\\/wp-content\\\/uploads\\\/2021\\\/07\\\/186203860_771131600434959_8738109629556462827_n.jpg\"},{\"@type\":\"BreadcrumbList\",\"@id\":\"https:\\\/\\\/www.nova-trojka.cz\\\/index.php\\\/pro-komunitu\\\/#breadcrumb\",\"itemListElement\":[{\"@type\":\"ListItem\",\"position\":1,\"name\":\"Dom\u016f\",\"item\":\"https:\\\/\\\/www.nova-trojka.cz\\\/\"},{\"@type\":\"ListItem\",\"position\":2,\"name\":\"Nov\u00e1 Trojka pro komunitu\"}]},{\"@type\":\"WebSite\",\"@id\":\"https:\\\/\\\/www.nova-trojka.cz\\\/#website\",\"url\":\"https:\\\/\\\/www.nova-trojka.cz\\\/\",\"name\":\"Nov\u00e1 Trojka\",\"description\":\"Rodinn\u00e9 a kulturn\u00ed centrum Nov\u00e1 Trojka nab\u00edz\u00ed p\u0159\u00e1telsk\u00fd, bezpe\u010dn\u00fd a inspirativn\u00ed prostor pro celou rodinu.\",\"publisher\":{\"@id\":\"https:\\\/\\\/www.nova-trojka.cz\\\/#organization\"},\"potentialAction\":[{\"@type\":\"SearchAction\",\"target\":{\"@type\":\"EntryPoint\",\"urlTemplate\":\"https:\\\/\\\/www.nova-trojka.cz\\\/?s={search_term_string}\"},\"query-input\":{\"@type\":\"PropertyValueSpecification\",\"valueRequired\":true,\"valueName\":\"search_term_string\"}}],\"inLanguage\":\"cs\"},{\"@type\":\"Organization\",\"@id\":\"https:\\\/\\\/www.nova-trojka.cz\\\/#organization\",\"name\":\"NOV\u00c1 TROJKA, z.s.\",\"url\":\"https:\\\/\\\/www.nova-trojka.cz\\\/\",\"logo\":{\"@type\":\"ImageObject\",\"inLanguage\":\"cs\",\"@id\":\"https:\\\/\\\/www.nova-trojka.cz\\\/#\\\/schema\\\/logo\\\/image\\\/\",\"url\":\"https:\\\/\\\/www.nova-trojka.cz\\\/wp-content\\\/uploads\\\/2019\\\/05\\\/logotypN3.png\",\"contentUrl\":\"https:\\\/\\\/www.nova-trojka.cz\\\/wp-content\\\/uploads\\\/2019\\\/05\\\/logotypN3.png\",\"width\":640,\"height\":480,\"caption\":\"NOV\u00c1 TROJKA, z.s.\"},\"image\":{\"@id\":\"https:\\\/\\\/www.nova-trojka.cz\\\/#\\\/schema\\\/logo\\\/image\\\/\"},\"sameAs\":[\"https:\\\/\\\/www.facebook.com\\\/novatrojka\\\/\",\"https:\\\/\\\/www.instagram.com\\\/novatrojka\\\/\"]}]}<\/script>\n<!-- \/ Yoast SEO plugin. -->","yoast_head_json":{"title":"Nov\u00e1 Trojka pro komunitu - Rodinn\u00e9 centrum Nov\u00e1 Trojka","description":"Komunita je pro n\u00e1s d\u016fle\u017eit\u00e1. Sna\u017e\u00edme se p\u0159isp\u00edvat k vytvo\u0159en\u00ed efektivn\u011b funguj\u00edc\u00ed s\u00edt\u011b soci\u00e1ln\u00edch a n\u00e1vazn\u00fdch slu\u017eeb pro rodiny.","robots":{"index":"index","follow":"follow","max-snippet":"max-snippet:-1","max-image-preview":"max-image-preview:large","max-video-preview":"max-video-preview:-1"},"canonical":"https:\/\/www.nova-trojka.cz\/index.php\/pro-komunitu\/","og_locale":"cs_CZ","og_type":"article","og_title":"Nov\u00e1 Trojka pro komunitu - Rodinn\u00e9 centrum Nov\u00e1 Trojka","og_description":"Komunita je pro n\u00e1s d\u016fle\u017eit\u00e1. Sna\u017e\u00edme se p\u0159isp\u00edvat k vytvo\u0159en\u00ed efektivn\u011b funguj\u00edc\u00ed s\u00edt\u011b soci\u00e1ln\u00edch a n\u00e1vazn\u00fdch slu\u017eeb pro rodiny.","og_url":"https:\/\/www.nova-trojka.cz\/index.php\/pro-komunitu\/","og_site_name":"Rodinn\u00e9 centrum Nov\u00e1 Trojka","article_publisher":"https:\/\/www.facebook.com\/novatrojka\/","article_modified_time":"2025-08-08T10:17:40+00:00","og_image":[{"url":"http:\/\/www.nova-trojka.cz\/wp-content\/uploads\/2021\/07\/186203860_771131600434959_8738109629556462827_n.jpg","type":"","width":"","height":""}],"twitter_card":"summary_large_image","twitter_misc":{"Odhadovan\u00e1 doba \u010dten\u00ed":"3 minuty"},"schema":{"@context":"https:\/\/schema.org","@graph":[{"@type":"WebPage","@id":"https:\/\/www.nova-trojka.cz\/index.php\/pro-komunitu\/","url":"https:\/\/www.nova-trojka.cz\/index.php\/pro-komunitu\/","name":"Nov\u00e1 Trojka pro komunitu - Rodinn\u00e9 centrum Nov\u00e1 Trojka","isPartOf":{"@id":"https:\/\/www.nova-trojka.cz\/#website"},"primaryImageOfPage":{"@id":"https:\/\/www.nova-trojka.cz\/index.php\/pro-komunitu\/#primaryimage"},"image":{"@id":"https:\/\/www.nova-trojka.cz\/index.php\/pro-komunitu\/#primaryimage"},"thumbnailUrl":"http:\/\/www.nova-trojka.cz\/wp-content\/uploads\/2021\/07\/186203860_771131600434959_8738109629556462827_n.jpg","datePublished":"2021-07-22T10:10:20+00:00","dateModified":"2025-08-08T10:17:40+00:00","description":"Komunita je pro n\u00e1s d\u016fle\u017eit\u00e1. Sna\u017e\u00edme se p\u0159isp\u00edvat k vytvo\u0159en\u00ed efektivn\u011b funguj\u00edc\u00ed s\u00edt\u011b soci\u00e1ln\u00edch a n\u00e1vazn\u00fdch slu\u017eeb pro rodiny.","breadcrumb":{"@id":"https:\/\/www.nova-trojka.cz\/index.php\/pro-komunitu\/#breadcrumb"},"inLanguage":"cs","potentialAction":[{"@type":"ReadAction","target":["https:\/\/www.nova-trojka.cz\/index.php\/pro-komunitu\/"]}]},{"@type":"ImageObject","inLanguage":"cs","@id":"https:\/\/www.nova-trojka.cz\/index.php\/pro-komunitu\/#primaryimage","url":"http:\/\/www.nova-trojka.cz\/wp-content\/uploads\/2021\/07\/186203860_771131600434959_8738109629556462827_n.jpg","contentUrl":"http:\/\/www.nova-trojka.cz\/wp-content\/uploads\/2021\/07\/186203860_771131600434959_8738109629556462827_n.jpg"},{"@type":"BreadcrumbList","@id":"https:\/\/www.nova-trojka.cz\/index.php\/pro-komunitu\/#breadcrumb","itemListElement":[{"@type":"ListItem","position":1,"name":"Dom\u016f","item":"https:\/\/www.nova-trojka.cz\/"},{"@type":"ListItem","position":2,"name":"Nov\u00e1 Trojka pro komunitu"}]},{"@type":"WebSite","@id":"https:\/\/www.nova-trojka.cz\/#website","url":"https:\/\/www.nova-trojka.cz\/","name":"Nov\u00e1 Trojka","description":"Rodinn\u00e9 a kulturn\u00ed centrum Nov\u00e1 Trojka nab\u00edz\u00ed p\u0159\u00e1telsk\u00fd, bezpe\u010dn\u00fd a inspirativn\u00ed prostor pro celou rodinu.","publisher":{"@id":"https:\/\/www.nova-trojka.cz\/#organization"},"potentialAction":[{"@type":"SearchAction","target":{"@type":"EntryPoint","urlTemplate":"https:\/\/www.nova-trojka.cz\/?s={search_term_string}"},"query-input":{"@type":"PropertyValueSpecification","valueRequired":true,"valueName":"search_term_string"}}],"inLanguage":"cs"},{"@type":"Organization","@id":"https:\/\/www.nova-trojka.cz\/#organization","name":"NOV\u00c1 TROJKA, z.s.","url":"https:\/\/www.nova-trojka.cz\/","logo":{"@type":"ImageObject","inLanguage":"cs","@id":"https:\/\/www.nova-trojka.cz\/#\/schema\/logo\/image\/","url":"https:\/\/www.nova-trojka.cz\/wp-content\/uploads\/2019\/05\/logotypN3.png","contentUrl":"https:\/\/www.nova-trojka.cz\/wp-content\/uploads\/2019\/05\/logotypN3.png","width":640,"height":480,"caption":"NOV\u00c1 TROJKA, z.s."},"image":{"@id":"https:\/\/www.nova-trojka.cz\/#\/schema\/logo\/image\/"},"sameAs":["https:\/\/www.facebook.com\/novatrojka\/","https:\/\/www.instagram.com\/novatrojka\/"]}]}},"_links":{"self":[{"href":"https:\/\/www.nova-trojka.cz\/index.php\/wp-json\/wp\/v2\/pages\/5655","targetHints":{"allow":["GET"]}}],"collection":[{"href":"https:\/\/www.nova-trojka.cz\/index.php\/wp-json\/wp\/v2\/pages"}],"about":[{"href":"https:\/\/www.nova-trojka.cz\/index.php\/wp-json\/wp\/v2\/types\/page"}],"author":[{"embeddable":true,"href":"https:\/\/www.nova-trojka.cz\/index.php\/wp-json\/wp\/v2\/users\/1"}],"replies":[{"embeddable":true,"href":"https:\/\/www.nova-trojka.cz\/index.php\/wp-json\/wp\/v2\/comments?post=5655"}],"version-history":[{"count":15,"href":"https:\/\/www.nova-trojka.cz\/index.php\/wp-json\/wp\/v2\/pages\/5655\/revisions"}],"predecessor-version":[{"id":11117,"href":"https:\/\/www.nova-trojka.cz\/index.php\/wp-json\/wp\/v2\/pages\/5655\/revisions\/11117"}],"wp:attachment":[{"href":"https:\/\/www.nova-trojka.cz\/index.php\/wp-json\/wp\/v2\/media?parent=5655"}],"curies":[{"name":"wp","href":"https:\/\/api.w.org\/{rel}","templated":true}]}}