{"id":1158,"date":"2019-06-19T17:52:27","date_gmt":"2019-06-19T17:52:27","guid":{"rendered":"http:\/\/www.nova-trojka.cz\/?page_id=1158"},"modified":"2025-01-20T11:22:45","modified_gmt":"2025-01-20T10:22:45","slug":"dobrovolnici","status":"publish","type":"page","link":"https:\/\/www.nova-trojka.cz\/index.php\/o-nas\/dobrovolnici\/","title":{"rendered":"Dobrovoln\u00edci"},"content":{"rendered":"<p>D\u011bkujeme v\u0161em dobrovoln\u00edk\u016fm, kte\u0159\u00ed v\u011bnovali sv\u016fj \u010das a pomohli n\u00e1m s chodem Nov\u00e9 Trojky i aktivitami pro na\u0161e klienty. V\u00e1\u017e\u00edme si va\u0161\u00ed pr\u00e1ce i toho, \u017ee jste. Na\u0161e dobrovoln\u00edky a pomocn\u00edky pravideln\u011b oce\u0148ujeme titulem <a href=\"https:\/\/www.nova-trojka.cz\/index.php\/o-nas\/dobra-vila\/\">Dobr\u00e1 v\u00edla<\/a>.<\/p>\n\n\n<h4 class=\"wp-block-heading\">P\u0159\u00edb\u011bhy<strong> na\u0161ich dobrovoln\u00edk\u016f:<\/strong><\/h4>\n\n\n\n<p id=\"adamkova\">&nbsp;<\/p>\n\n\n<p><img loading=\"lazy\" decoding=\"async\" class=\"size-full wp-image-1756 alignleft\" src=\"https:\/\/www.nova-trojka.cz\/wp-content\/uploads\/2019\/08\/Karin-Ad\u00e1mkov\u00e1.jpg\" alt=\"\" width=\"100\" height=\"150\"><strong data-rich-text-format-boundary=\"true\">Karin Ad\u00e1mkov\u00e1<\/strong><br data-rich-text-line-break=\"true\">Dobrovolnictv\u00ed pro mne znamen\u00e1 mo\u017enost voln\u011b a dobrovoln\u011b \u0161\u00ed\u0159it dobro:). Prost\u0159ednictv\u00edm akc\u00ed se r\u00e1da setk\u00e1m nejen s lidmi z Nov\u00e9 Trojky. Je to pro mne mo\u017enost na\u010derpat inspiraci, c\u00edtit se dob\u0159e. Je to pro mne i mo\u017enost pomoci radou i skutkem (jako fyzioterapeutka). D\u016fle\u017eit\u00e9 je i to, \u017ee na t\u011bchto akc\u00edch \u010dlov\u011bk za\u017eije hodn\u011b legrace a za tu &#8222;d\u0159inu&#8220; mi to rozhodn\u011b stoj\u00ed!!!<\/p>\n\n\n<p id=\"bukovska\">&nbsp;<\/p>\n\n\n<p><strong data-rich-text-format-boundary=\"true\"><img loading=\"lazy\" decoding=\"async\" class=\"wp-image-8362 alignleft\" src=\"https:\/\/www.nova-trojka.cz\/wp-content\/uploads\/2023\/07\/katerina-bukovska-241x300.jpg\" alt=\"\" width=\"120\" height=\"149\" srcset=\"https:\/\/www.nova-trojka.cz\/wp-content\/uploads\/2023\/07\/katerina-bukovska-241x300.jpg 241w, https:\/\/www.nova-trojka.cz\/wp-content\/uploads\/2023\/07\/katerina-bukovska-293x363.jpg 293w, https:\/\/www.nova-trojka.cz\/wp-content\/uploads\/2023\/07\/katerina-bukovska.jpg 572w\" sizes=\"auto, (max-width: 120px) 100vw, 120px\" \/>Katka Bukovsk\u00e1<\/strong><br data-rich-text-line-break=\"true\">Katku mnoz\u00ed znaj\u00ed z programu Batol\u00e1tky, kter\u00fd dlouhou dobu vedla. Te\u010f po n\u00e1vratu do pr\u00e1ce, se s n\u00ed m\u016f\u017eete potkat na tradi\u010dn\u00edch akc\u00edch. Tak\u00e9 ji miluj\u00ed kozy kamerunsk\u00e9, kter\u00e9 pravideln\u011b krm\u00ed v IC Zahrada. V roce 2022 z\u00edskala ocen\u011bn\u00ed <a href=\"https:\/\/www.nova-trojka.cz\/index.php\/o-nas\/dobra-vila\/\">Dobr\u00e1 v\u00edla<\/a>.<\/p>\n\n\n<p id=\"cinkankova\">&nbsp;<\/p>\n\n\n<p><strong data-rich-text-format-boundary=\"true\"><img loading=\"lazy\" decoding=\"async\" class=\"wp-image-1982 alignleft\" src=\"https:\/\/www.nova-trojka.cz\/wp-content\/uploads\/2019\/08\/Cik\u00e1nkov\u00e1-223x300.jpg\" alt=\"\" width=\"120\" height=\"161\" srcset=\"https:\/\/www.nova-trojka.cz\/wp-content\/uploads\/2019\/08\/Cik\u00e1nkov\u00e1-223x300.jpg 223w, https:\/\/www.nova-trojka.cz\/wp-content\/uploads\/2019\/08\/Cik\u00e1nkov\u00e1.jpg 711w\" sizes=\"auto, (max-width: 120px) 100vw, 120px\" \/>Alena Cik\u00e1nkov\u00e1<\/strong><br data-rich-text-line-break=\"true\">Dobrovolnictv\u00ed m\u011b prov\u00e1z\u00ed v\u00edce jak 20 let. Do Nov\u00e9 Trojky jsem poprv\u00e9 p\u0159i\u0161la jako klientka. Nadchlo m\u011b zdej\u0161\u00ed prost\u0159ed\u00ed a atmosf\u00e9ra. Hledala jsem novou komunitu, kde bych se c\u00edtila dob\u0159e a na\u0161la jsem ji. Byla doba, kdy jsem zde tr\u00e1vila v\u00edce \u010dasu ne\u017e doma, tak b\u00e1je\u010dn\u011b se tu \u010dlov\u011bk c\u00edtil. Dobrovolnictv\u00ed pro m\u011b znamen\u00e1 podporovat m\u00edstn\u00ed komunitu, pozn\u00e1vat nov\u00e9 lidi, nov\u00e9 situace, z\u00edskat nov\u00e9 kamar\u00e1dy pro celou rodinu, u\u010dit se n\u011bco nov\u00e9ho, v\u010detn\u011b tolerance a trp\u011blivosti, d\u011blat co m\u00e1 smysl a p\u0159in\u00e1\u0161\u00ed radost nejen mn\u011b.<\/p>\n\n\n<p id=\"drdlova\">&nbsp;<\/p>\n\n\n<p><img loading=\"lazy\" decoding=\"async\" class=\" wp-image-2094 alignleft\" src=\"https:\/\/www.nova-trojka.cz\/wp-content\/uploads\/2019\/08\/IMG_6710-e1565600145621-225x300.jpg\" alt=\"\" width=\"121\" height=\"161\" srcset=\"https:\/\/www.nova-trojka.cz\/wp-content\/uploads\/2019\/08\/IMG_6710-e1565600145621-225x300.jpg 225w, https:\/\/www.nova-trojka.cz\/wp-content\/uploads\/2019\/08\/IMG_6710-e1565600145621-768x1022.jpg 768w, https:\/\/www.nova-trojka.cz\/wp-content\/uploads\/2019\/08\/IMG_6710-e1565600145621-769x1024.jpg 769w\" sizes=\"auto, (max-width: 121px) 100vw, 121px\" \/><strong data-rich-text-format-boundary=\"true\">Veronika Drdlov\u00e1<\/strong><br data-rich-text-line-break=\"true\">Nov\u00e1 Trojka pro mne ze za\u010d\u00e1tku znamenala nejbli\u017e\u0161\u00ed cvi\u010den\u00ed pro t\u011bhotn\u00e9. Postupem \u010dasu m\u00edsto, kam mohu i s miminem p\u0159ij\u00edt na cvi\u010den\u00ed, s v\u011bt\u0161\u00edm potomkem na krou\u017eek nebo si&nbsp; vyrobit n\u011bjak\u00fd \u0161perk, nakoupit na burze, zaj\u00edt si na degustaci v\u00edna, na p\u0159edn\u00e1\u0161ku, d\u011blat dobrovolnici a v\u00e9st kurzy pro d\u011bti, pom\u00e1hat na burze, ud\u011blat \u010darod\u011bjnici, zat\u00e1hnout tam i man\u017eela a nakonec naj\u00edt spoustu kamar\u00e1d\u016f. Do Trojky se v\u017edy r\u00e1da vrac\u00edm. A d\u011bkuji!<\/p>\n\n\n<p id=\"flaskova\">&nbsp;<\/p>\n\n\n<p><strong data-rich-text-format-boundary=\"true\"><img loading=\"lazy\" decoding=\"async\" class=\"wp-image-8380 alignleft\" src=\"https:\/\/www.nova-trojka.cz\/wp-content\/uploads\/2023\/07\/Alenka-Flaskova-199x300.jpg\" alt=\"\" width=\"119\" height=\"179\" srcset=\"https:\/\/www.nova-trojka.cz\/wp-content\/uploads\/2023\/07\/Alenka-Flaskova-199x300.jpg 199w, https:\/\/www.nova-trojka.cz\/wp-content\/uploads\/2023\/07\/Alenka-Flaskova.jpg 420w\" sizes=\"auto, (max-width: 119px) 100vw, 119px\" \/>Alenka Fla\u0161kov\u00e1<br data-rich-text-line-break=\"true\" \/><\/strong>Alenka je jednou z na\u0161ich nejmlad\u0161\u00edch dobrovolnic, nav\u0161t\u011bvuje um\u011bleckou \u0161kolu a kr\u00e1sn\u011b maluje, proto nen\u00ed divu, \u017ee ji \u010dasto potk\u00e1te na v\u00fdtvarn\u00fdch stanovi\u0161t\u00edch tradi\u010dn\u00edch akc\u00ed. Dlouh\u00e1 l\u00e9ta tak\u00e9 pom\u00e1h\u00e1 p\u0159i jarn\u00ed i podzimn\u00ed dobro\u010dinn\u00e9 burze. V roce 2023 z\u00edskala ocen\u011bn\u00ed <a href=\"https:\/\/www.nova-trojka.cz\/index.php\/o-nas\/dobra-vila\/\">Dobr\u00e1 v\u00edla<\/a>.<\/p>\n\n\n<p id=\"hajek\">&nbsp;<\/p>\n\n\n<p><img loading=\"lazy\" decoding=\"async\" class=\"wp-image-10323  alignleft\" src=\"https:\/\/www.nova-trojka.cz\/wp-content\/uploads\/2025\/01\/IMG_2191-250x300.jpeg\" alt=\"\" width=\"121\" height=\"145\" srcset=\"https:\/\/www.nova-trojka.cz\/wp-content\/uploads\/2025\/01\/IMG_2191-250x300.jpeg 250w, https:\/\/www.nova-trojka.cz\/wp-content\/uploads\/2025\/01\/IMG_2191-854x1024.jpeg 854w, https:\/\/www.nova-trojka.cz\/wp-content\/uploads\/2025\/01\/IMG_2191-768x921.jpeg 768w, https:\/\/www.nova-trojka.cz\/wp-content\/uploads\/2025\/01\/IMG_2191-1281x1536.jpeg 1281w, https:\/\/www.nova-trojka.cz\/wp-content\/uploads\/2025\/01\/IMG_2191-1708x2048.jpeg 1708w\" sizes=\"auto, (max-width: 121px) 100vw, 121px\" \/><strong data-rich-text-format-boundary=\"true\">Petr H\u00e1jek<br data-rich-text-line-break=\"true\" \/><\/strong>Dobrovolnictv\u00ed jsem si vybral po odchodu do d\u016fchodu jako svoji dal\u0161\u00ed \u017eivotn\u00ed n\u00e1pl\u0148. R\u00e1d pracuji s d\u011btmi a proto\u017ee v Nov\u00e9 Trojce jsem ji\u017e 13 let, tak to byla dobr\u00e1 volba. Bav\u00ed m\u011b \u00fa\u010dast v r\u016fzn\u00fdch krou\u017ec\u00edch a projektech. Cel\u00fd kolektiv centra (logicky p\u0159ev\u00e1\u017en\u011b \u017eensk\u00fd) na m\u011b p\u016fsob\u00ed velmi p\u0159\u00edjemn\u011b. V Nov\u00e9 Trojce se vrac\u00edm do mlad\u00fdch let, kdy m\u011b je\u0161t\u011b pot\u0159ebovaly moje vlastn\u00ed d\u011bti a m\u016f\u017eu si v\u0161e zopakovat s \u017eivotn\u00ed odstupem. Je \u00fa\u017easn\u00e9, \u017ee na\u0161e \u00fa\u0159ady a sponzo\u0159i podporuj\u00ed tuto aktivitu.<\/p>\n\n\n<p id=\"hrdlickova\">&nbsp;<\/p>\n\n\n<p><strong data-rich-text-format-boundary=\"true\"><img loading=\"lazy\" decoding=\"async\" class=\"wp-image-8384 alignleft\" src=\"https:\/\/www.nova-trojka.cz\/wp-content\/uploads\/2023\/07\/Zdenka-Hrdlickova-216x300.jpg\" alt=\"\" width=\"120\" height=\"167\" srcset=\"https:\/\/www.nova-trojka.cz\/wp-content\/uploads\/2023\/07\/Zdenka-Hrdlickova-216x300.jpg 216w, https:\/\/www.nova-trojka.cz\/wp-content\/uploads\/2023\/07\/Zdenka-Hrdlickova.jpg 609w\" sizes=\"auto, (max-width: 120px) 100vw, 120px\" \/>Zde\u0148ka Hrdli\u010dkov\u00e1<br data-rich-text-line-break=\"true\"><\/strong>Zde\u0148ka m\u00e1 r\u00e1da d\u011bti a spole\u010dnost, proto kdy\u017e jej\u00ed vnuci vyrostli, p\u0159i\u0161la do Nov\u00e9 Trojky. Ka\u017edou st\u0159edu se s n\u00ed m\u016f\u017eete potkat na recepci. D\u011bti ze \u0161kolky ji znaj\u00ed jako babi\u010dku, kter\u00e1 jim r\u00e1da pom\u016f\u017ee p\u0159i lekc\u00edch keramiky a na akc\u00edch je v\u00e1m k dispozici na stanovi\u0161t\u00edch. V roce 2023 z\u00edskala ocen\u011bn\u00ed <a href=\"https:\/\/www.nova-trojka.cz\/index.php\/o-nas\/dobra-vila\/\">Dobr\u00e1 v\u00edla<\/a>.<\/p>\n\n\n<p id=\"hudiova\">&nbsp;<\/p>\n\n\n<p><img loading=\"lazy\" decoding=\"async\" class=\" wp-image-1854 alignleft\" src=\"https:\/\/www.nova-trojka.cz\/wp-content\/uploads\/2019\/08\/Barbara-Hudiov\u00e1-215x300.jpg\" alt=\"\" width=\"120\" height=\"167\" srcset=\"https:\/\/www.nova-trojka.cz\/wp-content\/uploads\/2019\/08\/Barbara-Hudiov\u00e1-215x300.jpg 215w, https:\/\/www.nova-trojka.cz\/wp-content\/uploads\/2019\/08\/Barbara-Hudiov\u00e1-768x1070.jpg 768w, https:\/\/www.nova-trojka.cz\/wp-content\/uploads\/2019\/08\/Barbara-Hudiov\u00e1-735x1024.jpg 735w, https:\/\/www.nova-trojka.cz\/wp-content\/uploads\/2019\/08\/Barbara-Hudiov\u00e1.jpg 1280w\" sizes=\"auto, (max-width: 120px) 100vw, 120px\" \/><strong data-rich-text-format-boundary=\"true\">Barbara Hudiov\u00e1<\/strong><br data-rich-text-line-break=\"true\">Trojka pro m\u011b znamen\u00e1 druh\u00fd domov, kde se potk\u00e1v\u00e1m s p\u0159\u00e1teli, kte\u0159\u00ed se o m\u011b staraj\u00ed a pomohou mi v ka\u017ed\u00e9 situaci. Mohu s nimi sd\u00edlet radost i smutek a poka\u017ed\u00e9 v\u00edm, \u017ee m\u011b nebude nikdo odsuzovat a v\u017edy najdu porozum\u011bn\u00ed, i kdy\u017e ud\u011bl\u00e1m sebev\u011bt\u0161\u00ed pitomost. V Trojce nen\u00ed z\u00e1\u0161ti ani jin\u00e9 podobn\u00e9 ne\u0159esti, v Trojce se da\u0159\u00ed l\u00e1sce a up\u0159\u00edmnosti!<\/p>\n\n\n<p id=\"janecek\">&nbsp;<\/p>\n\n\n<p><img loading=\"lazy\" decoding=\"async\" class=\" wp-image-1240 alignleft\" src=\"https:\/\/www.nova-trojka.cz\/wp-content\/uploads\/2016\/12\/Vlast\u00edk-Jane\u010dek-1-225x300.jpg\" alt=\"\" width=\"120\" height=\"160\" srcset=\"https:\/\/www.nova-trojka.cz\/wp-content\/uploads\/2016\/12\/Vlast\u00edk-Jane\u010dek-1-225x300.jpg 225w, https:\/\/www.nova-trojka.cz\/wp-content\/uploads\/2016\/12\/Vlast\u00edk-Jane\u010dek-1-768x1024.jpg 768w\" sizes=\"auto, (max-width: 120px) 100vw, 120px\" \/><strong data-rich-text-format-boundary=\"true\">Vl<\/strong><strong>astimil Jane\u010dek<\/strong><br data-rich-text-line-break=\"true\">Moje d\u011bti vyu\u017e\u00edvaj\u00ed slu\u017eeb Nov\u00e9 Trojky prakticky od narozen\u00ed a j\u00e1 byl v\u017edy s&nbsp;Novou Trojkou maxim\u00e1ln\u011b spokojen\u00fd. Obdivuji ideu a pr\u00e1ci \u201e<span class=\"il\">matek<\/span>&#8211;<span class=\"il\">zakladatelek<\/span>\u201c. Nyn\u00ed se sna\u017e\u00edm v r\u00e1mci sv\u00fdch skromn\u00fdch mo\u017enost\u00ed p\u0159isp\u011bt k rozvoji Nov\u00e9 Trojky i j\u00e1.<\/p>\n\n\n<p id=\"manninen\">&nbsp;<\/p>\n\n\n<p><img loading=\"lazy\" decoding=\"async\" class=\" wp-image-1859 alignleft\" src=\"https:\/\/www.nova-trojka.cz\/wp-content\/uploads\/2019\/08\/Zuzana-Maninen-181x300.jpg\" alt=\"\" width=\"121\" height=\"201\" srcset=\"https:\/\/www.nova-trojka.cz\/wp-content\/uploads\/2019\/08\/Zuzana-Maninen-181x300.jpg 181w, https:\/\/www.nova-trojka.cz\/wp-content\/uploads\/2019\/08\/Zuzana-Maninen-768x1270.jpg 768w, https:\/\/www.nova-trojka.cz\/wp-content\/uploads\/2019\/08\/Zuzana-Maninen-619x1024.jpg 619w, https:\/\/www.nova-trojka.cz\/wp-content\/uploads\/2019\/08\/Zuzana-Maninen.jpg 1437w\" sizes=\"auto, (max-width: 121px) 100vw, 121px\" \/><strong data-rich-text-format-boundary=\"true\">Zuzana Manninen<br data-rich-text-line-break=\"true\"><\/strong>Dobrovolnictv\u00ed pro m\u011b znamen\u00e1 dobr\u00fd pocit, \u017ee mohu pomoct tam, kde to m\u00e1 smysl. A \u017ee se mohu potk\u00e1vat s lidmi, kte\u0159\u00ed to vn\u00edmaj\u00ed stejn\u011b\ud83d\ude0a. Nov\u00e1 Trojka si sv\u00fdch dobrovoln\u00edk\u016f v\u00e1\u017e\u00ed a pe\u010duje o n\u011b.&nbsp; Je to takov\u00e1 jedna velk\u00e1 rodina\ud83d\ude0a. R\u00e1da p\u0159ipravuji program pro Batol\u00e1tky, \u00fa\u010dastn\u00edm se akc\u00ed i jarn\u00ed a podzimn\u00ed burzy.<\/p>\n\n\n<p id=\"meissnerovi\">&nbsp;<\/p>\n\n\n<p><img loading=\"lazy\" decoding=\"async\" class=\" wp-image-5137 alignleft\" src=\"https:\/\/www.nova-trojka.cz\/wp-content\/uploads\/2021\/03\/ivanka-216x300.jpg\" alt=\"\" width=\"118\" height=\"164\" srcset=\"https:\/\/www.nova-trojka.cz\/wp-content\/uploads\/2021\/03\/ivanka-216x300.jpg 216w, https:\/\/www.nova-trojka.cz\/wp-content\/uploads\/2021\/03\/ivanka-736x1024.jpg 736w, https:\/\/www.nova-trojka.cz\/wp-content\/uploads\/2021\/03\/ivanka-768x1069.jpg 768w, https:\/\/www.nova-trojka.cz\/wp-content\/uploads\/2021\/03\/ivanka-1104x1536.jpg 1104w, https:\/\/www.nova-trojka.cz\/wp-content\/uploads\/2021\/03\/ivanka-1471x2048.jpg 1471w, https:\/\/www.nova-trojka.cz\/wp-content\/uploads\/2021\/03\/ivanka.jpg 1817w\" sizes=\"auto, (max-width: 118px) 100vw, 118px\" \/><strong data-rich-text-format-boundary=\"true\">Ivana a Standa Meissnerovi<br data-rich-text-line-break=\"true\"><\/strong>P\u0159i pr\u00e1ci v Nov\u00e9 Trojce jsem poznala \u00fa\u017easn\u00fd t\u00fdm spolupracovn\u00edk\u016f, kter\u00fd se zab\u00fdv\u00e1 smysluplnou prac\u00ed. Zaujala m\u011b p\u0159\u00edjemn\u00e1 atmosf\u00e9ra, p\u0159\u00e1telskost a rodinn\u00e9 prost\u0159ed\u00ed, zapojov\u00e1n\u00ed rodinn\u00fdch p\u0159\u00edslu\u0161n\u00edk\u016f a spole\u010dn\u00e9 vytv\u00e1\u0159en\u00ed prosp\u011b\u0161n\u00e9 pr\u00e1ce pro ve\u0159ejnost. R\u00e1da pokra\u010duji v d\u016fchodu jako dobrovoln\u00edk spolu s man\u017eelem. Pod\u00edl\u00edme se na \u010dinnostech a z\u016fst\u00e1v\u00e1me tak sou\u010d\u00e1st\u00ed t\u00e9to skv\u011bl\u00e9 komunity.<\/p>\n\n\n<p id=\"milcova\">&nbsp;<\/p>\n\n\n<p><strong data-rich-text-format-boundary=\"true\"><img loading=\"lazy\" decoding=\"async\" class=\"wp-image-8383 alignleft\" src=\"https:\/\/www.nova-trojka.cz\/wp-content\/uploads\/2023\/07\/Dana-Milcova-244x300.jpg\" alt=\"\" width=\"120\" height=\"148\" srcset=\"https:\/\/www.nova-trojka.cz\/wp-content\/uploads\/2023\/07\/Dana-Milcova-244x300.jpg 244w, https:\/\/www.nova-trojka.cz\/wp-content\/uploads\/2023\/07\/Dana-Milcova-832x1024.jpg 832w, https:\/\/www.nova-trojka.cz\/wp-content\/uploads\/2023\/07\/Dana-Milcova-768x945.jpg 768w, https:\/\/www.nova-trojka.cz\/wp-content\/uploads\/2023\/07\/Dana-Milcova-293x363.jpg 293w, https:\/\/www.nova-trojka.cz\/wp-content\/uploads\/2023\/07\/Dana-Milcova-767x950.jpg 767w, https:\/\/www.nova-trojka.cz\/wp-content\/uploads\/2023\/07\/Dana-Milcova.jpg 921w\" sizes=\"auto, (max-width: 120px) 100vw, 120px\" \/>Dana Milcov\u00e1<br data-rich-text-line-break=\"true\"><\/strong>Danu n\u00e1m do Nov\u00e9 Trojky p\u0159ivedla jej\u00ed b\u00e1je\u010dn\u00e1 dcera &#8211; na\u0161e dobrovolnice. Dana je b\u00fdval\u00e1 u\u010ditelka v M\u0160 a sed\u011bt v d\u016fchodu s rukama v kl\u00edn\u011b, to nebylo nic pro n\u00ed. Potk\u00e1te ji ka\u017ed\u00fd t\u00fdden na programu Batol\u00e1tka nebo na stanovi\u0161ti p\u0159i tradi\u010dn\u00edch akc\u00edch. V roce 2023 z\u00edskala ocen\u011bn\u00ed <a href=\"https:\/\/www.nova-trojka.cz\/index.php\/o-nas\/dobra-vila\/\">Dobr\u00e1 v\u00edla<\/a>.<\/p>\n\n\n<p id=\"nova\">&nbsp;<\/p>\n\n\n<p><strong><img loading=\"lazy\" decoding=\"async\" class=\"wp-image-8364 alignleft\" src=\"https:\/\/www.nova-trojka.cz\/wp-content\/uploads\/2023\/07\/Hanka-a-Pavel-Novy-273x300.png\" alt=\"\" width=\"122\" height=\"134\" srcset=\"https:\/\/www.nova-trojka.cz\/wp-content\/uploads\/2023\/07\/Hanka-a-Pavel-Novy-273x300.png 273w, https:\/\/www.nova-trojka.cz\/wp-content\/uploads\/2023\/07\/Hanka-a-Pavel-Novy.png 481w\" sizes=\"auto, (max-width: 122px) 100vw, 122px\" \/>Hana Nov\u00e1<br data-rich-text-line-break=\"true\"><\/strong>Hanka spole\u010dn\u011b s Katkou Bukovskou a Luci\u00ed Volejn\u00edkovou p\u0159ipravovala program Batol\u00e1tka. Ale ani te\u010f po n\u00e1vratu do pr\u00e1ce a p\u0159est\u011bhov\u00e1n\u00ed na druh\u00fd konec Prahy se s Novou Trojkou nechce rozlou\u010dit. P\u0159ivedla n\u00e1m do Nov\u00e9 Trojky svoji maminku (Danu Milcovou) a tak\u00e9 man\u017eela Pavla, kter\u00fd pro n\u00e1s zaji\u0161\u0165uje velkoform\u00e1tov\u00fd tisk. S Hankou se m\u016f\u017eete potkat na tradi\u010dn\u00edch akc\u00edch, ale hlavn\u011b n\u00e1m pom\u00e1h\u00e1 ve chv\u00edli, kdy je pot\u0159eba n\u011bco p\u0159i\u0161\u00edt, u\u0161\u00edt \u010di opravit. V roce 2022 z\u00edskala ocen\u011bn\u00ed <a href=\"https:\/\/www.nova-trojka.cz\/index.php\/o-nas\/dobra-vila\/\">Dobr\u00e1 v\u00edla<\/a>.<\/p>\n\n\n<p id=\"hprochazkova\">&nbsp;<\/p>\n\n\n<p><img loading=\"lazy\" decoding=\"async\" class=\" wp-image-4149 alignleft\" src=\"https:\/\/www.nova-trojka.cz\/wp-content\/uploads\/2020\/05\/FOTKA-NA-WEB-2-241x300.jpg\" alt=\"\" width=\"120\" height=\"149\" srcset=\"https:\/\/www.nova-trojka.cz\/wp-content\/uploads\/2020\/05\/FOTKA-NA-WEB-2-241x300.jpg 241w, https:\/\/www.nova-trojka.cz\/wp-content\/uploads\/2020\/05\/FOTKA-NA-WEB-2-821x1024.jpg 821w, https:\/\/www.nova-trojka.cz\/wp-content\/uploads\/2020\/05\/FOTKA-NA-WEB-2-768x957.jpg 768w, https:\/\/www.nova-trojka.cz\/wp-content\/uploads\/2020\/05\/FOTKA-NA-WEB-2-293x363.jpg 293w, https:\/\/www.nova-trojka.cz\/wp-content\/uploads\/2020\/05\/FOTKA-NA-WEB-2-767x950.jpg 767w, https:\/\/www.nova-trojka.cz\/wp-content\/uploads\/2020\/05\/FOTKA-NA-WEB-2.jpg 1151w\" sizes=\"auto, (max-width: 120px) 100vw, 120px\" \/><strong>Hana Proch\u00e1zkov\u00e1<br data-rich-text-line-break=\"true\"><\/strong>Nov\u00e1 Trojka je pro m\u011b druh\u00fdm domovem, na\u0161la jsem tu p\u0159\u00e1telsk\u00e9 prost\u0159ed\u00ed, ve kter\u00e9m panuje dobr\u00e1 n\u00e1lada a pohoda a super partu lid\u00ed. Poprv\u00e9 jsem sem zav\u00edtala v roce 2004, byly mi 2 roky. Postupem \u010dasu, jsem za\u010dala pom\u00e1hat na tradi\u010dn\u00edch akc\u00edch, p\u0159i burz\u00e1ch a nov\u011b i na p\u0159\u00edm\u011bstsk\u00fdch t\u00e1borech. Moc m\u011b pot\u011b\u0161ilo, kdy\u017e m\u011b Nov\u00e1 Trojka p\u0159edala ocen\u011bn\u00ed <a href=\"https:\/\/www.nova-trojka.cz\/index.php\/o-nas\/dobra-vila\/\">Dobr\u00e1 v\u00edla<\/a> a je\u0161t\u011b m\u011b nominovala na cenu dobrovoln\u00edka roku. D\u011bkuji moc a t\u011b\u0161\u00edm se na dal\u0161\u00ed roky s v\u00e1mi.<\/p>\n\n\n<p id=\"ruzickova\">&nbsp;<\/p>\n\n\n<p><img loading=\"lazy\" decoding=\"async\" class=\" wp-image-2824 alignleft\" src=\"https:\/\/www.nova-trojka.cz\/wp-content\/uploads\/2019\/08\/Janka-R.-228x300.jpg\" alt=\"\" width=\"120\" height=\"158\" srcset=\"https:\/\/www.nova-trojka.cz\/wp-content\/uploads\/2019\/08\/Janka-R.-228x300.jpg 228w, https:\/\/www.nova-trojka.cz\/wp-content\/uploads\/2019\/08\/Janka-R.-768x1011.jpg 768w, https:\/\/www.nova-trojka.cz\/wp-content\/uploads\/2019\/08\/Janka-R.-778x1024.jpg 778w, https:\/\/www.nova-trojka.cz\/wp-content\/uploads\/2019\/08\/Janka-R..jpg 1049w\" sizes=\"auto, (max-width: 120px) 100vw, 120px\" \/><strong data-rich-text-format-boundary=\"true\">Jana R\u016f\u017ei\u010dkov\u00e1<br data-rich-text-line-break=\"true\" \/><\/strong>Kdy\u017e se \u010dlov\u011bk i po spoust\u011b let po\u0159\u00e1d r\u00e1d n\u011bkam vrac\u00ed, tak v\u00ed, \u017ee kdysi ud\u011blal dobr\u00e9 \u017eivotn\u00ed rozhodnut\u00ed. Pr\u00e1v\u011b dobrovolnictv\u00ed d\u011bl\u00e1 z Nov\u00e9 Trojky netuctov\u00e9 \u00a0m\u00edsto. Je prima vym\u00fd\u0161let program pro d\u011bti, hr\u00e1t si, pov\u00eddat si i b\u00fdt vyslechnut, nejv\u011bt\u0161\u00ed odm\u011bnou jsou pak pevn\u00e1 p\u0159\u00e1telstv\u00ed, dobr\u00fd pocit, \u00fasm\u011bv, pod\u011bkov\u00e1n\u00ed&#8230; A i kdy\u017e u\u017e d\u011bti odrostly a dovolen\u00e1 \u010d\u00edt\u00e1 jen p\u00e1r t\u00fddn\u016f za rok, st\u00e1le se vrac\u00edm alespo\u0148 na tradi\u010dn\u00ed akce a t\u011b\u0161\u00ed m\u011b b\u00fdt dobrovolnic\u00ed zrovna u n\u00e1s v Trojce.\u00a0<\/p>\n\n\n<p id=\"vokrouhlik\">&nbsp;<\/p>\n\n\n<p><img loading=\"lazy\" decoding=\"async\" class=\" wp-image-1861 alignleft\" src=\"https:\/\/www.nova-trojka.cz\/wp-content\/uploads\/2019\/08\/V\u00edt-Vokrouhl\u00edk-213x300.jpg\" alt=\"\" width=\"120\" height=\"169\" srcset=\"https:\/\/www.nova-trojka.cz\/wp-content\/uploads\/2019\/08\/V\u00edt-Vokrouhl\u00edk-213x300.jpg 213w, https:\/\/www.nova-trojka.cz\/wp-content\/uploads\/2019\/08\/V\u00edt-Vokrouhl\u00edk.jpg 251w\" sizes=\"auto, (max-width: 120px) 100vw, 120px\" \/><strong data-rich-text-format-boundary=\"true\">V\u00edt Vokrouhl\u00edk<br data-rich-text-line-break=\"true\"><\/strong>Trojku vede skv\u011bl\u00fd t\u00fdm. Obdivuji nasazen\u00ed, s jak\u00fdm svoji pr\u00e1ci d\u011blaj\u00ed. Sleduji jejich st\u00e1le nov\u00e9 n\u00e1pady, kter\u00fdmi obohacuj\u00ed \u017eivot d\u011bt\u00ed i dosp\u011bl\u00fdch na Praze 3. L\u00edb\u00ed se mi pod\u00edlet se na projektu, kter\u00fd mi d\u00e1v\u00e1 smysl.<\/p>\n\n\n<p id=\"volejnikova\">&nbsp;<\/p>\n\n\n<p><strong data-rich-text-format-boundary=\"true\"><img loading=\"lazy\" decoding=\"async\" class=\"wp-image-8363 alignleft\" src=\"https:\/\/www.nova-trojka.cz\/wp-content\/uploads\/2023\/07\/lucie-pirkova-238x300.jpg\" alt=\"\" width=\"120\" height=\"151\" srcset=\"https:\/\/www.nova-trojka.cz\/wp-content\/uploads\/2023\/07\/lucie-pirkova-238x300.jpg 238w, https:\/\/www.nova-trojka.cz\/wp-content\/uploads\/2023\/07\/lucie-pirkova-360x455.jpg 360w, https:\/\/www.nova-trojka.cz\/wp-content\/uploads\/2023\/07\/lucie-pirkova.jpg 617w\" sizes=\"auto, (max-width: 120px) 100vw, 120px\" \/>Lucie Volejn\u00edkov\u00e1<br data-rich-text-line-break=\"true\"><\/strong>Lucku ur\u010dit\u011b zn\u00e1te, vedla n\u011bkolik let program Batol\u00e1tka, ale tak\u00e9 r\u00e1da chod\u00ed na kurzy i akce v Nov\u00e9 Trojce. A pr\u00e1v\u011b na tradi\u010dn\u00edch akc\u00edch ji te\u010f budete moci na stanovi\u0161t\u00edch potk\u00e1vat. Lucka v&nbsp;roce 2022 z\u00edskala ocen\u011bn\u00ed <a href=\"https:\/\/www.nova-trojka.cz\/index.php\/o-nas\/dobra-vila\/\">Dobr\u00e1 v\u00edla<\/a>.<\/p>\n\n\n<p><\/p>\n\n\n\n<h4 class=\"wp-block-heading\">Na\u0161i dobrovoln\u00edci vychov\u00e1vaj\u00ed dal\u0161\u00ed dobrovoln\u00edky.<\/h4>\n\n\n<p>Pom\u00e1haj\u00ed n\u00e1m d\u011bti na\u0161ich dobrovoln\u00edk\u016f i zam\u011bstnanc\u016f &#8211; d\u011bkujeme za dal\u0161\u00ed generaci. Jsou to &#8211; Eli\u0161ka Bub\u00edkov\u00e1, Jan Fla\u0161ka, Madlenka Jane\u010dkov\u00e1, Vojt\u011bch Jane\u010dek, Pavl\u00edna Proch\u00e1zkov\u00e1, Mari\u00e1n Schwarzbeck, Apolenka Schwarzbeckov\u00e1, Ane\u017eka Vodi\u010dkov\u00e1, Maty\u00e1\u0161 Vlk, Vojt\u011bch Vlk, Kate\u0159ina Vokrouhlick\u00e1.<\/p>\n\n\n<h4 class=\"wp-block-heading\">Na\u0161i dal\u0161\u00ed dobrovoln\u00edci: <\/h4>\n\n\n\n<p>Eva Bare\u0161ov\u00e1,  Eva B\u0159e\u0161\u0165ovsk\u00e1, Miroslava \u010cern\u00e1, V\u00e1clav \u010cern\u00fd, Vla\u010fka \u010c\u00ed\u017ekov\u00e1, Andrea Dohnalov\u00e1, Pavla Dydovi\u010dov\u00e1, Ji\u0159\u00ed Fla\u0161ka, Lenka Fla\u0161kov\u00e1,  Daniel Fl\u00edgr, V\u011bra Frol\u00edkov\u00e1, Dan Grosman, Hana Hemerkov\u00e1,  Tereza Hofmannov\u00e1, Lenka Jandov\u00e1, Martina Jankech Sochov\u00e1,  Zuzana Je\u017ekov\u00e1, Dana Klepalov\u00e1, Jana Kr\u00e1lov\u00e1, Miloslava Kramn\u00e1, Martina Krumlov\u00e1,  Eli\u0161ka Kubov\u00e1, Ivana Ku\u010derov\u00e1, Jana Kuntov\u00e1, Petra Kupkov\u00e1, Jaroslav Kurzweil, Anna \u010cechov\u00e1, V\u00e1clava Ma\u0161kov\u00e1, Martina Matu\u0161kov\u00e1, Eva Menzlov\u00e1, Eli\u0161ka N\u011bmcov\u00e1, Michaela Nov\u00e1kov\u00e1, Kv\u011btu\u0161e Novotn\u00e1, Ji\u0159\u00ed Novotn\u00fd, Martina Pojarov\u00e1, Pavla Posp\u00ed\u0161ilov\u00e1, Radim Proch\u00e1zka, Eva Proch\u00e1zkov\u00e1, Hana Pokorn\u00e1, Irena Rube\u0161ov\u00e1, &nbsp;Jan R\u016f\u017ei\u010dka, Martin \u0158eh\u00e1\u010dek, Petra \u0158eh\u00e1\u010dkov\u00e1, Petra Sta\u0148kov\u00e1, Denisa \u0160ar\u0161eov\u00e1,  Zuzana Tognerov\u00e1 \u0160vejdov\u00e1, Anna Zeman.<\/p>\n","protected":false},"excerpt":{"rendered":"<p>D\u011bkujeme v\u0161em dobrovoln\u00edk\u016fm, kte\u0159\u00ed v\u011bnovali sv\u016fj \u010das a pomohli n\u00e1m s chodem Nov\u00e9 Trojky i aktivitami pro na\u0161e klienty. V\u00e1\u017e\u00edme &hellip; <\/p>\n","protected":false},"author":2,"featured_media":0,"parent":694,"menu_order":2,"comment_status":"closed","ping_status":"closed","template":"","meta":{"footnotes":""},"class_list":["post-1158","page","type-page","status-publish","hentry","latest_post"],"yoast_head":"<!-- This site is optimized with the Yoast SEO plugin v27.5 - https:\/\/yoast.com\/product\/yoast-seo-wordpress\/ -->\n<title>Dobrovoln\u00edci rodinn\u00e9ho centra Rodinn\u00e9 centrum Nov\u00e1 Trojka a jejich p\u0159\u00edb\u011bhy<\/title>\n<meta name=\"description\" content=\"Kdo jsou na\u0161i dobrovoln\u00edci a pro\u010d se rozhodli pom\u00e1hat pr\u00e1v\u011b v na\u0161em rodinn\u00e9m centru Nov\u00e1 Trojka. P\u0159e\u010dt\u011bte si jejich p\u0159\u00edb\u011bhy.\" \/>\n<meta name=\"robots\" content=\"index, follow, max-snippet:-1, max-image-preview:large, max-video-preview:-1\" \/>\n<link rel=\"canonical\" href=\"https:\/\/www.nova-trojka.cz\/index.php\/o-nas\/dobrovolnici\/\" \/>\n<meta property=\"og:locale\" content=\"cs_CZ\" \/>\n<meta property=\"og:type\" content=\"article\" \/>\n<meta property=\"og:title\" content=\"Dobrovoln\u00edci rodinn\u00e9ho centra Rodinn\u00e9 centrum Nov\u00e1 Trojka a jejich p\u0159\u00edb\u011bhy\" \/>\n<meta property=\"og:description\" content=\"Kdo jsou na\u0161i dobrovoln\u00edci a pro\u010d se rozhodli pom\u00e1hat pr\u00e1v\u011b v na\u0161em rodinn\u00e9m centru Nov\u00e1 Trojka. P\u0159e\u010dt\u011bte si jejich p\u0159\u00edb\u011bhy.\" \/>\n<meta property=\"og:url\" content=\"https:\/\/www.nova-trojka.cz\/index.php\/o-nas\/dobrovolnici\/\" \/>\n<meta property=\"og:site_name\" content=\"Rodinn\u00e9 centrum Nov\u00e1 Trojka\" \/>\n<meta property=\"article:publisher\" content=\"https:\/\/www.facebook.com\/novatrojka\/\" \/>\n<meta property=\"article:modified_time\" content=\"2025-01-20T10:22:45+00:00\" \/>\n<meta property=\"og:image\" content=\"http:\/\/www.nova-trojka.cz\/wp-content\/uploads\/2023\/07\/katerina-bukovska-241x300.jpg\" \/>\n<meta name=\"twitter:card\" content=\"summary_large_image\" \/>\n<meta name=\"twitter:label1\" content=\"Odhadovan\u00e1 doba \u010dten\u00ed\" \/>\n\t<meta name=\"twitter:data1\" content=\"11 minut\" \/>\n<script type=\"application\/ld+json\" class=\"yoast-schema-graph\">{\"@context\":\"https:\\\/\\\/schema.org\",\"@graph\":[{\"@type\":\"WebPage\",\"@id\":\"https:\\\/\\\/www.nova-trojka.cz\\\/index.php\\\/o-nas\\\/dobrovolnici\\\/\",\"url\":\"https:\\\/\\\/www.nova-trojka.cz\\\/index.php\\\/o-nas\\\/dobrovolnici\\\/\",\"name\":\"Dobrovoln\u00edci rodinn\u00e9ho centra Rodinn\u00e9 centrum Nov\u00e1 Trojka a jejich p\u0159\u00edb\u011bhy\",\"isPartOf\":{\"@id\":\"https:\\\/\\\/www.nova-trojka.cz\\\/#website\"},\"primaryImageOfPage\":{\"@id\":\"https:\\\/\\\/www.nova-trojka.cz\\\/index.php\\\/o-nas\\\/dobrovolnici\\\/#primaryimage\"},\"image\":{\"@id\":\"https:\\\/\\\/www.nova-trojka.cz\\\/index.php\\\/o-nas\\\/dobrovolnici\\\/#primaryimage\"},\"thumbnailUrl\":\"http:\\\/\\\/www.nova-trojka.cz\\\/wp-content\\\/uploads\\\/2023\\\/07\\\/katerina-bukovska-241x300.jpg\",\"datePublished\":\"2019-06-19T17:52:27+00:00\",\"dateModified\":\"2025-01-20T10:22:45+00:00\",\"description\":\"Kdo jsou na\u0161i dobrovoln\u00edci a pro\u010d se rozhodli pom\u00e1hat pr\u00e1v\u011b v na\u0161em rodinn\u00e9m centru Nov\u00e1 Trojka. P\u0159e\u010dt\u011bte si jejich p\u0159\u00edb\u011bhy.\",\"breadcrumb\":{\"@id\":\"https:\\\/\\\/www.nova-trojka.cz\\\/index.php\\\/o-nas\\\/dobrovolnici\\\/#breadcrumb\"},\"inLanguage\":\"cs\",\"potentialAction\":[{\"@type\":\"ReadAction\",\"target\":[\"https:\\\/\\\/www.nova-trojka.cz\\\/index.php\\\/o-nas\\\/dobrovolnici\\\/\"]}]},{\"@type\":\"ImageObject\",\"inLanguage\":\"cs\",\"@id\":\"https:\\\/\\\/www.nova-trojka.cz\\\/index.php\\\/o-nas\\\/dobrovolnici\\\/#primaryimage\",\"url\":\"http:\\\/\\\/www.nova-trojka.cz\\\/wp-content\\\/uploads\\\/2023\\\/07\\\/katerina-bukovska-241x300.jpg\",\"contentUrl\":\"http:\\\/\\\/www.nova-trojka.cz\\\/wp-content\\\/uploads\\\/2023\\\/07\\\/katerina-bukovska-241x300.jpg\"},{\"@type\":\"BreadcrumbList\",\"@id\":\"https:\\\/\\\/www.nova-trojka.cz\\\/index.php\\\/o-nas\\\/dobrovolnici\\\/#breadcrumb\",\"itemListElement\":[{\"@type\":\"ListItem\",\"position\":1,\"name\":\"Dom\u016f\",\"item\":\"https:\\\/\\\/www.nova-trojka.cz\\\/\"},{\"@type\":\"ListItem\",\"position\":2,\"name\":\"O n\u00e1s\",\"item\":\"https:\\\/\\\/www.nova-trojka.cz\\\/index.php\\\/o-nas\\\/\"},{\"@type\":\"ListItem\",\"position\":3,\"name\":\"Dobrovoln\u00edci\"}]},{\"@type\":\"WebSite\",\"@id\":\"https:\\\/\\\/www.nova-trojka.cz\\\/#website\",\"url\":\"https:\\\/\\\/www.nova-trojka.cz\\\/\",\"name\":\"Nov\u00e1 Trojka\",\"description\":\"Rodinn\u00e9 a kulturn\u00ed centrum Nov\u00e1 Trojka nab\u00edz\u00ed p\u0159\u00e1telsk\u00fd, bezpe\u010dn\u00fd a inspirativn\u00ed prostor pro celou rodinu.\",\"publisher\":{\"@id\":\"https:\\\/\\\/www.nova-trojka.cz\\\/#organization\"},\"potentialAction\":[{\"@type\":\"SearchAction\",\"target\":{\"@type\":\"EntryPoint\",\"urlTemplate\":\"https:\\\/\\\/www.nova-trojka.cz\\\/?s={search_term_string}\"},\"query-input\":{\"@type\":\"PropertyValueSpecification\",\"valueRequired\":true,\"valueName\":\"search_term_string\"}}],\"inLanguage\":\"cs\"},{\"@type\":\"Organization\",\"@id\":\"https:\\\/\\\/www.nova-trojka.cz\\\/#organization\",\"name\":\"NOV\u00c1 TROJKA, z.s.\",\"url\":\"https:\\\/\\\/www.nova-trojka.cz\\\/\",\"logo\":{\"@type\":\"ImageObject\",\"inLanguage\":\"cs\",\"@id\":\"https:\\\/\\\/www.nova-trojka.cz\\\/#\\\/schema\\\/logo\\\/image\\\/\",\"url\":\"https:\\\/\\\/www.nova-trojka.cz\\\/wp-content\\\/uploads\\\/2019\\\/05\\\/logotypN3.png\",\"contentUrl\":\"https:\\\/\\\/www.nova-trojka.cz\\\/wp-content\\\/uploads\\\/2019\\\/05\\\/logotypN3.png\",\"width\":640,\"height\":480,\"caption\":\"NOV\u00c1 TROJKA, z.s.\"},\"image\":{\"@id\":\"https:\\\/\\\/www.nova-trojka.cz\\\/#\\\/schema\\\/logo\\\/image\\\/\"},\"sameAs\":[\"https:\\\/\\\/www.facebook.com\\\/novatrojka\\\/\",\"https:\\\/\\\/www.instagram.com\\\/novatrojka\\\/\"]}]}<\/script>\n<!-- \/ Yoast SEO plugin. -->","yoast_head_json":{"title":"Dobrovoln\u00edci rodinn\u00e9ho centra Rodinn\u00e9 centrum Nov\u00e1 Trojka a jejich p\u0159\u00edb\u011bhy","description":"Kdo jsou na\u0161i dobrovoln\u00edci a pro\u010d se rozhodli pom\u00e1hat pr\u00e1v\u011b v na\u0161em rodinn\u00e9m centru Nov\u00e1 Trojka. P\u0159e\u010dt\u011bte si jejich p\u0159\u00edb\u011bhy.","robots":{"index":"index","follow":"follow","max-snippet":"max-snippet:-1","max-image-preview":"max-image-preview:large","max-video-preview":"max-video-preview:-1"},"canonical":"https:\/\/www.nova-trojka.cz\/index.php\/o-nas\/dobrovolnici\/","og_locale":"cs_CZ","og_type":"article","og_title":"Dobrovoln\u00edci rodinn\u00e9ho centra Rodinn\u00e9 centrum Nov\u00e1 Trojka a jejich p\u0159\u00edb\u011bhy","og_description":"Kdo jsou na\u0161i dobrovoln\u00edci a pro\u010d se rozhodli pom\u00e1hat pr\u00e1v\u011b v na\u0161em rodinn\u00e9m centru Nov\u00e1 Trojka. P\u0159e\u010dt\u011bte si jejich p\u0159\u00edb\u011bhy.","og_url":"https:\/\/www.nova-trojka.cz\/index.php\/o-nas\/dobrovolnici\/","og_site_name":"Rodinn\u00e9 centrum Nov\u00e1 Trojka","article_publisher":"https:\/\/www.facebook.com\/novatrojka\/","article_modified_time":"2025-01-20T10:22:45+00:00","og_image":[{"url":"http:\/\/www.nova-trojka.cz\/wp-content\/uploads\/2023\/07\/katerina-bukovska-241x300.jpg","type":"","width":"","height":""}],"twitter_card":"summary_large_image","twitter_misc":{"Odhadovan\u00e1 doba \u010dten\u00ed":"11 minut"},"schema":{"@context":"https:\/\/schema.org","@graph":[{"@type":"WebPage","@id":"https:\/\/www.nova-trojka.cz\/index.php\/o-nas\/dobrovolnici\/","url":"https:\/\/www.nova-trojka.cz\/index.php\/o-nas\/dobrovolnici\/","name":"Dobrovoln\u00edci rodinn\u00e9ho centra Rodinn\u00e9 centrum Nov\u00e1 Trojka a jejich p\u0159\u00edb\u011bhy","isPartOf":{"@id":"https:\/\/www.nova-trojka.cz\/#website"},"primaryImageOfPage":{"@id":"https:\/\/www.nova-trojka.cz\/index.php\/o-nas\/dobrovolnici\/#primaryimage"},"image":{"@id":"https:\/\/www.nova-trojka.cz\/index.php\/o-nas\/dobrovolnici\/#primaryimage"},"thumbnailUrl":"http:\/\/www.nova-trojka.cz\/wp-content\/uploads\/2023\/07\/katerina-bukovska-241x300.jpg","datePublished":"2019-06-19T17:52:27+00:00","dateModified":"2025-01-20T10:22:45+00:00","description":"Kdo jsou na\u0161i dobrovoln\u00edci a pro\u010d se rozhodli pom\u00e1hat pr\u00e1v\u011b v na\u0161em rodinn\u00e9m centru Nov\u00e1 Trojka. P\u0159e\u010dt\u011bte si jejich p\u0159\u00edb\u011bhy.","breadcrumb":{"@id":"https:\/\/www.nova-trojka.cz\/index.php\/o-nas\/dobrovolnici\/#breadcrumb"},"inLanguage":"cs","potentialAction":[{"@type":"ReadAction","target":["https:\/\/www.nova-trojka.cz\/index.php\/o-nas\/dobrovolnici\/"]}]},{"@type":"ImageObject","inLanguage":"cs","@id":"https:\/\/www.nova-trojka.cz\/index.php\/o-nas\/dobrovolnici\/#primaryimage","url":"http:\/\/www.nova-trojka.cz\/wp-content\/uploads\/2023\/07\/katerina-bukovska-241x300.jpg","contentUrl":"http:\/\/www.nova-trojka.cz\/wp-content\/uploads\/2023\/07\/katerina-bukovska-241x300.jpg"},{"@type":"BreadcrumbList","@id":"https:\/\/www.nova-trojka.cz\/index.php\/o-nas\/dobrovolnici\/#breadcrumb","itemListElement":[{"@type":"ListItem","position":1,"name":"Dom\u016f","item":"https:\/\/www.nova-trojka.cz\/"},{"@type":"ListItem","position":2,"name":"O n\u00e1s","item":"https:\/\/www.nova-trojka.cz\/index.php\/o-nas\/"},{"@type":"ListItem","position":3,"name":"Dobrovoln\u00edci"}]},{"@type":"WebSite","@id":"https:\/\/www.nova-trojka.cz\/#website","url":"https:\/\/www.nova-trojka.cz\/","name":"Nov\u00e1 Trojka","description":"Rodinn\u00e9 a kulturn\u00ed centrum Nov\u00e1 Trojka nab\u00edz\u00ed p\u0159\u00e1telsk\u00fd, bezpe\u010dn\u00fd a inspirativn\u00ed prostor pro celou rodinu.","publisher":{"@id":"https:\/\/www.nova-trojka.cz\/#organization"},"potentialAction":[{"@type":"SearchAction","target":{"@type":"EntryPoint","urlTemplate":"https:\/\/www.nova-trojka.cz\/?s={search_term_string}"},"query-input":{"@type":"PropertyValueSpecification","valueRequired":true,"valueName":"search_term_string"}}],"inLanguage":"cs"},{"@type":"Organization","@id":"https:\/\/www.nova-trojka.cz\/#organization","name":"NOV\u00c1 TROJKA, z.s.","url":"https:\/\/www.nova-trojka.cz\/","logo":{"@type":"ImageObject","inLanguage":"cs","@id":"https:\/\/www.nova-trojka.cz\/#\/schema\/logo\/image\/","url":"https:\/\/www.nova-trojka.cz\/wp-content\/uploads\/2019\/05\/logotypN3.png","contentUrl":"https:\/\/www.nova-trojka.cz\/wp-content\/uploads\/2019\/05\/logotypN3.png","width":640,"height":480,"caption":"NOV\u00c1 TROJKA, z.s."},"image":{"@id":"https:\/\/www.nova-trojka.cz\/#\/schema\/logo\/image\/"},"sameAs":["https:\/\/www.facebook.com\/novatrojka\/","https:\/\/www.instagram.com\/novatrojka\/"]}]}},"_links":{"self":[{"href":"https:\/\/www.nova-trojka.cz\/index.php\/wp-json\/wp\/v2\/pages\/1158","targetHints":{"allow":["GET"]}}],"collection":[{"href":"https:\/\/www.nova-trojka.cz\/index.php\/wp-json\/wp\/v2\/pages"}],"about":[{"href":"https:\/\/www.nova-trojka.cz\/index.php\/wp-json\/wp\/v2\/types\/page"}],"author":[{"embeddable":true,"href":"https:\/\/www.nova-trojka.cz\/index.php\/wp-json\/wp\/v2\/users\/2"}],"replies":[{"embeddable":true,"href":"https:\/\/www.nova-trojka.cz\/index.php\/wp-json\/wp\/v2\/comments?post=1158"}],"version-history":[{"count":103,"href":"https:\/\/www.nova-trojka.cz\/index.php\/wp-json\/wp\/v2\/pages\/1158\/revisions"}],"predecessor-version":[{"id":10325,"href":"https:\/\/www.nova-trojka.cz\/index.php\/wp-json\/wp\/v2\/pages\/1158\/revisions\/10325"}],"up":[{"embeddable":true,"href":"https:\/\/www.nova-trojka.cz\/index.php\/wp-json\/wp\/v2\/pages\/694"}],"wp:attachment":[{"href":"https:\/\/www.nova-trojka.cz\/index.php\/wp-json\/wp\/v2\/media?parent=1158"}],"curies":[{"name":"wp","href":"https:\/\/api.w.org\/{rel}","templated":true}]}}